{"id":305,"date":"2026-08-04T13:48:42","date_gmt":"2026-08-04T11:48:42","guid":{"rendered":"https:\/\/aecniger.org\/?page_id=305"},"modified":"2026-09-03T14:52:59","modified_gmt":"2026-09-03T12:52:59","slug":"publications","status":"publish","type":"page","link":"https:\/\/aecniger.org\/index.php\/publications\/","title":{"rendered":"publications"},"content":{"rendered":"\t\t<div data-elementor-type=\"wp-page\" data-elementor-id=\"305\" class=\"elementor elementor-305\">\n\t\t\t\t<div class=\"elementor-element elementor-element-91db7ac e-flex e-con-boxed e-con e-parent\" data-id=\"91db7ac\" data-element_type=\"container\" data-e-type=\"container\">\n\t\t\t\t\t<div class=\"e-con-inner\">\n\t\t\t\t<div class=\"elementor-element elementor-element-488a835 elementor-widget-divider--view-line_text elementor-widget-divider--element-align-left elementor-widget-divider--separator-type-pattern elementor-widget-divider--no-spacing elementor-widget elementor-widget-divider\" data-id=\"488a835\" data-element_type=\"widget\" data-e-type=\"widget\" data-widget_type=\"divider.default\">\n\t\t\t\t\t\t\t<div class=\"elementor-divider\" style=\"--divider-pattern-url: url(&quot;data:image\/svg+xml,%3Csvg xmlns=&#039;http:\/\/www.w3.org\/2000\/svg&#039; preserveAspectRatio=&#039;none&#039; overflow=&#039;visible&#039; height=&#039;100%&#039; viewBox=&#039;0 0 24 24&#039; fill=&#039;black&#039; stroke=&#039;none&#039;%3E%3Cpath d=&#039;M24,8v12H0V8H24z M24,4v1H0V4H24z&#039;\/%3E%3C\/svg%3E&quot;);\">\n\t\t\t<span class=\"elementor-divider-separator\">\n\t\t\t\t\t\t\t<span class=\"elementor-divider__text elementor-divider__element\">\n\t\t\t\tNos publications\t\t\t\t<\/span>\n\t\t\t\t\t\t<\/span>\n\t\t<\/div>\n\t\t\t\t\t\t<\/div>\n\t\t\t\t\t<\/div>\n\t\t\t\t<\/div>\n\t\t<div class=\"elementor-element elementor-element-92af1d8 e-flex e-con-boxed e-con e-parent\" data-id=\"92af1d8\" data-element_type=\"container\" data-e-type=\"container\">\n\t\t\t\t\t<div class=\"e-con-inner\">\n\t\t\t\t<div class=\"elementor-element elementor-element-12230fc elementor-widget elementor-widget-shortcode\" data-id=\"12230fc\" data-element_type=\"widget\" data-e-type=\"widget\" data-widget_type=\"shortcode.default\">\n\t\t\t\t\t\t\t<div class=\"elementor-shortcode\">\t\t<div class=\"filedeck\" id=\"fdk-795b5a9a-21cc-4304-b36f-bfcd3ae0918c\"\n\t\t\t\t\t\tdata-preset=\"match-theme\" \t\t\tdata-per-page=\"20\"\n\t\t\tdata-layout=\"table\"\n\t\t\tdata-fdk-ga=\"0\"\n\t\t\tdata-hovercard=\"1\"\n\t\t\tdata-loadmore=\"0\"\n\t\t\tdata-leads=\"0\"\n\t\t\t\t\t\t\t\t\t\t\t\t\t\t\t\t\t\t\t\t\tdata-empty-filtered=\"No documents match your search.\"\n\t\t\tdata-count-one=\"1 document\"\n\t\t\tdata-count-all=\"%d documents\"\n\t\t\tdata-count-some=\"%1$s of %2$s\"\n\t\t\t>\n\n\t\t\t\n\t\t\t<div class=\"fdk-controls\">\n\t\t\t\t<span class=\"fdk-search-field\">\n\t\t\t\t\t<svg class=\"fdk-search-icon\" viewBox=\"0 0 24 24\" width=\"15\" height=\"15\" fill=\"none\" stroke=\"currentColor\" stroke-width=\"2\" stroke-linecap=\"round\" stroke-linejoin=\"round\" focusable=\"false\" aria-hidden=\"true\"><circle cx=\"11\" cy=\"11\" r=\"8\"\/><path d=\"m21 21-4.35-4.35\"\/><\/svg>\n\t\t\t\t\t<input type=\"search\" class=\"fdk-search\"\n\t\t\t\t\t\tplaceholder=\"Search documents\u2026\"\n\t\t\t\t\t\taria-label=\"Search documents\" \/>\n\t\t\t\t\t<span class=\"fdk-search-spin\" aria-hidden=\"true\"><\/span>\n\t\t\t\t<\/span>\n\t\t\t\t\t\t\t\t\t\t\t<select class=\"fdk-filter-cat\" aria-label=\"Filter by category\">\n\t\t\t<option value=\"\">All categories<\/option>\n\t\t\t\t\t\t\t<option value=\"alimentation\">Alimentation<\/option>\n\t\t\t\t\t\t\t<option value=\"budget\">Budget<\/option>\n\t\t\t\t\t\t\t<option value=\"conflit-arme\">Conflit arm\u00e9<\/option>\n\t\t\t\t\t\t\t<option value=\"constitution\">Constitution<\/option>\n\t\t\t\t\t\t\t<option value=\"coup-detat\">Coup d\u2019\u00c9tat<\/option>\n\t\t\t\t\t\t\t<option value=\"crise-alimentaire\">Crise alimentaire<\/option>\n\t\t\t\t\t\t\t<option value=\"droit-a-lalimentation\">Droit \u00e0 l&#039;alimentation<\/option>\n\t\t\t\t\t\t\t<option value=\"droit-a-leau-potable\">Droit \u00e0 l&#039;eau potable<\/option>\n\t\t\t\t\t\t\t<option value=\"droit-a-leducation\">Droit \u00e0 l&#039;\u00e9ducation<\/option>\n\t\t\t\t\t\t\t<option value=\"droit-a-la-sante\">Droit \u00e0 la Sant\u00e9<\/option>\n\t\t\t\t\t\t\t<option value=\"democratie\">D\u00e9mocratie<\/option>\n\t\t\t\t\t\t\t<option value=\"education\">Education<\/option>\n\t\t\t\t\t\t\t<option value=\"etat-de-droit\">Etat de droit<\/option>\n\t\t\t\t\t\t\t<option value=\"genre\">Genre<\/option>\n\t\t\t\t\t\t\t<option value=\"journal\">Journal<\/option>\n\t\t\t\t\t\t\t<option value=\"politique\">Politique<\/option>\n\t\t\t\t\t\t\t<option value=\"publication\">Publication<\/option>\n\t\t\t\t\t\t\t<option value=\"referendum\">Referendum<\/option>\n\t\t\t\t\t\t\t<option value=\"sahel\">Sahel<\/option>\n\t\t\t\t\t\t\t<option value=\"sante\">Sant\u00e9<\/option>\n\t\t\t\t\t\t\t<option value=\"transition-militaire\">Transition militaire<\/option>\n\t\t\t\t\t<\/select>\n\t\t\t\t\t\t\t\t\t<select class=\"fdk-filter-tag\" aria-label=\"Filter by tag\">\n\t\t\t<option value=\"\">All tags<\/option>\n\t\t\t\t\t\t\t<option value=\"alimentation\">Alimentation<\/option>\n\t\t\t\t\t\t\t<option value=\"budget\">Budget<\/option>\n\t\t\t\t\t\t\t<option value=\"conflit-arme\">Conflit arm\u00e9<\/option>\n\t\t\t\t\t\t\t<option value=\"coup-detat-constitutionnel\">Coup d\u2019\u00c9tat constitutionnel<\/option>\n\t\t\t\t\t\t\t<option value=\"crise-alimentaire\">Crise alimentaire<\/option>\n\t\t\t\t\t\t\t<option value=\"droit-a-lalimentation\">Droit \u00e0 l&#039;alimentation<\/option>\n\t\t\t\t\t\t\t<option value=\"droit-a-leau-potable\">Droit \u00e0 l&#039;eau potable<\/option>\n\t\t\t\t\t\t\t<option value=\"droit-a-leducation\">Droit \u00e0 l&#039;\u00e9ducation<\/option>\n\t\t\t\t\t\t\t<option value=\"droit-a-la-sante\">Droit \u00e0 la Sant\u00e9<\/option>\n\t\t\t\t\t\t\t<option value=\"democratie\">D\u00e9mocratie<\/option>\n\t\t\t\t\t\t\t<option value=\"education\">Education<\/option>\n\t\t\t\t\t\t\t<option value=\"etat-de-droit\">Etat de droit<\/option>\n\t\t\t\t\t\t\t<option value=\"faim\">Faim<\/option>\n\t\t\t\t\t\t\t<option value=\"financement\">Financement<\/option>\n\t\t\t\t\t\t\t<option value=\"genre\">Genre<\/option>\n\t\t\t\t\t\t\t<option value=\"niamey\">Niamey<\/option>\n\t\t\t\t\t\t\t<option value=\"politique\">Politique<\/option>\n\t\t\t\t\t\t\t<option value=\"prix\">Prix<\/option>\n\t\t\t\t\t\t\t<option value=\"referendum\">R\u00e9f\u00e9rendum<\/option>\n\t\t\t\t\t\t\t<option value=\"sahel\">Sahel<\/option>\n\t\t\t\t\t\t\t<option value=\"sante\">Sant\u00e9<\/option>\n\t\t\t\t\t\t\t<option value=\"soins\">Soins<\/option>\n\t\t\t\t\t\t\t<option value=\"transition\">Transition<\/option>\n\t\t\t\t\t\t\t<option value=\"transition-militaire\">Transition militaire<\/option>\n\t\t\t\t\t\t\t<option value=\"journal\">journal<\/option>\n\t\t\t\t\t<\/select>\n\t\t\t\t\t\t\t\t\t\t\t\t\t\t\t\t\t\t\t<span class=\"fdk-count\" aria-live=\"polite\"><\/span>\n\t\t\t<\/div>\n\n\t\t\t\n\t\t\t\t\t<table class=\"fdk-table\">\n\t\t\t<thead>\n\t\t\t\t<tr>\n\t\t\t\t\t\t\t\t\t\t\t<th scope=\"col\" data-col=\"id\"\n\t\t\t\t\t\t\t\t\t\t\t\t\t\t\tclass=\"fdk-sortable\" tabindex=\"0\" role=\"button\" aria-sort=\"none\"\n\t\t\t\t\t\t\t>\n\t\t\t\t\t\t\tID\t\t\t\t\t\t<\/th>\n\t\t\t\t\t\t\t\t\t\t\t<th scope=\"col\" data-col=\"image\"\n\t\t\t\t\t\t\t>\n\t\t\t\t\t\t\tImage\t\t\t\t\t\t<\/th>\n\t\t\t\t\t\t\t\t\t\t\t<th scope=\"col\" data-col=\"title\"\n\t\t\t\t\t\t\t\t\t\t\t\t\t\t\tclass=\"fdk-sortable\" tabindex=\"0\" role=\"button\" aria-sort=\"none\"\n\t\t\t\t\t\t\t>\n\t\t\t\t\t\t\tTitle\t\t\t\t\t\t<\/th>\n\t\t\t\t\t\t\t\t\t\t\t<th scope=\"col\" data-col=\"excerpt\"\n\t\t\t\t\t\t\t>\n\t\t\t\t\t\t\tSummary\t\t\t\t\t\t<\/th>\n\t\t\t\t\t\t\t\t\t\t\t<th scope=\"col\" data-col=\"categories\"\n\t\t\t\t\t\t\t>\n\t\t\t\t\t\t\tCategories\t\t\t\t\t\t<\/th>\n\t\t\t\t\t\t\t\t\t\t\t<th scope=\"col\" data-col=\"date\"\n\t\t\t\t\t\t\t\t\t\t\t\t\t\t\tclass=\"fdk-sortable\" tabindex=\"0\" role=\"button\" aria-sort=\"none\"\n\t\t\t\t\t\t\t>\n\t\t\t\t\t\t\tDate\t\t\t\t\t\t<\/th>\n\t\t\t\t\t\t\t\t\t\t\t<th scope=\"col\" data-col=\"size\"\n\t\t\t\t\t\t\t\t\t\t\t\t\t\t\tclass=\"fdk-sortable\" tabindex=\"0\" role=\"button\" aria-sort=\"none\"\n\t\t\t\t\t\t\t>\n\t\t\t\t\t\t\tSize\t\t\t\t\t\t<\/th>\n\t\t\t\t\t\t\t\t\t\t\t<th scope=\"col\" data-col=\"type\"\n\t\t\t\t\t\t\t\t\t\t\t\t\t\t\tclass=\"fdk-sortable\" tabindex=\"0\" role=\"button\" aria-sort=\"none\"\n\t\t\t\t\t\t\t>\n\t\t\t\t\t\t\tType\t\t\t\t\t\t<\/th>\n\t\t\t\t\t\t\t\t\t\t\t<th scope=\"col\" data-col=\"downloads\"\n\t\t\t\t\t\t\t\t\t\t\t\t\t\t\tclass=\"fdk-sortable\" tabindex=\"0\" role=\"button\" aria-sort=\"none\"\n\t\t\t\t\t\t\t>\n\t\t\t\t\t\t\tDownloads\t\t\t\t\t\t<\/th>\n\t\t\t\t\t\t\t\t\t\t\t<th scope=\"col\" data-col=\"link\"\n\t\t\t\t\t\t\t>\n\t\t\t\t\t\t\tDownload\t\t\t\t\t\t<\/th>\n\t\t\t\t\t\t\t\t\t<\/tr>\n\t\t\t<\/thead>\n\t\t\t<tbody>\n\t\t\t\t\t\t\t<tr data-id=\"374\"\n\t\t\t\tdata-cats=\"alimentation publication\"\n\t\t\t\tdata-tags=\"alimentation\">\n\t\t\t\t\t\t\t\t\t<td data-col=\"id\" data-label=\"ID\" data-sort=\"374\">\n\t\t\t\t\t\t374\t\t\t\t\t<\/td>\n\t\t\t\t\t\t\t\t\t<td data-col=\"image\" data-label=\"Image\" data-sort=\"\">\n\t\t\t\t\t\t<a class=\"fdk-img-zoom\" href=\"https:\/\/aecniger.org\/wp-content\/uploads\/2026\/07\/Agir-en-faveur-du-droit-a-l-alimentation-Copie.jpg\" aria-label=\"View image: Agir en faveur du droit \u00e0 l&#8217;alimentation\"><img loading=\"lazy\" decoding=\"async\" width=\"140\" height=\"182\" data-src=\"https:\/\/aecniger.org\/wp-content\/uploads\/2026\/07\/Agir-en-faveur-du-droit-a-l-alimentation-Copie.jpg\" src=\"\/\/www.w3.org\/2000\/svg&apos; width=&apos;10&apos; height=&apos;10&apos;\/%3E\" class=\"wpnd-mhpro-lazy lazyload fdk-tile-thumb wp-post-image\" alt=\"\" loading=\"lazy\" \/><\/a>\t\t\t\t\t<\/td>\n\t\t\t\t\t\t\t\t\t<td data-col=\"title\" data-label=\"Title\" data-sort=\"agir en faveur du droit \u00e0 l&#8217;alimentation\">\n\t\t\t\t\t\t<a href=\"https:\/\/aecniger.org\/index.php\/document\/agir-en-faveur-du-droit-a-lalimentation\/\">Agir en faveur du droit \u00e0 l&#8217;alimentation<\/a>\t\t\t\t\t<\/td>\n\t\t\t\t\t\t\t\t\t<td data-col=\"excerpt\" data-label=\"Summary\" data-sort=\"guide d\u2019information et d\u2019action \u00c0 l\u2019attention des acteurs de la soci\u00c9t\u00c9 civile sah\u00c9lienne\nauteurs\nsaidou arji\nmoussa tchangari\nrelecture\nabdourahamane ousmane\nbadi\u00e9 hima\ngraphisme de couverture\nwilfrid mama\noctobre 2008\">\n\t\t\t\t\t\tGUIDE D\u2019INFORMATION ET D\u2019ACTION \u00c0 L\u2019ATTENTION DES ACTEURS DE LA SOCI\u00c9T\u00c9 CIVILE SAH\u00c9LIENNE\nAuteurs\nSaidou Arji\nMoussa Tchangari\nRelecture\nAbdourahamane Ousmane\nBadi\u00e9 Hima\nGraphisme de couverture\nWilfrid Mama\nOctobre 2008\t\t\t\t\t<\/td>\n\t\t\t\t\t\t\t\t\t<td data-col=\"categories\" data-label=\"Categories\" data-sort=\"\">\n\t\t\t\t\t\t<a href=\"https:\/\/aecniger.org\/index.php\/document-category\/alimentation\/\" class=\"fdk-cat fdk-cat-link\" data-cat=\"alimentation\">Alimentation<\/a> <a href=\"https:\/\/aecniger.org\/index.php\/document-category\/publication\/\" class=\"fdk-cat fdk-cat-link\" data-cat=\"publication\">Publication<\/a>\t\t\t\t\t<\/td>\n\t\t\t\t\t\t\t\t\t<td data-col=\"date\" data-label=\"Date\" data-sort=\"2026-08-05\">\n\t\t\t\t\t\t5 August 2026\t\t\t\t\t<\/td>\n\t\t\t\t\t\t\t\t\t<td data-col=\"size\" data-label=\"Size\" data-sort=\"879739\">\n\t\t\t\t\t\t859 KB\t\t\t\t\t<\/td>\n\t\t\t\t\t\t\t\t\t<td data-col=\"type\" data-label=\"Type\" data-sort=\"pdf\">\n\t\t\t\t\t\t<span class=\"fdk-badge\">PDF<\/span>\t\t\t\t\t<\/td>\n\t\t\t\t\t\t\t\t\t<td data-col=\"downloads\" data-label=\"Downloads\" data-sort=\"3\">\n\t\t\t\t\t\t3\t\t\t\t\t<\/td>\n\t\t\t\t\t\t\t\t\t<td data-col=\"link\" data-label=\"Download\" data-sort=\"\">\n\t\t\t\t\t\t<a class=\"fdk-dl fdk-dl-button\" href=\"https:\/\/aecniger.org\/index.php\/wp-json\/filedeck\/v1\/download\/374\" data-doc=\"374\" data-title=\"Agir en faveur du droit \u00e0 l&#8217;alimentation\"><svg class=\"fdk-dl-icon\" viewBox=\"0 0 24 24\" width=\"14\" height=\"14\" fill=\"none\" stroke=\"currentColor\" stroke-width=\"2\" stroke-linecap=\"round\" stroke-linejoin=\"round\" style=\"vertical-align:-0.15em\" focusable=\"false\" aria-hidden=\"true\"><path d=\"M21 15v4a2 2 0 0 1-2 2H5a2 2 0 0 1-2-2v-4\"\/><path d=\"m7 10 5 5 5-5\"\/><path d=\"M12 15V3\"\/><\/svg> Download<\/a>\t\t\t\t\t<\/td>\n\t\t\t\t\t\t\t<\/tr>\n\t\t\t\t\t\t<tr data-id=\"483\"\n\t\t\t\tdata-cats=\"journal\"\n\t\t\t\tdata-tags=\"journal\">\n\t\t\t\t\t\t\t\t\t<td data-col=\"id\" data-label=\"ID\" data-sort=\"483\">\n\t\t\t\t\t\t483\t\t\t\t\t<\/td>\n\t\t\t\t\t\t\t\t\t<td data-col=\"image\" data-label=\"Image\" data-sort=\"\">\n\t\t\t\t\t\t<a class=\"fdk-img-zoom\" href=\"https:\/\/aecniger.org\/wp-content\/uploads\/2026\/08\/journal-num-409.jpg\" aria-label=\"View image: REMANIEMENT DU GOUVERNEMENT : Rien \u00e0 attendre !\"><img loading=\"lazy\" decoding=\"async\" width=\"212\" height=\"300\" data-src=\"https:\/\/aecniger.org\/wp-content\/uploads\/2026\/08\/journal-num-409-212x300.jpg\" src=\"\/\/www.w3.org\/2000\/svg&apos; width=&apos;10&apos; height=&apos;10&apos;\/%3E\" class=\"wpnd-mhpro-lazy lazyload fdk-tile-thumb wp-post-image\" alt=\"\" loading=\"lazy\" \/><\/a>\t\t\t\t\t<\/td>\n\t\t\t\t\t\t\t\t\t<td data-col=\"title\" data-label=\"Title\" data-sort=\"remaniement du gouvernement : rien \u00e0 attendre !\">\n\t\t\t\t\t\t<a href=\"https:\/\/aecniger.org\/index.php\/document\/remaniement-du-gouvernement-rien-a-attendre\/\">REMANIEMENT DU GOUVERNEMENT : Rien \u00e0 attendre !<\/a>\t\t\t\t\t<\/td>\n\t\t\t\t\t\t\t\t\t<td data-col=\"excerpt\" data-label=\"Summary\" data-sort=\"\">\n\t\t\t\t\t\t\t\t\t\t\t<\/td>\n\t\t\t\t\t\t\t\t\t<td data-col=\"categories\" data-label=\"Categories\" data-sort=\"\">\n\t\t\t\t\t\t<a href=\"https:\/\/aecniger.org\/index.php\/document-category\/journal\/\" class=\"fdk-cat fdk-cat-link\" data-cat=\"journal\">Journal<\/a>\t\t\t\t\t<\/td>\n\t\t\t\t\t\t\t\t\t<td data-col=\"date\" data-label=\"Date\" data-sort=\"2013-07-09\">\n\t\t\t\t\t\t9 July 2013\t\t\t\t\t<\/td>\n\t\t\t\t\t\t\t\t\t<td data-col=\"size\" data-label=\"Size\" data-sort=\"379218\">\n\t\t\t\t\t\t370 KB\t\t\t\t\t<\/td>\n\t\t\t\t\t\t\t\t\t<td data-col=\"type\" data-label=\"Type\" data-sort=\"pdf\">\n\t\t\t\t\t\t<span class=\"fdk-badge\">PDF<\/span>\t\t\t\t\t<\/td>\n\t\t\t\t\t\t\t\t\t<td data-col=\"downloads\" data-label=\"Downloads\" data-sort=\"3\">\n\t\t\t\t\t\t3\t\t\t\t\t<\/td>\n\t\t\t\t\t\t\t\t\t<td data-col=\"link\" data-label=\"Download\" data-sort=\"\">\n\t\t\t\t\t\t<a class=\"fdk-dl fdk-dl-button\" href=\"https:\/\/aecniger.org\/index.php\/wp-json\/filedeck\/v1\/download\/483\" data-doc=\"483\" data-title=\"REMANIEMENT DU GOUVERNEMENT : Rien \u00e0 attendre !\"><svg class=\"fdk-dl-icon\" viewBox=\"0 0 24 24\" width=\"14\" height=\"14\" fill=\"none\" stroke=\"currentColor\" stroke-width=\"2\" stroke-linecap=\"round\" stroke-linejoin=\"round\" style=\"vertical-align:-0.15em\" focusable=\"false\" aria-hidden=\"true\"><path d=\"M21 15v4a2 2 0 0 1-2 2H5a2 2 0 0 1-2-2v-4\"\/><path d=\"m7 10 5 5 5-5\"\/><path d=\"M12 15V3\"\/><\/svg> Download<\/a>\t\t\t\t\t<\/td>\n\t\t\t\t\t\t\t<\/tr>\n\t\t\t\t\t\t<tr data-id=\"425\"\n\t\t\t\tdata-cats=\"budget genre publication\"\n\t\t\t\tdata-tags=\"budget genre\">\n\t\t\t\t\t\t\t\t\t<td data-col=\"id\" data-label=\"ID\" data-sort=\"425\">\n\t\t\t\t\t\t425\t\t\t\t\t<\/td>\n\t\t\t\t\t\t\t\t\t<td data-col=\"image\" data-label=\"Image\" data-sort=\"\">\n\t\t\t\t\t\t<a class=\"fdk-img-zoom\" href=\"https:\/\/aecniger.org\/wp-content\/uploads\/2026\/08\/Introduire-le-genre-dans-les-processus-budgetaires-locaux-au-Niger.jpg\" aria-label=\"View image: Introduire le genre dans les processus budg\u00e9taires locaux\"><img loading=\"lazy\" decoding=\"async\" width=\"300\" height=\"300\" data-src=\"https:\/\/aecniger.org\/wp-content\/uploads\/2026\/08\/Introduire-le-genre-dans-les-processus-budgetaires-locaux-au-Niger-300x300.jpg\" src=\"\/\/www.w3.org\/2000\/svg&apos; width=&apos;10&apos; height=&apos;10&apos;\/%3E\" class=\"wpnd-mhpro-lazy lazyload fdk-tile-thumb wp-post-image\" alt=\"\" loading=\"lazy\" \/><\/a>\t\t\t\t\t<\/td>\n\t\t\t\t\t\t\t\t\t<td data-col=\"title\" data-label=\"Title\" data-sort=\"introduire le genre dans les processus budg\u00e9taires locaux\">\n\t\t\t\t\t\t<a href=\"https:\/\/aecniger.org\/index.php\/document\/introduire-le-genre-dans-les-processus-budgetaires-locaux\/\">Introduire le genre dans les processus budg\u00e9taires locaux<\/a>\t\t\t\t\t<\/td>\n\t\t\t\t\t\t\t\t\t<td data-col=\"excerpt\" data-label=\"Summary\" data-sort=\"depuis 2006, l\u2019associa@on alterna@ve espaces citoyens travaille sur les processus\nbudg\u00e9taires na@onaux et locaux avec l\u2019ambi@on de contribuer, par le biais de l\u2019analyse et du suivi budg\u00e9taires, \u00e0 la r\u00e9alisa@on des droits \u00e9conomiques, sociaux et culturels consacr\u00e9s par les instruments juridiques interna@onaux, r\u00e9gionaux et\nna@onaux. le pr\u00e9sent guide a \u00e9t\u00e9 ini@\u00e9 dans le cadre du projet \u00ab promo2on de la\npar2cipa2on citoyenne des femmes aux processus budg\u00e9taires locaux au niger \u00bb,\nfinanc\u00e9 par le fonds des na@ons unies pour la d\u00e9mocra@e (fnud).\">\n\t\t\t\t\t\tDepuis 2006, l\u2019associa@on Alterna@ve Espaces Citoyens travaille sur les processus\nbudg\u00e9taires na@onaux et locaux avec l\u2019ambi@on de contribuer, par le biais de l\u2019analyse et du suivi budg\u00e9taires, \u00e0 la r\u00e9alisa@on des droits \u00e9conomiques, sociaux et culturels consacr\u00e9s par les instruments juridiques interna@onaux, r\u00e9gionaux et\nna@onaux. Le pr\u00e9sent guide a \u00e9t\u00e9 ini@\u00e9 dans le cadre du projet \u00ab Promo2on de la\nPar2cipa2on Citoyenne des Femmes aux Processus Budg\u00e9taires Locaux au Niger \u00bb,\nfinanc\u00e9 par le Fonds des Na@ons Unies pour la D\u00e9mocra@e (FNUD).\t\t\t\t\t<\/td>\n\t\t\t\t\t\t\t\t\t<td data-col=\"categories\" data-label=\"Categories\" data-sort=\"\">\n\t\t\t\t\t\t<a href=\"https:\/\/aecniger.org\/index.php\/document-category\/budget\/\" class=\"fdk-cat fdk-cat-link\" data-cat=\"budget\">Budget<\/a> <a href=\"https:\/\/aecniger.org\/index.php\/document-category\/genre\/\" class=\"fdk-cat fdk-cat-link\" data-cat=\"genre\">Genre<\/a> <a href=\"https:\/\/aecniger.org\/index.php\/document-category\/publication\/\" class=\"fdk-cat fdk-cat-link\" data-cat=\"publication\">Publication<\/a>\t\t\t\t\t<\/td>\n\t\t\t\t\t\t\t\t\t<td data-col=\"date\" data-label=\"Date\" data-sort=\"2013-07-07\">\n\t\t\t\t\t\t7 July 2013\t\t\t\t\t<\/td>\n\t\t\t\t\t\t\t\t\t<td data-col=\"size\" data-label=\"Size\" data-sort=\"3778288\">\n\t\t\t\t\t\t3.6 MB\t\t\t\t\t<\/td>\n\t\t\t\t\t\t\t\t\t<td data-col=\"type\" data-label=\"Type\" data-sort=\"pdf\">\n\t\t\t\t\t\t<span class=\"fdk-badge\">PDF<\/span>\t\t\t\t\t<\/td>\n\t\t\t\t\t\t\t\t\t<td data-col=\"downloads\" data-label=\"Downloads\" data-sort=\"1\">\n\t\t\t\t\t\t1\t\t\t\t\t<\/td>\n\t\t\t\t\t\t\t\t\t<td data-col=\"link\" data-label=\"Download\" data-sort=\"\">\n\t\t\t\t\t\t<a class=\"fdk-dl fdk-dl-button\" href=\"https:\/\/aecniger.org\/index.php\/wp-json\/filedeck\/v1\/download\/425\" data-doc=\"425\" data-title=\"Introduire le genre dans les processus budg\u00e9taires locaux\"><svg class=\"fdk-dl-icon\" viewBox=\"0 0 24 24\" width=\"14\" height=\"14\" fill=\"none\" stroke=\"currentColor\" stroke-width=\"2\" stroke-linecap=\"round\" stroke-linejoin=\"round\" style=\"vertical-align:-0.15em\" focusable=\"false\" aria-hidden=\"true\"><path d=\"M21 15v4a2 2 0 0 1-2 2H5a2 2 0 0 1-2-2v-4\"\/><path d=\"m7 10 5 5 5-5\"\/><path d=\"M12 15V3\"\/><\/svg> Download<\/a>\t\t\t\t\t<\/td>\n\t\t\t\t\t\t\t<\/tr>\n\t\t\t\t\t\t<tr data-id=\"479\"\n\t\t\t\tdata-cats=\"journal\"\n\t\t\t\tdata-tags=\"journal\">\n\t\t\t\t\t\t\t\t\t<td data-col=\"id\" data-label=\"ID\" data-sort=\"479\">\n\t\t\t\t\t\t479\t\t\t\t\t<\/td>\n\t\t\t\t\t\t\t\t\t<td data-col=\"image\" data-label=\"Image\" data-sort=\"\">\n\t\t\t\t\t\t<a class=\"fdk-img-zoom\" href=\"https:\/\/aecniger.org\/wp-content\/uploads\/2026\/08\/journal-num-408.jpg\" aria-label=\"View image: ATTENTATS \u00c0 AGADEZ ET ARLIT : Le prix d\u2019un discours belliqueux !\"><img loading=\"lazy\" decoding=\"async\" width=\"210\" height=\"300\" data-src=\"https:\/\/aecniger.org\/wp-content\/uploads\/2026\/08\/journal-num-408-210x300.jpg\" src=\"\/\/www.w3.org\/2000\/svg&apos; width=&apos;10&apos; height=&apos;10&apos;\/%3E\" class=\"wpnd-mhpro-lazy lazyload fdk-tile-thumb wp-post-image\" alt=\"\" loading=\"lazy\" \/><\/a>\t\t\t\t\t<\/td>\n\t\t\t\t\t\t\t\t\t<td data-col=\"title\" data-label=\"Title\" data-sort=\"attentats \u00c0 agadez et arlit : le prix d\u2019un discours belliqueux !\">\n\t\t\t\t\t\t<a href=\"https:\/\/aecniger.org\/index.php\/document\/attentats-a-agadez-et-arlit-le-prix-dun-discours-belliqueux\/\">ATTENTATS \u00c0 AGADEZ ET ARLIT : Le prix d\u2019un discours belliqueux !<\/a>\t\t\t\t\t<\/td>\n\t\t\t\t\t\t\t\t\t<td data-col=\"excerpt\" data-label=\"Summary\" data-sort=\"\">\n\t\t\t\t\t\t\t\t\t\t\t<\/td>\n\t\t\t\t\t\t\t\t\t<td data-col=\"categories\" data-label=\"Categories\" data-sort=\"\">\n\t\t\t\t\t\t<a href=\"https:\/\/aecniger.org\/index.php\/document-category\/journal\/\" class=\"fdk-cat fdk-cat-link\" data-cat=\"journal\">Journal<\/a>\t\t\t\t\t<\/td>\n\t\t\t\t\t\t\t\t\t<td data-col=\"date\" data-label=\"Date\" data-sort=\"2013-05-30\">\n\t\t\t\t\t\t30 May 2013\t\t\t\t\t<\/td>\n\t\t\t\t\t\t\t\t\t<td data-col=\"size\" data-label=\"Size\" data-sort=\"620382\">\n\t\t\t\t\t\t606 KB\t\t\t\t\t<\/td>\n\t\t\t\t\t\t\t\t\t<td data-col=\"type\" data-label=\"Type\" data-sort=\"pdf\">\n\t\t\t\t\t\t<span class=\"fdk-badge\">PDF<\/span>\t\t\t\t\t<\/td>\n\t\t\t\t\t\t\t\t\t<td data-col=\"downloads\" data-label=\"Downloads\" data-sort=\"1\">\n\t\t\t\t\t\t1\t\t\t\t\t<\/td>\n\t\t\t\t\t\t\t\t\t<td data-col=\"link\" data-label=\"Download\" data-sort=\"\">\n\t\t\t\t\t\t<a class=\"fdk-dl fdk-dl-button\" href=\"https:\/\/aecniger.org\/index.php\/wp-json\/filedeck\/v1\/download\/479\" data-doc=\"479\" data-title=\"ATTENTATS \u00c0 AGADEZ ET ARLIT : Le prix d\u2019un discours belliqueux !\"><svg class=\"fdk-dl-icon\" viewBox=\"0 0 24 24\" width=\"14\" height=\"14\" fill=\"none\" stroke=\"currentColor\" stroke-width=\"2\" stroke-linecap=\"round\" stroke-linejoin=\"round\" style=\"vertical-align:-0.15em\" focusable=\"false\" aria-hidden=\"true\"><path d=\"M21 15v4a2 2 0 0 1-2 2H5a2 2 0 0 1-2-2v-4\"\/><path d=\"m7 10 5 5 5-5\"\/><path d=\"M12 15V3\"\/><\/svg> Download<\/a>\t\t\t\t\t<\/td>\n\t\t\t\t\t\t\t<\/tr>\n\t\t\t\t\t\t<tr data-id=\"429\"\n\t\t\t\tdata-cats=\"alimentation droit-a-lalimentation publication\"\n\t\t\t\tdata-tags=\"crise-alimentaire droit-a-lalimentation\">\n\t\t\t\t\t\t\t\t\t<td data-col=\"id\" data-label=\"ID\" data-sort=\"429\">\n\t\t\t\t\t\t429\t\t\t\t\t<\/td>\n\t\t\t\t\t\t\t\t\t<td data-col=\"image\" data-label=\"Image\" data-sort=\"\">\n\t\t\t\t\t\t<a class=\"fdk-img-zoom\" href=\"https:\/\/aecniger.org\/wp-content\/uploads\/2026\/08\/Droit_Alimentation_a_L_Epreuve_des_Crises.jpg\" aria-label=\"View image: Le Droit \u00e0 l&#8217;alimentation \u00e0 l&#8217;\u00e9preuve des crises alimentaires\"><img loading=\"lazy\" decoding=\"async\" width=\"230\" height=\"300\" data-src=\"https:\/\/aecniger.org\/wp-content\/uploads\/2026\/08\/Droit_Alimentation_a_L_Epreuve_des_Crises-230x300.jpg\" src=\"\/\/www.w3.org\/2000\/svg&apos; width=&apos;10&apos; height=&apos;10&apos;\/%3E\" class=\"wpnd-mhpro-lazy lazyload fdk-tile-thumb wp-post-image\" alt=\"\" loading=\"lazy\" \/><\/a>\t\t\t\t\t<\/td>\n\t\t\t\t\t\t\t\t\t<td data-col=\"title\" data-label=\"Title\" data-sort=\"le droit \u00e0 l&#8217;alimentation \u00e0 l&#8217;\u00e9preuve des crises alimentaires\">\n\t\t\t\t\t\t<a href=\"https:\/\/aecniger.org\/index.php\/document\/le-droit-a-lalimentation-a-lepreuve-des-crises-alimentaires\/\">Le Droit \u00e0 l&#8217;alimentation \u00e0 l&#8217;\u00e9preuve des crises alimentaires<\/a>\t\t\t\t\t<\/td>\n\t\t\t\t\t\t\t\t\t<td data-col=\"excerpt\" data-label=\"Summary\" data-sort=\"au cours de l\u2019ann\u00e9e 2012, le niger a enregistr\u00e9, pour la troisi\u00e8me fois en l\u2019espace d\u2019une d\u00e9cennie, une crise alimentaire affectant une proportion de la population\nsup\u00e9rieure \u00e0 trois (3) millions de personnes. les r\u00e9sultats de l\u2019enqu\u00eate sur la vuln\u00e9-\nrabilit\u00e9 des m\u00e9nages \u00e0 l\u2019ins\u00e9curit\u00e9 alimentaire, conduite en novembre 2011 par le\ncc\/sap et l\u2019ins, indiquaient que 34,9% des m\u00e9nages, soit 5 458 871 personnes,\n\u00e9taient dans une situation d\u2019ins\u00e9curit\u00e9 alimentaire, dont 8,5% (1 324 435 personnes) en ins\u00e9curit\u00e9 alimentaire s\u00e9v\u00e8re et 26,4% (4 134 436 personnes) en ins\u00e9curit\u00e9\nalimentaire mod\u00e9r\u00e9e.\">\n\t\t\t\t\t\tAu cours de l\u2019ann\u00e9e 2012, le Niger a enregistr\u00e9, pour la troisi\u00e8me fois en l\u2019espace d\u2019une d\u00e9cennie, une crise alimentaire affectant une proportion de la population\nsup\u00e9rieure \u00e0 trois (3) millions de personnes. Les r\u00e9sultats de l\u2019enqu\u00eate sur la vuln\u00e9-\nrabilit\u00e9 des m\u00e9nages \u00e0 l\u2019ins\u00e9curit\u00e9 alimentaire, conduite en novembre 2011 par le\nCC\/SAP et l\u2019INS, indiquaient que 34,9% des m\u00e9nages, soit 5 458 871 personnes,\n\u00e9taient dans une situation d\u2019ins\u00e9curit\u00e9 alimentaire, dont 8,5% (1 324 435 personnes) en ins\u00e9curit\u00e9 alimentaire s\u00e9v\u00e8re et 26,4% (4 134 436 personnes) en ins\u00e9curit\u00e9\nalimentaire mod\u00e9r\u00e9e.\t\t\t\t\t<\/td>\n\t\t\t\t\t\t\t\t\t<td data-col=\"categories\" data-label=\"Categories\" data-sort=\"\">\n\t\t\t\t\t\t<a href=\"https:\/\/aecniger.org\/index.php\/document-category\/alimentation\/\" class=\"fdk-cat fdk-cat-link\" data-cat=\"alimentation\">Alimentation<\/a> <a href=\"https:\/\/aecniger.org\/index.php\/document-category\/droit-a-lalimentation\/\" class=\"fdk-cat fdk-cat-link\" data-cat=\"droit-a-lalimentation\">Droit \u00e0 l&#039;alimentation<\/a> <a href=\"https:\/\/aecniger.org\/index.php\/document-category\/publication\/\" class=\"fdk-cat fdk-cat-link\" data-cat=\"publication\">Publication<\/a>\t\t\t\t\t<\/td>\n\t\t\t\t\t\t\t\t\t<td data-col=\"date\" data-label=\"Date\" data-sort=\"2013-05-07\">\n\t\t\t\t\t\t7 May 2013\t\t\t\t\t<\/td>\n\t\t\t\t\t\t\t\t\t<td data-col=\"size\" data-label=\"Size\" data-sort=\"1206460\">\n\t\t\t\t\t\t1.2 MB\t\t\t\t\t<\/td>\n\t\t\t\t\t\t\t\t\t<td data-col=\"type\" data-label=\"Type\" data-sort=\"pdf\">\n\t\t\t\t\t\t<span class=\"fdk-badge\">PDF<\/span>\t\t\t\t\t<\/td>\n\t\t\t\t\t\t\t\t\t<td data-col=\"downloads\" data-label=\"Downloads\" data-sort=\"1\">\n\t\t\t\t\t\t1\t\t\t\t\t<\/td>\n\t\t\t\t\t\t\t\t\t<td data-col=\"link\" data-label=\"Download\" data-sort=\"\">\n\t\t\t\t\t\t<a class=\"fdk-dl fdk-dl-button\" href=\"https:\/\/aecniger.org\/index.php\/wp-json\/filedeck\/v1\/download\/429\" data-doc=\"429\" data-title=\"Le Droit \u00e0 l&#8217;alimentation \u00e0 l&#8217;\u00e9preuve des crises alimentaires\"><svg class=\"fdk-dl-icon\" viewBox=\"0 0 24 24\" width=\"14\" height=\"14\" fill=\"none\" stroke=\"currentColor\" stroke-width=\"2\" stroke-linecap=\"round\" stroke-linejoin=\"round\" style=\"vertical-align:-0.15em\" focusable=\"false\" aria-hidden=\"true\"><path d=\"M21 15v4a2 2 0 0 1-2 2H5a2 2 0 0 1-2-2v-4\"\/><path d=\"m7 10 5 5 5-5\"\/><path d=\"M12 15V3\"\/><\/svg> Download<\/a>\t\t\t\t\t<\/td>\n\t\t\t\t\t\t\t<\/tr>\n\t\t\t\t\t\t<tr data-id=\"473\"\n\t\t\t\tdata-cats=\"journal\"\n\t\t\t\tdata-tags=\"journal\">\n\t\t\t\t\t\t\t\t\t<td data-col=\"id\" data-label=\"ID\" data-sort=\"473\">\n\t\t\t\t\t\t473\t\t\t\t\t<\/td>\n\t\t\t\t\t\t\t\t\t<td data-col=\"image\" data-label=\"Image\" data-sort=\"\">\n\t\t\t\t\t\t<a class=\"fdk-img-zoom\" href=\"https:\/\/aecniger.org\/wp-content\/uploads\/2026\/08\/journal-num-400.jpg\" aria-label=\"View image: GESTION DES INONDATIONS : Le gouvernement navigue \u00e0 vue\"><img loading=\"lazy\" decoding=\"async\" width=\"214\" height=\"300\" data-src=\"https:\/\/aecniger.org\/wp-content\/uploads\/2026\/08\/journal-num-400-214x300.jpg\" src=\"\/\/www.w3.org\/2000\/svg&apos; width=&apos;10&apos; height=&apos;10&apos;\/%3E\" class=\"wpnd-mhpro-lazy lazyload fdk-tile-thumb wp-post-image\" alt=\"\" loading=\"lazy\" \/><\/a>\t\t\t\t\t<\/td>\n\t\t\t\t\t\t\t\t\t<td data-col=\"title\" data-label=\"Title\" data-sort=\"gestion des inondations : le gouvernement navigue \u00e0 vue\">\n\t\t\t\t\t\t<a href=\"https:\/\/aecniger.org\/index.php\/document\/gestion-des-inondations-le-gouvernement-navigue-a-vue\/\">GESTION DES INONDATIONS : Le gouvernement navigue \u00e0 vue<\/a>\t\t\t\t\t<\/td>\n\t\t\t\t\t\t\t\t\t<td data-col=\"excerpt\" data-label=\"Summary\" data-sort=\"\">\n\t\t\t\t\t\t\t\t\t\t\t<\/td>\n\t\t\t\t\t\t\t\t\t<td data-col=\"categories\" data-label=\"Categories\" data-sort=\"\">\n\t\t\t\t\t\t<a href=\"https:\/\/aecniger.org\/index.php\/document-category\/journal\/\" class=\"fdk-cat fdk-cat-link\" data-cat=\"journal\">Journal<\/a>\t\t\t\t\t<\/td>\n\t\t\t\t\t\t\t\t\t<td data-col=\"date\" data-label=\"Date\" data-sort=\"2012-08-31\">\n\t\t\t\t\t\t31 August 2012\t\t\t\t\t<\/td>\n\t\t\t\t\t\t\t\t\t<td data-col=\"size\" data-label=\"Size\" data-sort=\"402097\">\n\t\t\t\t\t\t393 KB\t\t\t\t\t<\/td>\n\t\t\t\t\t\t\t\t\t<td data-col=\"type\" data-label=\"Type\" data-sort=\"pdf\">\n\t\t\t\t\t\t<span class=\"fdk-badge\">PDF<\/span>\t\t\t\t\t<\/td>\n\t\t\t\t\t\t\t\t\t<td data-col=\"downloads\" data-label=\"Downloads\" data-sort=\"3\">\n\t\t\t\t\t\t3\t\t\t\t\t<\/td>\n\t\t\t\t\t\t\t\t\t<td data-col=\"link\" data-label=\"Download\" data-sort=\"\">\n\t\t\t\t\t\t<a class=\"fdk-dl fdk-dl-button\" href=\"https:\/\/aecniger.org\/index.php\/wp-json\/filedeck\/v1\/download\/473\" data-doc=\"473\" data-title=\"GESTION DES INONDATIONS : Le gouvernement navigue \u00e0 vue\"><svg class=\"fdk-dl-icon\" viewBox=\"0 0 24 24\" width=\"14\" height=\"14\" fill=\"none\" stroke=\"currentColor\" stroke-width=\"2\" stroke-linecap=\"round\" stroke-linejoin=\"round\" style=\"vertical-align:-0.15em\" focusable=\"false\" aria-hidden=\"true\"><path d=\"M21 15v4a2 2 0 0 1-2 2H5a2 2 0 0 1-2-2v-4\"\/><path d=\"m7 10 5 5 5-5\"\/><path d=\"M12 15V3\"\/><\/svg> Download<\/a>\t\t\t\t\t<\/td>\n\t\t\t\t\t\t\t<\/tr>\n\t\t\t\t\t\t<tr data-id=\"452\"\n\t\t\t\tdata-cats=\"crise-alimentaire publication\"\n\t\t\t\tdata-tags=\"crise-alimentaire\">\n\t\t\t\t\t\t\t\t\t<td data-col=\"id\" data-label=\"ID\" data-sort=\"452\">\n\t\t\t\t\t\t452\t\t\t\t\t<\/td>\n\t\t\t\t\t\t\t\t\t<td data-col=\"image\" data-label=\"Image\" data-sort=\"\">\n\t\t\t\t\t\t<a class=\"fdk-img-zoom\" href=\"https:\/\/aecniger.org\/wp-content\/uploads\/2026\/08\/Preveneir_et_gerer_les_Crises_alimentaires-au-Niger.jpg\" aria-label=\"View image: Pr\u00e9venir et g\u00e9rer les crises alimentaires au Niger\"><img loading=\"lazy\" decoding=\"async\" width=\"230\" height=\"300\" data-src=\"https:\/\/aecniger.org\/wp-content\/uploads\/2026\/08\/Preveneir_et_gerer_les_Crises_alimentaires-au-Niger-230x300.jpg\" src=\"\/\/www.w3.org\/2000\/svg&apos; width=&apos;10&apos; height=&apos;10&apos;\/%3E\" class=\"wpnd-mhpro-lazy lazyload fdk-tile-thumb wp-post-image\" alt=\"\" loading=\"lazy\" \/><\/a>\t\t\t\t\t<\/td>\n\t\t\t\t\t\t\t\t\t<td data-col=\"title\" data-label=\"Title\" data-sort=\"pr\u00e9venir et g\u00e9rer les crises alimentaires au niger\">\n\t\t\t\t\t\t<a href=\"https:\/\/aecniger.org\/index.php\/document\/prevenir-et-gerer-les-crises-alimentaires-au-niger\/\">Pr\u00e9venir et g\u00e9rer les crises alimentaires au Niger<\/a>\t\t\t\t\t<\/td>\n\t\t\t\t\t\t\t\t\t<td data-col=\"excerpt\" data-label=\"Summary\" data-sort=\"apr\u00e8s un processus consultatif engag\u00e9 en 2007, les ministres en charge de l\u2019agriculture et\nde l\u2019alimentation des pays membres de la cedeao, de la mauritanie et du tchad ont adopt\u00e9,\nle 17 novembre 2011, la charte pour la pr\u00e9vention et la gestion des crises alimentaires. cette\ncharte est une version r\u00e9vis\u00e9e de la charte de l\u2019aide alimentaire adopt\u00e9e en 1990 par les pays\nmembres du cilss et les donateurs membres du club du sahel. elle est un code de conduite\nengageant les gouvernements, les organisations inter-gouvernementales, les organisations de\nla soci\u00e9t\u00e9 civile et les partenaires techniques et financiers engag\u00e9s dans la pr\u00e9vention et la\ngestion des crises alimentaires.\">\n\t\t\t\t\t\tApr\u00e8s un processus consultatif engag\u00e9 en 2007, les ministres en charge de l\u2019Agriculture et\nde l\u2019alimentation des pays membres de la CEDEAO, de la Mauritanie et du Tchad ont adopt\u00e9,\nle 17 novembre 2011, la Charte pour la pr\u00e9vention et la gestion des crises alimentaires. Cette\nCharte est une version r\u00e9vis\u00e9e de la Charte de l\u2019aide alimentaire adopt\u00e9e en 1990 par les pays\nmembres du CILSS et les donateurs membres du Club du Sahel. Elle est un code de conduite\nengageant les gouvernements, les organisations inter-gouvernementales, les organisations de\nla soci\u00e9t\u00e9 civile et les partenaires techniques et financiers engag\u00e9s dans la pr\u00e9vention et la\ngestion des crises alimentaires.\t\t\t\t\t<\/td>\n\t\t\t\t\t\t\t\t\t<td data-col=\"categories\" data-label=\"Categories\" data-sort=\"\">\n\t\t\t\t\t\t<a href=\"https:\/\/aecniger.org\/index.php\/document-category\/crise-alimentaire\/\" class=\"fdk-cat fdk-cat-link\" data-cat=\"crise-alimentaire\">Crise alimentaire<\/a> <a href=\"https:\/\/aecniger.org\/index.php\/document-category\/publication\/\" class=\"fdk-cat fdk-cat-link\" data-cat=\"publication\">Publication<\/a>\t\t\t\t\t<\/td>\n\t\t\t\t\t\t\t\t\t<td data-col=\"date\" data-label=\"Date\" data-sort=\"2012-08-08\">\n\t\t\t\t\t\t8 August 2012\t\t\t\t\t<\/td>\n\t\t\t\t\t\t\t\t\t<td data-col=\"size\" data-label=\"Size\" data-sort=\"569567\">\n\t\t\t\t\t\t556 KB\t\t\t\t\t<\/td>\n\t\t\t\t\t\t\t\t\t<td data-col=\"type\" data-label=\"Type\" data-sort=\"pdf\">\n\t\t\t\t\t\t<span class=\"fdk-badge\">PDF<\/span>\t\t\t\t\t<\/td>\n\t\t\t\t\t\t\t\t\t<td data-col=\"downloads\" data-label=\"Downloads\" data-sort=\"1\">\n\t\t\t\t\t\t1\t\t\t\t\t<\/td>\n\t\t\t\t\t\t\t\t\t<td data-col=\"link\" data-label=\"Download\" data-sort=\"\">\n\t\t\t\t\t\t<a class=\"fdk-dl fdk-dl-button\" href=\"https:\/\/aecniger.org\/index.php\/wp-json\/filedeck\/v1\/download\/452\" data-doc=\"452\" data-title=\"Pr\u00e9venir et g\u00e9rer les crises alimentaires au Niger\"><svg class=\"fdk-dl-icon\" viewBox=\"0 0 24 24\" width=\"14\" height=\"14\" fill=\"none\" stroke=\"currentColor\" stroke-width=\"2\" stroke-linecap=\"round\" stroke-linejoin=\"round\" style=\"vertical-align:-0.15em\" focusable=\"false\" aria-hidden=\"true\"><path d=\"M21 15v4a2 2 0 0 1-2 2H5a2 2 0 0 1-2-2v-4\"\/><path d=\"m7 10 5 5 5-5\"\/><path d=\"M12 15V3\"\/><\/svg> Download<\/a>\t\t\t\t\t<\/td>\n\t\t\t\t\t\t\t<\/tr>\n\t\t\t\t\t\t<tr data-id=\"402\"\n\t\t\t\tdata-cats=\"alimentation publication\"\n\t\t\t\tdata-tags=\"prix\">\n\t\t\t\t\t\t\t\t\t<td data-col=\"id\" data-label=\"ID\" data-sort=\"402\">\n\t\t\t\t\t\t402\t\t\t\t\t<\/td>\n\t\t\t\t\t\t\t\t\t<td data-col=\"image\" data-label=\"Image\" data-sort=\"\">\n\t\t\t\t\t\t<a class=\"fdk-img-zoom\" href=\"https:\/\/aecniger.org\/wp-content\/uploads\/2026\/08\/Flambee-prix-denrees-alimentaires.jpg\" aria-label=\"View image: Flamb\u00e9es des prix des denr\u00e9es alimentaires\"><img loading=\"lazy\" decoding=\"async\" width=\"212\" height=\"300\" data-src=\"https:\/\/aecniger.org\/wp-content\/uploads\/2026\/08\/Flambee-prix-denrees-alimentaires-212x300.jpg\" src=\"\/\/www.w3.org\/2000\/svg&apos; width=&apos;10&apos; height=&apos;10&apos;\/%3E\" class=\"wpnd-mhpro-lazy lazyload fdk-tile-thumb wp-post-image\" alt=\"\" loading=\"lazy\" \/><\/a>\t\t\t\t\t<\/td>\n\t\t\t\t\t\t\t\t\t<td data-col=\"title\" data-label=\"Title\" data-sort=\"flamb\u00e9es des prix des denr\u00e9es alimentaires\">\n\t\t\t\t\t\t<a href=\"https:\/\/aecniger.org\/index.php\/document\/flambees-des-prix-des-denrees-alimentaires\/\">Flamb\u00e9es des prix des denr\u00e9es alimentaires<\/a>\t\t\t\t\t<\/td>\n\t\t\t\t\t\t\t\t\t<td data-col=\"excerpt\" data-label=\"Summary\" data-sort=\"quelles mesures concr\u00c8tes pour proteger les\npopulations vuln\u00c9rables ?\nraport de synth\u00e8se de la journ\u00e9e de r\u00e9flexion organis\u00e9e par : aec, anddh, aren, mooriben, timidria\">\n\t\t\t\t\t\tQUELLES MESURES CONCR\u00c8TES POUR PROTEGER LES\nPOPULATIONS VULN\u00c9RABLES ?\nRaport de synth\u00e8se de la journ\u00e9e de r\u00e9flexion organis\u00e9e par : AEC, ANDDH, AREN, Mooriben, Timidria\t\t\t\t\t<\/td>\n\t\t\t\t\t\t\t\t\t<td data-col=\"categories\" data-label=\"Categories\" data-sort=\"\">\n\t\t\t\t\t\t<a href=\"https:\/\/aecniger.org\/index.php\/document-category\/alimentation\/\" class=\"fdk-cat fdk-cat-link\" data-cat=\"alimentation\">Alimentation<\/a> <a href=\"https:\/\/aecniger.org\/index.php\/document-category\/publication\/\" class=\"fdk-cat fdk-cat-link\" data-cat=\"publication\">Publication<\/a>\t\t\t\t\t<\/td>\n\t\t\t\t\t\t\t\t\t<td data-col=\"date\" data-label=\"Date\" data-sort=\"2011-10-16\">\n\t\t\t\t\t\t16 October 2011\t\t\t\t\t<\/td>\n\t\t\t\t\t\t\t\t\t<td data-col=\"size\" data-label=\"Size\" data-sort=\"393008\">\n\t\t\t\t\t\t384 KB\t\t\t\t\t<\/td>\n\t\t\t\t\t\t\t\t\t<td data-col=\"type\" data-label=\"Type\" data-sort=\"pdf\">\n\t\t\t\t\t\t<span class=\"fdk-badge\">PDF<\/span>\t\t\t\t\t<\/td>\n\t\t\t\t\t\t\t\t\t<td data-col=\"downloads\" data-label=\"Downloads\" data-sort=\"3\">\n\t\t\t\t\t\t3\t\t\t\t\t<\/td>\n\t\t\t\t\t\t\t\t\t<td data-col=\"link\" data-label=\"Download\" data-sort=\"\">\n\t\t\t\t\t\t<a class=\"fdk-dl fdk-dl-button\" href=\"https:\/\/aecniger.org\/index.php\/wp-json\/filedeck\/v1\/download\/402\" data-doc=\"402\" data-title=\"Flamb\u00e9es des prix des denr\u00e9es alimentaires\"><svg class=\"fdk-dl-icon\" viewBox=\"0 0 24 24\" width=\"14\" height=\"14\" fill=\"none\" stroke=\"currentColor\" stroke-width=\"2\" stroke-linecap=\"round\" stroke-linejoin=\"round\" style=\"vertical-align:-0.15em\" focusable=\"false\" aria-hidden=\"true\"><path d=\"M21 15v4a2 2 0 0 1-2 2H5a2 2 0 0 1-2-2v-4\"\/><path d=\"m7 10 5 5 5-5\"\/><path d=\"M12 15V3\"\/><\/svg> Download<\/a>\t\t\t\t\t<\/td>\n\t\t\t\t\t\t\t<\/tr>\n\t\t\t\t\t\t<tr data-id=\"414\"\n\t\t\t\tdata-cats=\"publication sante\"\n\t\t\t\tdata-tags=\"niamey sante soins\">\n\t\t\t\t\t\t\t\t\t<td data-col=\"id\" data-label=\"ID\" data-sort=\"414\">\n\t\t\t\t\t\t414\t\t\t\t\t<\/td>\n\t\t\t\t\t\t\t\t\t<td data-col=\"image\" data-label=\"Image\" data-sort=\"\">\n\t\t\t\t\t\t<a class=\"fdk-img-zoom\" href=\"https:\/\/aecniger.org\/wp-content\/uploads\/2026\/08\/Gratuite-soins-de-sante-dans-la-communaute-urbaine-de-Niamey.jpg\" aria-label=\"View image: Gratuit\u00e9 des soins de sant\u00e9 dans la Communaut\u00e9 urbaine de Niamey\"><img loading=\"lazy\" decoding=\"async\" width=\"200\" height=\"300\" data-src=\"https:\/\/aecniger.org\/wp-content\/uploads\/2026\/08\/Gratuite-soins-de-sante-dans-la-communaute-urbaine-de-Niamey-200x300.jpg\" src=\"\/\/www.w3.org\/2000\/svg&apos; width=&apos;10&apos; height=&apos;10&apos;\/%3E\" class=\"wpnd-mhpro-lazy lazyload fdk-tile-thumb wp-post-image\" alt=\"\" loading=\"lazy\" \/><\/a>\t\t\t\t\t<\/td>\n\t\t\t\t\t\t\t\t\t<td data-col=\"title\" data-label=\"Title\" data-sort=\"gratuit\u00e9 des soins de sant\u00e9 dans la communaut\u00e9 urbaine de niamey\">\n\t\t\t\t\t\t<a href=\"https:\/\/aecniger.org\/index.php\/document\/gratuite-des-soins-de-sante-dans-la-communaute-urbaine-de-niamey\/\">Gratuit\u00e9 des soins de sant\u00e9 dans la Communaut\u00e9 urbaine de Niamey<\/a>\t\t\t\t\t<\/td>\n\t\t\t\t\t\t\t\t\t<td data-col=\"excerpt\" data-label=\"Summary\" data-sort=\"le niger, o\u00f9 plus de 60 % de la population vit en dessous du\nseuil de pauvret\u00e9 a adopt\u00e9 en avril 2006 une politique\nd\u2019exemption cibl\u00e9e de paiement dite \u00ab gratuit\u00e9 des soins \u00bb au\nprofit des enfants de 0 \u00e0 5 ans, des femmes pour la c\u00e9sarienne, les consultations pr\u00e9natales, le d\u00e9pistage et la prise\nen charge de certains cancers f\u00e9minins.\">\n\t\t\t\t\t\tLe Niger, o\u00f9 plus de 60 % de la population vit en dessous du\nseuil de pauvret\u00e9 a adopt\u00e9 en avril 2006 une politique\nd\u2019exemption cibl\u00e9e de paiement dite \u00ab gratuit\u00e9 des soins \u00bb au\nprofit des enfants de 0 \u00e0 5 ans, des femmes pour la c\u00e9sarienne, les consultations pr\u00e9natales, le d\u00e9pistage et la prise\nen charge de certains cancers f\u00e9minins.\t\t\t\t\t<\/td>\n\t\t\t\t\t\t\t\t\t<td data-col=\"categories\" data-label=\"Categories\" data-sort=\"\">\n\t\t\t\t\t\t<a href=\"https:\/\/aecniger.org\/index.php\/document-category\/publication\/\" class=\"fdk-cat fdk-cat-link\" data-cat=\"publication\">Publication<\/a> <a href=\"https:\/\/aecniger.org\/index.php\/document-category\/sante\/\" class=\"fdk-cat fdk-cat-link\" data-cat=\"sante\">Sant\u00e9<\/a>\t\t\t\t\t<\/td>\n\t\t\t\t\t\t\t\t\t<td data-col=\"date\" data-label=\"Date\" data-sort=\"2011-03-07\">\n\t\t\t\t\t\t7 March 2011\t\t\t\t\t<\/td>\n\t\t\t\t\t\t\t\t\t<td data-col=\"size\" data-label=\"Size\" data-sort=\"1825331\">\n\t\t\t\t\t\t1.7 MB\t\t\t\t\t<\/td>\n\t\t\t\t\t\t\t\t\t<td data-col=\"type\" data-label=\"Type\" data-sort=\"pdf\">\n\t\t\t\t\t\t<span class=\"fdk-badge\">PDF<\/span>\t\t\t\t\t<\/td>\n\t\t\t\t\t\t\t\t\t<td data-col=\"downloads\" data-label=\"Downloads\" data-sort=\"4\">\n\t\t\t\t\t\t4\t\t\t\t\t<\/td>\n\t\t\t\t\t\t\t\t\t<td data-col=\"link\" data-label=\"Download\" data-sort=\"\">\n\t\t\t\t\t\t<a class=\"fdk-dl fdk-dl-button\" href=\"https:\/\/aecniger.org\/index.php\/wp-json\/filedeck\/v1\/download\/414\" data-doc=\"414\" data-title=\"Gratuit\u00e9 des soins de sant\u00e9 dans la Communaut\u00e9 urbaine de Niamey\"><svg class=\"fdk-dl-icon\" viewBox=\"0 0 24 24\" width=\"14\" height=\"14\" fill=\"none\" stroke=\"currentColor\" stroke-width=\"2\" stroke-linecap=\"round\" stroke-linejoin=\"round\" style=\"vertical-align:-0.15em\" focusable=\"false\" aria-hidden=\"true\"><path d=\"M21 15v4a2 2 0 0 1-2 2H5a2 2 0 0 1-2-2v-4\"\/><path d=\"m7 10 5 5 5-5\"\/><path d=\"M12 15V3\"\/><\/svg> Download<\/a>\t\t\t\t\t<\/td>\n\t\t\t\t\t\t\t<\/tr>\n\t\t\t\t\t\t<tr data-id=\"393\"\n\t\t\t\tdata-cats=\"alimentation publication sahel\"\n\t\t\t\tdata-tags=\"alimentation faim sahel\">\n\t\t\t\t\t\t\t\t\t<td data-col=\"id\" data-label=\"ID\" data-sort=\"393\">\n\t\t\t\t\t\t393\t\t\t\t\t<\/td>\n\t\t\t\t\t\t\t\t\t<td data-col=\"image\" data-label=\"Image\" data-sort=\"\">\n\t\t\t\t\t\t<a class=\"fdk-img-zoom\" href=\"https:\/\/aecniger.org\/wp-content\/uploads\/2026\/07\/Combattre-la-faim-au-Sahel-Copie.jpg\" aria-label=\"View image: Combattre la faim au Sahel\"><img loading=\"lazy\" decoding=\"async\" width=\"227\" height=\"300\" data-src=\"https:\/\/aecniger.org\/wp-content\/uploads\/2026\/07\/Combattre-la-faim-au-Sahel-Copie-227x300.jpg\" src=\"\/\/www.w3.org\/2000\/svg&apos; width=&apos;10&apos; height=&apos;10&apos;\/%3E\" class=\"wpnd-mhpro-lazy lazyload fdk-tile-thumb wp-post-image\" alt=\"\" loading=\"lazy\" \/><\/a>\t\t\t\t\t<\/td>\n\t\t\t\t\t\t\t\t\t<td data-col=\"title\" data-label=\"Title\" data-sort=\"combattre la faim au sahel\">\n\t\t\t\t\t\t<a href=\"https:\/\/aecniger.org\/index.php\/document\/combattre-la-faim-au-sahel\/\">Combattre la faim au Sahel<\/a>\t\t\t\t\t<\/td>\n\t\t\t\t\t\t\t\t\t<td data-col=\"excerpt\" data-label=\"Summary\" data-sort=\"rapport de synth\u00c8se du forum th\u00c9matique :\ndroit \u00c0 l\u2019alimentation et souverainet\u00c9 alimentaire, octobre - 2010\n\nle pr\u00e9sent rapport de synth\u00e8se a \u00e9t\u00e9 r\u00e9alis\u00e9 par une \u00e9quipe compos\u00e9e notamment de :\nmr. cha\u00efbou boubacar, mme mounka\u00efla a\u00efchatou seyni et mme abdoulaye mariama diallo.\">\n\t\t\t\t\t\tRAPPORT DE SYNTH\u00c8SE DU FORUM TH\u00c9MATIQUE :\nDROIT \u00c0 L\u2019ALIMENTATION ET SOUVERAINET\u00c9 ALIMENTAIRE, OCTOBRE - 2010\n\nLe pr\u00e9sent rapport de synth\u00e8se a \u00e9t\u00e9 r\u00e9alis\u00e9 par une \u00e9quipe compos\u00e9e notamment de :\nMr. Cha\u00efbou Boubacar, Mme Mounka\u00efla A\u00efchatou Seyni et Mme Abdoulaye Mariama Diallo.\t\t\t\t\t<\/td>\n\t\t\t\t\t\t\t\t\t<td data-col=\"categories\" data-label=\"Categories\" data-sort=\"\">\n\t\t\t\t\t\t<a href=\"https:\/\/aecniger.org\/index.php\/document-category\/alimentation\/\" class=\"fdk-cat fdk-cat-link\" data-cat=\"alimentation\">Alimentation<\/a> <a href=\"https:\/\/aecniger.org\/index.php\/document-category\/publication\/\" class=\"fdk-cat fdk-cat-link\" data-cat=\"publication\">Publication<\/a> <a href=\"https:\/\/aecniger.org\/index.php\/document-category\/sahel\/\" class=\"fdk-cat fdk-cat-link\" data-cat=\"sahel\">Sahel<\/a>\t\t\t\t\t<\/td>\n\t\t\t\t\t\t\t\t\t<td data-col=\"date\" data-label=\"Date\" data-sort=\"2010-10-06\">\n\t\t\t\t\t\t6 October 2010\t\t\t\t\t<\/td>\n\t\t\t\t\t\t\t\t\t<td data-col=\"size\" data-label=\"Size\" data-sort=\"1252382\">\n\t\t\t\t\t\t1.2 MB\t\t\t\t\t<\/td>\n\t\t\t\t\t\t\t\t\t<td data-col=\"type\" data-label=\"Type\" data-sort=\"pdf\">\n\t\t\t\t\t\t<span class=\"fdk-badge\">PDF<\/span>\t\t\t\t\t<\/td>\n\t\t\t\t\t\t\t\t\t<td data-col=\"downloads\" data-label=\"Downloads\" data-sort=\"2\">\n\t\t\t\t\t\t2\t\t\t\t\t<\/td>\n\t\t\t\t\t\t\t\t\t<td data-col=\"link\" data-label=\"Download\" data-sort=\"\">\n\t\t\t\t\t\t<a class=\"fdk-dl fdk-dl-button\" href=\"https:\/\/aecniger.org\/index.php\/wp-json\/filedeck\/v1\/download\/393\" data-doc=\"393\" data-title=\"Combattre la faim au Sahel\"><svg class=\"fdk-dl-icon\" viewBox=\"0 0 24 24\" width=\"14\" height=\"14\" fill=\"none\" stroke=\"currentColor\" stroke-width=\"2\" stroke-linecap=\"round\" stroke-linejoin=\"round\" style=\"vertical-align:-0.15em\" focusable=\"false\" aria-hidden=\"true\"><path d=\"M21 15v4a2 2 0 0 1-2 2H5a2 2 0 0 1-2-2v-4\"\/><path d=\"m7 10 5 5 5-5\"\/><path d=\"M12 15V3\"\/><\/svg> Download<\/a>\t\t\t\t\t<\/td>\n\t\t\t\t\t\t\t<\/tr>\n\t\t\t\t\t\t<tr data-id=\"433\"\n\t\t\t\tdata-cats=\"droit-a-leau-potable publication\"\n\t\t\t\tdata-tags=\"droit-a-leau-potable\">\n\t\t\t\t\t\t\t\t\t<td data-col=\"id\" data-label=\"ID\" data-sort=\"433\">\n\t\t\t\t\t\t433\t\t\t\t\t<\/td>\n\t\t\t\t\t\t\t\t\t<td data-col=\"image\" data-label=\"Image\" data-sort=\"\">\n\t\t\t\t\t\t<a class=\"fdk-img-zoom\" href=\"https:\/\/aecniger.org\/wp-content\/uploads\/2026\/08\/Droit-a-lEau-potable-au-Niger.jpg\" aria-label=\"View image: Le Droit \u00e0 l&#8217;eau potable au Niger\"><img loading=\"lazy\" decoding=\"async\" width=\"230\" height=\"300\" data-src=\"https:\/\/aecniger.org\/wp-content\/uploads\/2026\/08\/Droit-a-lEau-potable-au-Niger-230x300.jpg\" src=\"\/\/www.w3.org\/2000\/svg&apos; width=&apos;10&apos; height=&apos;10&apos;\/%3E\" class=\"wpnd-mhpro-lazy lazyload fdk-tile-thumb wp-post-image\" alt=\"\" loading=\"lazy\" \/><\/a>\t\t\t\t\t<\/td>\n\t\t\t\t\t\t\t\t\t<td data-col=\"title\" data-label=\"Title\" data-sort=\"le droit \u00e0 l&#8217;eau potable au niger\">\n\t\t\t\t\t\t<a href=\"https:\/\/aecniger.org\/index.php\/document\/le-droit-a-leau-potable-au-niger\/\">Le Droit \u00e0 l&#8217;eau potable au Niger<\/a>\t\t\t\t\t<\/td>\n\t\t\t\t\t\t\t\t\t<td data-col=\"excerpt\" data-label=\"Summary\" data-sort=\"selon un rapport conjoint oms\/unicef publi\u00e9 en 2010, pr\u00e8s de 900 millions de personnes \u00e0\ntravers le monde n\u2019ont pas acc\u00e8s \u00e0 une eau potable, et pr\u00e8s de 2,6 milliards n\u2019ont pas acc\u00e8s\n\u00e0 un assainissement am\u00e9lior\u00e9. la majorit\u00e9 de ces personnes vivent dans les pays du tiers monde ; et l\u2019afrique subsaharienne concentre \u00e0 elle seule un tiers (37%) des personnes priv\u00e9es d\u2019eau potable.\">\n\t\t\t\t\t\tSelon un rapport conjoint OMS\/UNICEF publi\u00e9 en 2010, pr\u00e8s de 900 millions de personnes \u00e0\ntravers le monde n\u2019ont pas acc\u00e8s \u00e0 une eau potable, et pr\u00e8s de 2,6 milliards n\u2019ont pas acc\u00e8s\n\u00e0 un assainissement am\u00e9lior\u00e9. La majorit\u00e9 de ces personnes vivent dans les pays du Tiers monde ; et l\u2019Afrique subsaharienne concentre \u00e0 elle seule un tiers (37%) des personnes priv\u00e9es d\u2019eau potable.\t\t\t\t\t<\/td>\n\t\t\t\t\t\t\t\t\t<td data-col=\"categories\" data-label=\"Categories\" data-sort=\"\">\n\t\t\t\t\t\t<a href=\"https:\/\/aecniger.org\/index.php\/document-category\/droit-a-leau-potable\/\" class=\"fdk-cat fdk-cat-link\" data-cat=\"droit-a-leau-potable\">Droit \u00e0 l&#039;eau potable<\/a> <a href=\"https:\/\/aecniger.org\/index.php\/document-category\/publication\/\" class=\"fdk-cat fdk-cat-link\" data-cat=\"publication\">Publication<\/a>\t\t\t\t\t<\/td>\n\t\t\t\t\t\t\t\t\t<td data-col=\"date\" data-label=\"Date\" data-sort=\"2010-08-07\">\n\t\t\t\t\t\t7 August 2010\t\t\t\t\t<\/td>\n\t\t\t\t\t\t\t\t\t<td data-col=\"size\" data-label=\"Size\" data-sort=\"617921\">\n\t\t\t\t\t\t603 KB\t\t\t\t\t<\/td>\n\t\t\t\t\t\t\t\t\t<td data-col=\"type\" data-label=\"Type\" data-sort=\"pdf\">\n\t\t\t\t\t\t<span class=\"fdk-badge\">PDF<\/span>\t\t\t\t\t<\/td>\n\t\t\t\t\t\t\t\t\t<td data-col=\"downloads\" data-label=\"Downloads\" data-sort=\"1\">\n\t\t\t\t\t\t1\t\t\t\t\t<\/td>\n\t\t\t\t\t\t\t\t\t<td data-col=\"link\" data-label=\"Download\" data-sort=\"\">\n\t\t\t\t\t\t<a class=\"fdk-dl fdk-dl-button\" href=\"https:\/\/aecniger.org\/index.php\/wp-json\/filedeck\/v1\/download\/433\" data-doc=\"433\" data-title=\"Le Droit \u00e0 l&#8217;eau potable au Niger\"><svg class=\"fdk-dl-icon\" viewBox=\"0 0 24 24\" width=\"14\" height=\"14\" fill=\"none\" stroke=\"currentColor\" stroke-width=\"2\" stroke-linecap=\"round\" stroke-linejoin=\"round\" style=\"vertical-align:-0.15em\" focusable=\"false\" aria-hidden=\"true\"><path d=\"M21 15v4a2 2 0 0 1-2 2H5a2 2 0 0 1-2-2v-4\"\/><path d=\"m7 10 5 5 5-5\"\/><path d=\"M12 15V3\"\/><\/svg> Download<\/a>\t\t\t\t\t<\/td>\n\t\t\t\t\t\t\t<\/tr>\n\t\t\t\t\t\t<tr data-id=\"455\"\n\t\t\t\tdata-cats=\"democratie etat-de-droit politique publication transition-militaire\"\n\t\t\t\tdata-tags=\"democratie etat-de-droit transition\">\n\t\t\t\t\t\t\t\t\t<td data-col=\"id\" data-label=\"ID\" data-sort=\"455\">\n\t\t\t\t\t\t455\t\t\t\t\t<\/td>\n\t\t\t\t\t\t\t\t\t<td data-col=\"image\" data-label=\"Image\" data-sort=\"\">\n\t\t\t\t\t\t<a class=\"fdk-img-zoom\" href=\"https:\/\/aecniger.org\/wp-content\/uploads\/2026\/08\/Transition-vers-la-democratie-au-Niger.jpg\" aria-label=\"View image: Rapport Journ\u00e9es de R\u00e9flexion sur la Transition\"><img loading=\"lazy\" decoding=\"async\" width=\"217\" height=\"300\" data-src=\"https:\/\/aecniger.org\/wp-content\/uploads\/2026\/08\/Transition-vers-la-democratie-au-Niger-217x300.jpg\" src=\"\/\/www.w3.org\/2000\/svg&apos; width=&apos;10&apos; height=&apos;10&apos;\/%3E\" class=\"wpnd-mhpro-lazy lazyload fdk-tile-thumb wp-post-image\" alt=\"\" loading=\"lazy\" \/><\/a>\t\t\t\t\t<\/td>\n\t\t\t\t\t\t\t\t\t<td data-col=\"title\" data-label=\"Title\" data-sort=\"rapport journ\u00e9es de r\u00e9flexion sur la transition\">\n\t\t\t\t\t\t<a href=\"https:\/\/aecniger.org\/index.php\/document\/rapport-journees-de-reflexion-sur-la-transition\/\">Rapport Journ\u00e9es de R\u00e9flexion sur la Transition<\/a>\t\t\t\t\t<\/td>\n\t\t\t\t\t\t\t\t\t<td data-col=\"excerpt\" data-label=\"Summary\" data-sort=\"\u00abtransition vers la d\u00e9mocratie au niger :\nanalyses et propositions pour b\u00e2tir un v\u00e9ritable\n\u00e9tat de droit et r\u00e9aliser des avanc\u00e9es\nd\u00e9mocratiques\u00bb\nrapport de synth\u00e8se des journ\u00e9es de r\u00e9flexion\norganis\u00e9es par l\u2019anddh et alternative espaces citoyens\nh\u00f4tel t\u00e9n\u00e9r\u00e9, niamey les 13 et 14 mars 2010\">\n\t\t\t\t\t\t\u00abTransition vers la d\u00e9mocratie au Niger :\nanalyses et propositions pour b\u00e2tir un v\u00e9ritable\n\u00e9tat de droit et r\u00e9aliser des avanc\u00e9es\nd\u00e9mocratiques\u00bb\nRapport de synth\u00e8se des Journ\u00e9es de r\u00e9flexion\norganis\u00e9es par l\u2019ANDDH et Alternative Espaces Citoyens\nH\u00f4tel T\u00e9n\u00e9r\u00e9, Niamey les 13 et 14 Mars 2010\t\t\t\t\t<\/td>\n\t\t\t\t\t\t\t\t\t<td data-col=\"categories\" data-label=\"Categories\" data-sort=\"\">\n\t\t\t\t\t\t<a href=\"https:\/\/aecniger.org\/index.php\/document-category\/democratie\/\" class=\"fdk-cat fdk-cat-link\" data-cat=\"democratie\">D\u00e9mocratie<\/a> <a href=\"https:\/\/aecniger.org\/index.php\/document-category\/etat-de-droit\/\" class=\"fdk-cat fdk-cat-link\" data-cat=\"etat-de-droit\">Etat de droit<\/a> <a href=\"https:\/\/aecniger.org\/index.php\/document-category\/politique\/\" class=\"fdk-cat fdk-cat-link\" data-cat=\"politique\">Politique<\/a> <a href=\"https:\/\/aecniger.org\/index.php\/document-category\/publication\/\" class=\"fdk-cat fdk-cat-link\" data-cat=\"publication\">Publication<\/a> <a href=\"https:\/\/aecniger.org\/index.php\/document-category\/transition-militaire\/\" class=\"fdk-cat fdk-cat-link\" data-cat=\"transition-militaire\">Transition militaire<\/a>\t\t\t\t\t<\/td>\n\t\t\t\t\t\t\t\t\t<td data-col=\"date\" data-label=\"Date\" data-sort=\"2010-03-15\">\n\t\t\t\t\t\t15 March 2010\t\t\t\t\t<\/td>\n\t\t\t\t\t\t\t\t\t<td data-col=\"size\" data-label=\"Size\" data-sort=\"247726\">\n\t\t\t\t\t\t242 KB\t\t\t\t\t<\/td>\n\t\t\t\t\t\t\t\t\t<td data-col=\"type\" data-label=\"Type\" data-sort=\"pdf\">\n\t\t\t\t\t\t<span class=\"fdk-badge\">PDF<\/span>\t\t\t\t\t<\/td>\n\t\t\t\t\t\t\t\t\t<td data-col=\"downloads\" data-label=\"Downloads\" data-sort=\"2\">\n\t\t\t\t\t\t2\t\t\t\t\t<\/td>\n\t\t\t\t\t\t\t\t\t<td data-col=\"link\" data-label=\"Download\" data-sort=\"\">\n\t\t\t\t\t\t<a class=\"fdk-dl fdk-dl-button\" href=\"https:\/\/aecniger.org\/index.php\/wp-json\/filedeck\/v1\/download\/455\" data-doc=\"455\" data-title=\"Rapport Journ\u00e9es de R\u00e9flexion sur la Transition\"><svg class=\"fdk-dl-icon\" viewBox=\"0 0 24 24\" width=\"14\" height=\"14\" fill=\"none\" stroke=\"currentColor\" stroke-width=\"2\" stroke-linecap=\"round\" stroke-linejoin=\"round\" style=\"vertical-align:-0.15em\" focusable=\"false\" aria-hidden=\"true\"><path d=\"M21 15v4a2 2 0 0 1-2 2H5a2 2 0 0 1-2-2v-4\"\/><path d=\"m7 10 5 5 5-5\"\/><path d=\"M12 15V3\"\/><\/svg> Download<\/a>\t\t\t\t\t<\/td>\n\t\t\t\t\t\t\t<\/tr>\n\t\t\t\t\t\t<tr data-id=\"447\"\n\t\t\t\tdata-cats=\"droit-a-la-sante publication sante\"\n\t\t\t\tdata-tags=\"droit-a-la-sante\">\n\t\t\t\t\t\t\t\t\t<td data-col=\"id\" data-label=\"ID\" data-sort=\"447\">\n\t\t\t\t\t\t447\t\t\t\t\t<\/td>\n\t\t\t\t\t\t\t\t\t<td data-col=\"image\" data-label=\"Image\" data-sort=\"\">\n\t\t\t\t\t\t<a class=\"fdk-img-zoom\" href=\"https:\/\/aecniger.org\/wp-content\/uploads\/2026\/08\/Droit-a-la-Sante-au-Niger.jpg\" aria-label=\"View image: Le Droit \u00e0 la Sant\u00e9 au Niger\"><img loading=\"lazy\" decoding=\"async\" width=\"230\" height=\"300\" data-src=\"https:\/\/aecniger.org\/wp-content\/uploads\/2026\/08\/Droit-a-la-Sante-au-Niger-230x300.jpg\" src=\"\/\/www.w3.org\/2000\/svg&apos; width=&apos;10&apos; height=&apos;10&apos;\/%3E\" class=\"wpnd-mhpro-lazy lazyload fdk-tile-thumb wp-post-image\" alt=\"\" loading=\"lazy\" \/><\/a>\t\t\t\t\t<\/td>\n\t\t\t\t\t\t\t\t\t<td data-col=\"title\" data-label=\"Title\" data-sort=\"le droit \u00e0 la sant\u00e9 au niger\">\n\t\t\t\t\t\t<a href=\"https:\/\/aecniger.org\/index.php\/document\/le-droit-a-la-sante-au-niger\/\">Le Droit \u00e0 la Sant\u00e9 au Niger<\/a>\t\t\t\t\t<\/td>\n\t\t\t\t\t\t\t\t\t<td data-col=\"excerpt\" data-label=\"Summary\" data-sort=\"la pr\u00e9sente \u00e9tude est le fruit de plusieurs contributions. que soient remerci\u00e9es ici\ntoutes les personnes qui, \u00e0 un degr\u00e9 ou \u00e0 un autre, ont soit fourni la documentation\nn\u00e9cessaire, rare dansce domaine, soit apport\u00e9 des amendements fort pertinents. en\nparticulier, nous tenons \u00e0 remercier tous les repr\u00e9sentants des organisations de la\nsoci\u00e9t\u00e9 civile qui, nonobstant la surcharge de leurs activit\u00e9s, ont notamment pris\nune part active \u00e0 la collecte des donn\u00e9es. a cet \u00e9gard, nous tenons \u00e0 remercier tout\nsinguli\u00e8rement :\nabdo lawaly (aec)\nabdou yahouza (aren)\namina tchemogo (aec)\nbalkissa hamidou (aec)\nelhadj idi abdou (aec)\nibrahim diori (aec)\ndaweye nana fassouma (susas)\nmariama chipkaou (snen)\nramatou diarra (mapadev)\nune mention sp\u00e9ciale doit \u00eatre faite \u00e0 oxfam novib, notre partenaire dans le\ncadre de ce travail sur le suivi et l&#039;analyse budg\u00e9taire.\nont contribu\u00e9 \u00e0 la r\u00e9daction de ce rapport :\nmoussa tchangari\nhassane boukar\nmoussa salifou\nsouley adji\nabdourahamane ousmane\n_____________\nd\u00e9cembre 2009\">\n\t\t\t\t\t\tLa pr\u00e9sente \u00e9tude est le fruit de plusieurs contributions. Que soient remerci\u00e9es ici\ntoutes les personnes qui, \u00e0 un degr\u00e9 ou \u00e0 un autre, ont soit fourni la documentation\nn\u00e9cessaire, rare dansce domaine, soit apport\u00e9 des amendements fort pertinents. En\nparticulier, nous tenons \u00e0 remercier tous les repr\u00e9sentants des organisations de la\nsoci\u00e9t\u00e9 civile qui, nonobstant la surcharge de leurs activit\u00e9s, ont notamment pris\nune part active \u00e0 la collecte des donn\u00e9es. A cet \u00e9gard, nous tenons \u00e0 remercier tout\nsinguli\u00e8rement :\nAbdo Lawaly (AEC)\nAbdou Yahouza (AREN)\nAmina Tchemogo (AEC)\nBalkissa Hamidou (AEC)\nElhadj Idi Abdou (AEC)\nIbrahim Diori (AEC)\nDaweye Nana Fassouma (SUSAS)\nMariama Chipkaou (SNEN)\nRamatou Diarra (MAPADEV)\nUne mention sp\u00e9ciale doit \u00eatre faite \u00e0 OXFAM NOVIB, notre partenaire dans le\ncadre de ce travail sur le suivi et l&#039;analyse budg\u00e9taire.\nOnt contribu\u00e9 \u00e0 la r\u00e9daction de ce rapport :\nMoussa Tchangari\nHassane Boukar\nMoussa Salifou\nSouley Adji\nAbdourahamane Ousmane\n_____________\nD\u00e9cembre 2009\t\t\t\t\t<\/td>\n\t\t\t\t\t\t\t\t\t<td data-col=\"categories\" data-label=\"Categories\" data-sort=\"\">\n\t\t\t\t\t\t<a href=\"https:\/\/aecniger.org\/index.php\/document-category\/droit-a-la-sante\/\" class=\"fdk-cat fdk-cat-link\" data-cat=\"droit-a-la-sante\">Droit \u00e0 la Sant\u00e9<\/a> <a href=\"https:\/\/aecniger.org\/index.php\/document-category\/publication\/\" class=\"fdk-cat fdk-cat-link\" data-cat=\"publication\">Publication<\/a> <a href=\"https:\/\/aecniger.org\/index.php\/document-category\/sante\/\" class=\"fdk-cat fdk-cat-link\" data-cat=\"sante\">Sant\u00e9<\/a>\t\t\t\t\t<\/td>\n\t\t\t\t\t\t\t\t\t<td data-col=\"date\" data-label=\"Date\" data-sort=\"2009-12-08\">\n\t\t\t\t\t\t8 December 2009\t\t\t\t\t<\/td>\n\t\t\t\t\t\t\t\t\t<td data-col=\"size\" data-label=\"Size\" data-sort=\"747661\">\n\t\t\t\t\t\t730 KB\t\t\t\t\t<\/td>\n\t\t\t\t\t\t\t\t\t<td data-col=\"type\" data-label=\"Type\" data-sort=\"pdf\">\n\t\t\t\t\t\t<span class=\"fdk-badge\">PDF<\/span>\t\t\t\t\t<\/td>\n\t\t\t\t\t\t\t\t\t<td data-col=\"downloads\" data-label=\"Downloads\" data-sort=\"2\">\n\t\t\t\t\t\t2\t\t\t\t\t<\/td>\n\t\t\t\t\t\t\t\t\t<td data-col=\"link\" data-label=\"Download\" data-sort=\"\">\n\t\t\t\t\t\t<a class=\"fdk-dl fdk-dl-button\" href=\"https:\/\/aecniger.org\/index.php\/wp-json\/filedeck\/v1\/download\/447\" data-doc=\"447\" data-title=\"Le Droit \u00e0 la Sant\u00e9 au Niger\"><svg class=\"fdk-dl-icon\" viewBox=\"0 0 24 24\" width=\"14\" height=\"14\" fill=\"none\" stroke=\"currentColor\" stroke-width=\"2\" stroke-linecap=\"round\" stroke-linejoin=\"round\" style=\"vertical-align:-0.15em\" focusable=\"false\" aria-hidden=\"true\"><path d=\"M21 15v4a2 2 0 0 1-2 2H5a2 2 0 0 1-2-2v-4\"\/><path d=\"m7 10 5 5 5-5\"\/><path d=\"M12 15V3\"\/><\/svg> Download<\/a>\t\t\t\t\t<\/td>\n\t\t\t\t\t\t\t<\/tr>\n\t\t\t\t\t\t<tr data-id=\"395\"\n\t\t\t\tdata-cats=\"constitution politique publication\"\n\t\t\t\tdata-tags=\"politique referendum\">\n\t\t\t\t\t\t\t\t\t<td data-col=\"id\" data-label=\"ID\" data-sort=\"395\">\n\t\t\t\t\t\t395\t\t\t\t\t<\/td>\n\t\t\t\t\t\t\t\t\t<td data-col=\"image\" data-label=\"Image\" data-sort=\"\">\n\t\t\t\t\t\t<a class=\"fdk-img-zoom\" href=\"https:\/\/aecniger.org\/wp-content\/uploads\/2026\/08\/Constitutional-referendum-in-Niger.jpg\" aria-label=\"View image: Constitutional referendum in Niger 2009\"><img loading=\"lazy\" decoding=\"async\" width=\"212\" height=\"300\" data-src=\"https:\/\/aecniger.org\/wp-content\/uploads\/2026\/08\/Constitutional-referendum-in-Niger-212x300.jpg\" src=\"\/\/www.w3.org\/2000\/svg&apos; width=&apos;10&apos; height=&apos;10&apos;\/%3E\" class=\"wpnd-mhpro-lazy lazyload fdk-tile-thumb wp-post-image\" alt=\"\" loading=\"lazy\" \/><\/a>\t\t\t\t\t<\/td>\n\t\t\t\t\t\t\t\t\t<td data-col=\"title\" data-label=\"Title\" data-sort=\"constitutional referendum in niger 2009\">\n\t\t\t\t\t\t<a href=\"https:\/\/aecniger.org\/index.php\/document\/constitutional-referendum-in-niger-2009\/\">Constitutional referendum in Niger 2009<\/a>\t\t\t\t\t<\/td>\n\t\t\t\t\t\t\t\t\t<td data-col=\"excerpt\" data-label=\"Summary\" data-sort=\"\u201cconstitutional referendum in niger: political stakes and\nimpacts on the preservation of the democratic framework\u201d\nsynthesis report of the day of reflection organized by\nalternative citizen spaces\nhotel t\u00e9n\u00e9r\u00e9, niamey, 31 may 2009\nreporters:\nalbert chaibou, hamadou boulama tcherno et a.t. moussa tchangari\">\n\t\t\t\t\t\t\u201cConstitutional referendum in Niger: Political stakes and\nimpacts on the preservation of the democratic framework\u201d\nSynthesis report of the day of reflection organized by\nAlternative Citizen Spaces\nHotel T\u00e9n\u00e9r\u00e9, Niamey, 31 May 2009\nReporters:\nAlbert Chaibou, Hamadou Boulama Tcherno et A.T. Moussa Tchangari\t\t\t\t\t<\/td>\n\t\t\t\t\t\t\t\t\t<td data-col=\"categories\" data-label=\"Categories\" data-sort=\"\">\n\t\t\t\t\t\t<a href=\"https:\/\/aecniger.org\/index.php\/document-category\/constitution\/\" class=\"fdk-cat fdk-cat-link\" data-cat=\"constitution\">Constitution<\/a> <a href=\"https:\/\/aecniger.org\/index.php\/document-category\/politique\/\" class=\"fdk-cat fdk-cat-link\" data-cat=\"politique\">Politique<\/a> <a href=\"https:\/\/aecniger.org\/index.php\/document-category\/publication\/\" class=\"fdk-cat fdk-cat-link\" data-cat=\"publication\">Publication<\/a>\t\t\t\t\t<\/td>\n\t\t\t\t\t\t\t\t\t<td data-col=\"date\" data-label=\"Date\" data-sort=\"2009-05-31\">\n\t\t\t\t\t\t31 May 2009\t\t\t\t\t<\/td>\n\t\t\t\t\t\t\t\t\t<td data-col=\"size\" data-label=\"Size\" data-sort=\"186776\">\n\t\t\t\t\t\t182 KB\t\t\t\t\t<\/td>\n\t\t\t\t\t\t\t\t\t<td data-col=\"type\" data-label=\"Type\" data-sort=\"pdf\">\n\t\t\t\t\t\t<span class=\"fdk-badge\">PDF<\/span>\t\t\t\t\t<\/td>\n\t\t\t\t\t\t\t\t\t<td data-col=\"downloads\" data-label=\"Downloads\" data-sort=\"0\">\n\t\t\t\t\t\t0\t\t\t\t\t<\/td>\n\t\t\t\t\t\t\t\t\t<td data-col=\"link\" data-label=\"Download\" data-sort=\"\">\n\t\t\t\t\t\t<a class=\"fdk-dl fdk-dl-button\" href=\"https:\/\/aecniger.org\/index.php\/wp-json\/filedeck\/v1\/download\/395\" data-doc=\"395\" data-title=\"Constitutional referendum in Niger 2009\"><svg class=\"fdk-dl-icon\" viewBox=\"0 0 24 24\" width=\"14\" height=\"14\" fill=\"none\" stroke=\"currentColor\" stroke-width=\"2\" stroke-linecap=\"round\" stroke-linejoin=\"round\" style=\"vertical-align:-0.15em\" focusable=\"false\" aria-hidden=\"true\"><path d=\"M21 15v4a2 2 0 0 1-2 2H5a2 2 0 0 1-2-2v-4\"\/><path d=\"m7 10 5 5 5-5\"\/><path d=\"M12 15V3\"\/><\/svg> Download<\/a>\t\t\t\t\t<\/td>\n\t\t\t\t\t\t\t<\/tr>\n\t\t\t\t\t\t<tr data-id=\"458\"\n\t\t\t\tdata-cats=\"constitution publication referendum\"\n\t\t\t\tdata-tags=\"referendum\">\n\t\t\t\t\t\t\t\t\t<td data-col=\"id\" data-label=\"ID\" data-sort=\"458\">\n\t\t\t\t\t\t458\t\t\t\t\t<\/td>\n\t\t\t\t\t\t\t\t\t<td data-col=\"image\" data-label=\"Image\" data-sort=\"\">\n\t\t\t\t\t\t<a class=\"fdk-img-zoom\" href=\"https:\/\/aecniger.org\/wp-content\/uploads\/2026\/08\/Referendum-Constitutuionnel-au-Niger.jpg\" aria-label=\"View image: Referendum Constitutionnel au Niger &#8211; 2009\"><img loading=\"lazy\" decoding=\"async\" width=\"212\" height=\"300\" data-src=\"https:\/\/aecniger.org\/wp-content\/uploads\/2026\/08\/Referendum-Constitutuionnel-au-Niger-212x300.jpg\" src=\"\/\/www.w3.org\/2000\/svg&apos; width=&apos;10&apos; height=&apos;10&apos;\/%3E\" class=\"wpnd-mhpro-lazy lazyload fdk-tile-thumb wp-post-image\" alt=\"\" loading=\"lazy\" \/><\/a>\t\t\t\t\t<\/td>\n\t\t\t\t\t\t\t\t\t<td data-col=\"title\" data-label=\"Title\" data-sort=\"referendum constitutionnel au niger &#8211; 2009\">\n\t\t\t\t\t\t<a href=\"https:\/\/aecniger.org\/index.php\/document\/referendum-constitutionnel-au-niger-2009\/\">Referendum Constitutionnel au Niger &#8211; 2009<\/a>\t\t\t\t\t<\/td>\n\t\t\t\t\t\t\t\t\t<td data-col=\"excerpt\" data-label=\"Summary\" data-sort=\"\u00abr\u00e9f\u00e9rendum constitutionnel au niger :\nenjeux politiques et impacts sur la\npr\u00e9servation du cadre d\u00e9mocratique\u00bb\nrapport de synth\u00e8se de la journ\u00e9e de r\u00e9flexion\norganis\u00e9e par alternative espaces citoyens\nh\u00f4tel t\u00e9n\u00e9r\u00e9, niamey le 31 mai 2009\">\n\t\t\t\t\t\t\u00abR\u00e9f\u00e9rendum constitutionnel au Niger :\nEnjeux politiques et impacts sur la\npr\u00e9servation du cadre d\u00e9mocratique\u00bb\nRapport de synth\u00e8se de la Journ\u00e9e de r\u00e9flexion\nOrganis\u00e9e par Alternative Espaces Citoyens\nH\u00f4tel T\u00e9n\u00e9r\u00e9, Niamey le 31 Mai 2009\t\t\t\t\t<\/td>\n\t\t\t\t\t\t\t\t\t<td data-col=\"categories\" data-label=\"Categories\" data-sort=\"\">\n\t\t\t\t\t\t<a href=\"https:\/\/aecniger.org\/index.php\/document-category\/constitution\/\" class=\"fdk-cat fdk-cat-link\" data-cat=\"constitution\">Constitution<\/a> <a href=\"https:\/\/aecniger.org\/index.php\/document-category\/publication\/\" class=\"fdk-cat fdk-cat-link\" data-cat=\"publication\">Publication<\/a> <a href=\"https:\/\/aecniger.org\/index.php\/document-category\/referendum\/\" class=\"fdk-cat fdk-cat-link\" data-cat=\"referendum\">Referendum<\/a>\t\t\t\t\t<\/td>\n\t\t\t\t\t\t\t\t\t<td data-col=\"date\" data-label=\"Date\" data-sort=\"2009-05-31\">\n\t\t\t\t\t\t31 May 2009\t\t\t\t\t<\/td>\n\t\t\t\t\t\t\t\t\t<td data-col=\"size\" data-label=\"Size\" data-sort=\"195231\">\n\t\t\t\t\t\t191 KB\t\t\t\t\t<\/td>\n\t\t\t\t\t\t\t\t\t<td data-col=\"type\" data-label=\"Type\" data-sort=\"pdf\">\n\t\t\t\t\t\t<span class=\"fdk-badge\">PDF<\/span>\t\t\t\t\t<\/td>\n\t\t\t\t\t\t\t\t\t<td data-col=\"downloads\" data-label=\"Downloads\" data-sort=\"1\">\n\t\t\t\t\t\t1\t\t\t\t\t<\/td>\n\t\t\t\t\t\t\t\t\t<td data-col=\"link\" data-label=\"Download\" data-sort=\"\">\n\t\t\t\t\t\t<a class=\"fdk-dl fdk-dl-button\" href=\"https:\/\/aecniger.org\/index.php\/wp-json\/filedeck\/v1\/download\/458\" data-doc=\"458\" data-title=\"Referendum Constitutionnel au Niger &#8211; 2009\"><svg class=\"fdk-dl-icon\" viewBox=\"0 0 24 24\" width=\"14\" height=\"14\" fill=\"none\" stroke=\"currentColor\" stroke-width=\"2\" stroke-linecap=\"round\" stroke-linejoin=\"round\" style=\"vertical-align:-0.15em\" focusable=\"false\" aria-hidden=\"true\"><path d=\"M21 15v4a2 2 0 0 1-2 2H5a2 2 0 0 1-2-2v-4\"\/><path d=\"m7 10 5 5 5-5\"\/><path d=\"M12 15V3\"\/><\/svg> Download<\/a>\t\t\t\t\t<\/td>\n\t\t\t\t\t\t\t<\/tr>\n\t\t\t\t\t\t<tr data-id=\"399\"\n\t\t\t\tdata-cats=\"education genre publication\"\n\t\t\t\tdata-tags=\"financement genre politique\">\n\t\t\t\t\t\t\t\t\t<td data-col=\"id\" data-label=\"ID\" data-sort=\"399\">\n\t\t\t\t\t\t399\t\t\t\t\t<\/td>\n\t\t\t\t\t\t\t\t\t<td data-col=\"image\" data-label=\"Image\" data-sort=\"\">\n\t\t\t\t\t\t<a class=\"fdk-img-zoom\" href=\"https:\/\/aecniger.org\/wp-content\/uploads\/2026\/08\/Equite-genre-dans-les-politiques-et-financements-de-lEducation-au-Niger.jpg\" aria-label=\"View image: \u00c9quit\u00e9 genre dans les politiques et le financement de l\u2019\u00c9ducation au Niger\"><img loading=\"lazy\" decoding=\"async\" width=\"212\" height=\"300\" data-src=\"https:\/\/aecniger.org\/wp-content\/uploads\/2026\/08\/Equite-genre-dans-les-politiques-et-financements-de-lEducation-au-Niger-212x300.jpg\" src=\"\/\/www.w3.org\/2000\/svg&apos; width=&apos;10&apos; height=&apos;10&apos;\/%3E\" class=\"wpnd-mhpro-lazy lazyload fdk-tile-thumb wp-post-image\" alt=\"\" loading=\"lazy\" \/><\/a>\t\t\t\t\t<\/td>\n\t\t\t\t\t\t\t\t\t<td data-col=\"title\" data-label=\"Title\" data-sort=\"\u00c9quit\u00e9 genre dans les politiques et le financement de l\u2019\u00c9ducation au niger\">\n\t\t\t\t\t\t<a href=\"https:\/\/aecniger.org\/index.php\/document\/equite-genre-dans-les-politiques-et-le-financement-de-leducation-au-niger\/\">\u00c9quit\u00e9 genre dans les politiques et le financement de l\u2019\u00c9ducation au Niger<\/a>\t\t\t\t\t<\/td>\n\t\t\t\t\t\t\t\t\t<td data-col=\"excerpt\" data-label=\"Summary\" data-sort=\"quarante sept (47) ans apr\u00e8s son accession \u00e0 l\u2019ind\u00e9pendance, le niger fait toujours partie des pays les pauvres du\nmonde. le revenu par t\u00eate a enregistr\u00e9 une baisse tendancielle de 53% entre 1975 et 2002 ; et, entre 1997 et\n2002, il est pass\u00e9 de 390 dollars us \u00e0 180 dollars. sur une population\">\n\t\t\t\t\t\tQuarante sept (47) ans apr\u00e8s son accession \u00e0 l\u2019ind\u00e9pendance, le Niger fait toujours partie des pays les pauvres du\nmonde. Le revenu par t\u00eate a enregistr\u00e9 une baisse tendancielle de 53% entre 1975 et 2002 ; et, entre 1997 et\n2002, il est pass\u00e9 de 390 dollars US \u00e0 180 dollars. Sur une population\t\t\t\t\t<\/td>\n\t\t\t\t\t\t\t\t\t<td data-col=\"categories\" data-label=\"Categories\" data-sort=\"\">\n\t\t\t\t\t\t<a href=\"https:\/\/aecniger.org\/index.php\/document-category\/education\/\" class=\"fdk-cat fdk-cat-link\" data-cat=\"education\">Education<\/a> <a href=\"https:\/\/aecniger.org\/index.php\/document-category\/genre\/\" class=\"fdk-cat fdk-cat-link\" data-cat=\"genre\">Genre<\/a> <a href=\"https:\/\/aecniger.org\/index.php\/document-category\/publication\/\" class=\"fdk-cat fdk-cat-link\" data-cat=\"publication\">Publication<\/a>\t\t\t\t\t<\/td>\n\t\t\t\t\t\t\t\t\t<td data-col=\"date\" data-label=\"Date\" data-sort=\"2008-08-06\">\n\t\t\t\t\t\t6 August 2008\t\t\t\t\t<\/td>\n\t\t\t\t\t\t\t\t\t<td data-col=\"size\" data-label=\"Size\" data-sort=\"607894\">\n\t\t\t\t\t\t594 KB\t\t\t\t\t<\/td>\n\t\t\t\t\t\t\t\t\t<td data-col=\"type\" data-label=\"Type\" data-sort=\"pdf\">\n\t\t\t\t\t\t<span class=\"fdk-badge\">PDF<\/span>\t\t\t\t\t<\/td>\n\t\t\t\t\t\t\t\t\t<td data-col=\"downloads\" data-label=\"Downloads\" data-sort=\"2\">\n\t\t\t\t\t\t2\t\t\t\t\t<\/td>\n\t\t\t\t\t\t\t\t\t<td data-col=\"link\" data-label=\"Download\" data-sort=\"\">\n\t\t\t\t\t\t<a class=\"fdk-dl fdk-dl-button\" href=\"https:\/\/aecniger.org\/index.php\/wp-json\/filedeck\/v1\/download\/399\" data-doc=\"399\" data-title=\"\u00c9quit\u00e9 genre dans les politiques et le financement de l\u2019\u00c9ducation au Niger\"><svg class=\"fdk-dl-icon\" viewBox=\"0 0 24 24\" width=\"14\" height=\"14\" fill=\"none\" stroke=\"currentColor\" stroke-width=\"2\" stroke-linecap=\"round\" stroke-linejoin=\"round\" style=\"vertical-align:-0.15em\" focusable=\"false\" aria-hidden=\"true\"><path d=\"M21 15v4a2 2 0 0 1-2 2H5a2 2 0 0 1-2-2v-4\"\/><path d=\"m7 10 5 5 5-5\"\/><path d=\"M12 15V3\"\/><\/svg> Download<\/a>\t\t\t\t\t<\/td>\n\t\t\t\t\t\t\t<\/tr>\n\t\t\t\t\t\t<tr data-id=\"443\"\n\t\t\t\tdata-cats=\"droit-a-leducation education publication\"\n\t\t\t\tdata-tags=\"droit-a-leducation education\">\n\t\t\t\t\t\t\t\t\t<td data-col=\"id\" data-label=\"ID\" data-sort=\"443\">\n\t\t\t\t\t\t443\t\t\t\t\t<\/td>\n\t\t\t\t\t\t\t\t\t<td data-col=\"image\" data-label=\"Image\" data-sort=\"\">\n\t\t\t\t\t\t<a class=\"fdk-img-zoom\" href=\"https:\/\/aecniger.org\/wp-content\/uploads\/2026\/08\/Droit-a-lEducation-au-Niger.jpg\" aria-label=\"View image: Le droit \u00e0 l\u2019\u00c9ducation au Niger\"><img loading=\"lazy\" decoding=\"async\" width=\"230\" height=\"300\" data-src=\"https:\/\/aecniger.org\/wp-content\/uploads\/2026\/08\/Droit-a-lEducation-au-Niger-230x300.jpg\" src=\"\/\/www.w3.org\/2000\/svg&apos; width=&apos;10&apos; height=&apos;10&apos;\/%3E\" class=\"wpnd-mhpro-lazy lazyload fdk-tile-thumb wp-post-image\" alt=\"\" loading=\"lazy\" \/><\/a>\t\t\t\t\t<\/td>\n\t\t\t\t\t\t\t\t\t<td data-col=\"title\" data-label=\"Title\" data-sort=\"le droit \u00e0 l\u2019\u00c9ducation au niger\">\n\t\t\t\t\t\t<a href=\"https:\/\/aecniger.org\/index.php\/document\/le-droit-a-leducation-au-niger\/\">Le droit \u00e0 l\u2019\u00c9ducation au Niger<\/a>\t\t\t\t\t<\/td>\n\t\t\t\t\t\t\t\t\t<td data-col=\"excerpt\" data-label=\"Summary\" data-sort=\"la pr\u00e9sente \u00e9tude est le fruit de plusieurs contributions. que soient remerci\u00e9es ici toutes les personnes qui, \u00e0 un degr\u00e9 ou \u00e0 un autre, ont soit fourni la documentation n\u00e9cessaire, rare dans ce domaine, soit apport\u00e9 des amendements fort pertinents.\n\nen particulier, nous tenons \u00e0 remercier tous les repr\u00e9sentants des organisations de la soci\u00e9t\u00e9 civile qui, nonobstant la surcharge de leurs activit\u00e9s, ont notamment pris une part active \u00e0 la collecte des donn\u00e9es. a cet \u00e9gard, nous tenons \u00e0 remercier tout singuli\u00e8rement :\namina tchemogo (aec)\nabdo lawaly (aec)\nehadj idi abdou (aec)\nmamane moussa (synatreen)\nmadame daw\u00e8ye nana fassouma (susas)\noumarou idayatou (rosen)\nalbert cha\u00efbou (aec)\nyahaya abdou (rndd)\ndiallo yacouba (rotab)\nhamadou boulama (aec)\nsoumana ma\u00efga (synaceb)\nune mention sp\u00e9ciale doit \u00eatre faite \u00e0 oxfam novib, notre partenaire dans le cadre de ce\ntravail sur le suivi et l&#039;analyse budg\u00e9taire.\nont contribu\u00e9 \u00e0 la r\u00e9daction de ce rapport :\nmoussa tchangari\nhassane boukar\nsouley adji\nabdourahamane ousmane\nmamane sani adamou\nmoutari mahamane ousmane\n_____________\navril 2008\">\n\t\t\t\t\t\tLa pr\u00e9sente \u00e9tude est le fruit de plusieurs contributions. Que soient remerci\u00e9es ici toutes les personnes qui, \u00e0 un degr\u00e9 ou \u00e0 un autre, ont soit fourni la documentation n\u00e9cessaire, rare dans ce domaine, soit apport\u00e9 des amendements fort pertinents.\n\nEn particulier, nous tenons \u00e0 remercier tous les repr\u00e9sentants des organisations de la soci\u00e9t\u00e9 civile qui, nonobstant la surcharge de leurs activit\u00e9s, ont notamment pris une part active \u00e0 la collecte des donn\u00e9es. A cet \u00e9gard, nous tenons \u00e0 remercier tout singuli\u00e8rement :\nAmina Tchemogo (AEC)\nAbdo Lawaly (AEC)\nEhadj Idi Abdou (AEC)\nMamane Moussa (SYNATREEN)\nMadame Daw\u00e8ye Nana Fassouma (SUSAS)\nOumarou Idayatou (ROSEN)\nAlbert Cha\u00efbou (AEC)\nYahaya Abdou (RNDD)\nDiallo Yacouba (ROTAB)\nHamadou Boulama (AEC)\nSoumana Ma\u00efga (SYNACEB)\nUne mention sp\u00e9ciale doit \u00eatre faite \u00e0 OXFAM NOVIB, notre partenaire dans le cadre de ce\ntravail sur le suivi et l&#039;analyse budg\u00e9taire.\nOnt contribu\u00e9 \u00e0 la r\u00e9daction de ce rapport :\nMoussa Tchangari\nHassane Boukar\nSouley Adji\nAbdourahamane Ousmane\nMamane Sani Adamou\nMoutari Mahamane Ousmane\n_____________\nAvril 2008\t\t\t\t\t<\/td>\n\t\t\t\t\t\t\t\t\t<td data-col=\"categories\" data-label=\"Categories\" data-sort=\"\">\n\t\t\t\t\t\t<a href=\"https:\/\/aecniger.org\/index.php\/document-category\/droit-a-leducation\/\" class=\"fdk-cat fdk-cat-link\" data-cat=\"droit-a-leducation\">Droit \u00e0 l&#039;\u00e9ducation<\/a> <a href=\"https:\/\/aecniger.org\/index.php\/document-category\/education\/\" class=\"fdk-cat fdk-cat-link\" data-cat=\"education\">Education<\/a> <a href=\"https:\/\/aecniger.org\/index.php\/document-category\/publication\/\" class=\"fdk-cat fdk-cat-link\" data-cat=\"publication\">Publication<\/a>\t\t\t\t\t<\/td>\n\t\t\t\t\t\t\t\t\t<td data-col=\"date\" data-label=\"Date\" data-sort=\"2008-04-08\">\n\t\t\t\t\t\t8 April 2008\t\t\t\t\t<\/td>\n\t\t\t\t\t\t\t\t\t<td data-col=\"size\" data-label=\"Size\" data-sort=\"770518\">\n\t\t\t\t\t\t752 KB\t\t\t\t\t<\/td>\n\t\t\t\t\t\t\t\t\t<td data-col=\"type\" data-label=\"Type\" data-sort=\"pdf\">\n\t\t\t\t\t\t<span class=\"fdk-badge\">PDF<\/span>\t\t\t\t\t<\/td>\n\t\t\t\t\t\t\t\t\t<td data-col=\"downloads\" data-label=\"Downloads\" data-sort=\"1\">\n\t\t\t\t\t\t1\t\t\t\t\t<\/td>\n\t\t\t\t\t\t\t\t\t<td data-col=\"link\" data-label=\"Download\" data-sort=\"\">\n\t\t\t\t\t\t<a class=\"fdk-dl fdk-dl-button\" href=\"https:\/\/aecniger.org\/index.php\/wp-json\/filedeck\/v1\/download\/443\" data-doc=\"443\" data-title=\"Le droit \u00e0 l\u2019\u00c9ducation au Niger\"><svg class=\"fdk-dl-icon\" viewBox=\"0 0 24 24\" width=\"14\" height=\"14\" fill=\"none\" stroke=\"currentColor\" stroke-width=\"2\" stroke-linecap=\"round\" stroke-linejoin=\"round\" style=\"vertical-align:-0.15em\" focusable=\"false\" aria-hidden=\"true\"><path d=\"M21 15v4a2 2 0 0 1-2 2H5a2 2 0 0 1-2-2v-4\"\/><path d=\"m7 10 5 5 5-5\"\/><path d=\"M12 15V3\"\/><\/svg> Download<\/a>\t\t\t\t\t<\/td>\n\t\t\t\t\t\t\t<\/tr>\n\t\t\t\t\t\t<tr data-id=\"461\"\n\t\t\t\tdata-cats=\"conflit-arme publication\"\n\t\t\t\tdata-tags=\"conflit-arme\">\n\t\t\t\t\t\t\t\t\t<td data-col=\"id\" data-label=\"ID\" data-sort=\"461\">\n\t\t\t\t\t\t461\t\t\t\t\t<\/td>\n\t\t\t\t\t\t\t\t\t<td data-col=\"image\" data-label=\"Image\" data-sort=\"\">\n\t\t\t\t\t\t<a class=\"fdk-img-zoom\" href=\"https:\/\/aecniger.org\/wp-content\/uploads\/2026\/08\/Conflit-arme-dans-le-nord-du-Niger.jpg\" aria-label=\"View image: R\u00e9flexion sur le conflit arm\u00e9 dans le Nord du Niger\"><img loading=\"lazy\" decoding=\"async\" width=\"218\" height=\"300\" data-src=\"https:\/\/aecniger.org\/wp-content\/uploads\/2026\/08\/Conflit-arme-dans-le-nord-du-Niger-218x300.jpg\" src=\"\/\/www.w3.org\/2000\/svg&apos; width=&apos;10&apos; height=&apos;10&apos;\/%3E\" class=\"wpnd-mhpro-lazy lazyload fdk-tile-thumb wp-post-image\" alt=\"\" loading=\"lazy\" \/><\/a>\t\t\t\t\t<\/td>\n\t\t\t\t\t\t\t\t\t<td data-col=\"title\" data-label=\"Title\" data-sort=\"r\u00e9flexion sur le conflit arm\u00e9 dans le nord du niger\">\n\t\t\t\t\t\t<a href=\"https:\/\/aecniger.org\/index.php\/document\/reflexion-sur-le-conflit-arme-dans-le-nord-du-niger\/\">R\u00e9flexion sur le conflit arm\u00e9 dans le Nord du Niger<\/a>\t\t\t\t\t<\/td>\n\t\t\t\t\t\t\t\t\t<td data-col=\"excerpt\" data-label=\"Summary\" data-sort=\"\u00abconflit arm\u00e9 dans le nord du niger : analyse des\nenjeux g\u00e9opolitiques et impacts sur le cadre\nd\u00e9mocratique\u00bb\nrapport de synth\u00e8se de la journ\u00e9e de r\u00e9flexion\norganis\u00e9e par l\u2019anddh et alternative espaces citoyens\nh\u00f4tel t\u00e9n\u00e9r\u00e9, niamey le 11 ao\u00fbt 2007\">\n\t\t\t\t\t\t\u00abConflit arm\u00e9 dans le Nord du Niger : analyse des\nenjeux g\u00e9opolitiques et impacts sur le cadre\nd\u00e9mocratique\u00bb\nRapport de synth\u00e8se de la Journ\u00e9e de r\u00e9flexion\norganis\u00e9e par l\u2019ANDDH et Alternative Espaces Citoyens\nH\u00f4tel T\u00e9n\u00e9r\u00e9, Niamey le 11 ao\u00fbt 2007\t\t\t\t\t<\/td>\n\t\t\t\t\t\t\t\t\t<td data-col=\"categories\" data-label=\"Categories\" data-sort=\"\">\n\t\t\t\t\t\t<a href=\"https:\/\/aecniger.org\/index.php\/document-category\/conflit-arme\/\" class=\"fdk-cat fdk-cat-link\" data-cat=\"conflit-arme\">Conflit arm\u00e9<\/a> <a href=\"https:\/\/aecniger.org\/index.php\/document-category\/publication\/\" class=\"fdk-cat fdk-cat-link\" data-cat=\"publication\">Publication<\/a>\t\t\t\t\t<\/td>\n\t\t\t\t\t\t\t\t\t<td data-col=\"date\" data-label=\"Date\" data-sort=\"2007-08-12\">\n\t\t\t\t\t\t12 August 2007\t\t\t\t\t<\/td>\n\t\t\t\t\t\t\t\t\t<td data-col=\"size\" data-label=\"Size\" data-sort=\"164924\">\n\t\t\t\t\t\t161 KB\t\t\t\t\t<\/td>\n\t\t\t\t\t\t\t\t\t<td data-col=\"type\" data-label=\"Type\" data-sort=\"pdf\">\n\t\t\t\t\t\t<span class=\"fdk-badge\">PDF<\/span>\t\t\t\t\t<\/td>\n\t\t\t\t\t\t\t\t\t<td data-col=\"downloads\" data-label=\"Downloads\" data-sort=\"0\">\n\t\t\t\t\t\t0\t\t\t\t\t<\/td>\n\t\t\t\t\t\t\t\t\t<td data-col=\"link\" data-label=\"Download\" data-sort=\"\">\n\t\t\t\t\t\t<a class=\"fdk-dl fdk-dl-button\" href=\"https:\/\/aecniger.org\/index.php\/wp-json\/filedeck\/v1\/download\/461\" data-doc=\"461\" data-title=\"R\u00e9flexion sur le conflit arm\u00e9 dans le Nord du Niger\"><svg class=\"fdk-dl-icon\" viewBox=\"0 0 24 24\" width=\"14\" height=\"14\" fill=\"none\" stroke=\"currentColor\" stroke-width=\"2\" stroke-linecap=\"round\" stroke-linejoin=\"round\" style=\"vertical-align:-0.15em\" focusable=\"false\" aria-hidden=\"true\"><path d=\"M21 15v4a2 2 0 0 1-2 2H5a2 2 0 0 1-2-2v-4\"\/><path d=\"m7 10 5 5 5-5\"\/><path d=\"M12 15V3\"\/><\/svg> Download<\/a>\t\t\t\t\t<\/td>\n\t\t\t\t\t\t\t<\/tr>\n\t\t\t\t\t\t<tr data-id=\"450\"\n\t\t\t\tdata-cats=\"conflit-arme coup-detat politique publication transition-militaire\"\n\t\t\t\tdata-tags=\"conflit-arme coup-detat-constitutionnel transition-militaire\">\n\t\t\t\t\t\t\t\t\t<td data-col=\"id\" data-label=\"ID\" data-sort=\"450\">\n\t\t\t\t\t\t450\t\t\t\t\t<\/td>\n\t\t\t\t\t\t\t\t\t<td data-col=\"image\" data-label=\"Image\" data-sort=\"\">\n\t\t\t\t\t\t<a class=\"fdk-img-zoom\" href=\"https:\/\/aecniger.org\/wp-content\/uploads\/2026\/07\/Le-Niger-a-la-croisee.jpg\" aria-label=\"View image: Le Niger \u00e0 la crois\u00e9e des chemins\"><img loading=\"lazy\" decoding=\"async\" width=\"231\" height=\"300\" data-src=\"https:\/\/aecniger.org\/wp-content\/uploads\/2026\/07\/Le-Niger-a-la-croisee-231x300.jpg\" src=\"\/\/www.w3.org\/2000\/svg&apos; width=&apos;10&apos; height=&apos;10&apos;\/%3E\" class=\"wpnd-mhpro-lazy lazyload fdk-tile-thumb wp-post-image\" alt=\"\" loading=\"lazy\" \/><\/a>\t\t\t\t\t<\/td>\n\t\t\t\t\t\t\t\t\t<td data-col=\"title\" data-label=\"Title\" data-sort=\"le niger \u00e0 la crois\u00e9e des chemins\">\n\t\t\t\t\t\t<a href=\"https:\/\/aecniger.org\/index.php\/document\/le-niger-a-la-croisee-des-chemins\/\">Le Niger \u00e0 la crois\u00e9e des chemins<\/a>\t\t\t\t\t<\/td>\n\t\t\t\t\t\t\t\t\t<td data-col=\"excerpt\" data-label=\"Summary\" data-sort=\"ce rapport est une synth\u00e8se des communications et des propos tenus par les participants \u00e0 la\njourn\u00e9e de r\u00e9flexion du 11 ao\u00fbt 2007 sur le th\u00e8me : \u00ab conflit arm\u00e9 dans le nord du niger :\nanalyse des enjeux g\u00e9opolitiques et impacts sur le cadre d\u00e9mocratique \u00bb. les opinions qui y\nsont exprim\u00e9es ne refl\u00e8tent pas n\u00e9cessairement la vision et la position de alternative espaces\ncitoyens et de l\u2019association nig\u00e9rienne de d\u00e9fense des droits de l\u2019homme (anddh).\nle pr\u00e9sent rapport s\u2019efforce de rendre compte des id\u00e9es forces qui ont \u00e9t\u00e9 exprim\u00e9es au cours\nde cette r\u00e9flexion collective. certains participants trouveront certainement qu\u2019il ne rend pas\ncompte de toutes les id\u00e9es qu\u2019ils ont exprim\u00e9es ; d\u2019autres trouveront peut-\u00eatre que leurs id\u00e9es ont \u00e9t\u00e9 rendues par des mots qui ne sont pas les leurs. nous demandons leur compr\u00e9hension.\">\n\t\t\t\t\t\tCe rapport est une synth\u00e8se des communications et des propos tenus par les participants \u00e0 la\njourn\u00e9e de r\u00e9flexion du 11 ao\u00fbt 2007 sur le th\u00e8me : \u00ab Conflit arm\u00e9 dans le Nord du Niger :\nAnalyse des enjeux g\u00e9opolitiques et impacts sur le cadre d\u00e9mocratique \u00bb. Les opinions qui y\nsont exprim\u00e9es ne refl\u00e8tent pas n\u00e9cessairement la vision et la position de Alternative Espaces\nCitoyens et de l\u2019Association Nig\u00e9rienne de D\u00e9fense des Droits de l\u2019Homme (ANDDH).\nLe pr\u00e9sent rapport s\u2019efforce de rendre compte des id\u00e9es forces qui ont \u00e9t\u00e9 exprim\u00e9es au cours\nde cette r\u00e9flexion collective. Certains participants trouveront certainement qu\u2019il ne rend pas\ncompte de toutes les id\u00e9es qu\u2019ils ont exprim\u00e9es ; d\u2019autres trouveront peut-\u00eatre que leurs id\u00e9es ont \u00e9t\u00e9 rendues par des mots qui ne sont pas les leurs. Nous demandons leur compr\u00e9hension.\t\t\t\t\t<\/td>\n\t\t\t\t\t\t\t\t\t<td data-col=\"categories\" data-label=\"Categories\" data-sort=\"\">\n\t\t\t\t\t\t<a href=\"https:\/\/aecniger.org\/index.php\/document-category\/conflit-arme\/\" class=\"fdk-cat fdk-cat-link\" data-cat=\"conflit-arme\">Conflit arm\u00e9<\/a> <a href=\"https:\/\/aecniger.org\/index.php\/document-category\/coup-detat\/\" class=\"fdk-cat fdk-cat-link\" data-cat=\"coup-detat\">Coup d\u2019\u00c9tat<\/a> <a href=\"https:\/\/aecniger.org\/index.php\/document-category\/politique\/\" class=\"fdk-cat fdk-cat-link\" data-cat=\"politique\">Politique<\/a> <a href=\"https:\/\/aecniger.org\/index.php\/document-category\/publication\/\" class=\"fdk-cat fdk-cat-link\" data-cat=\"publication\">Publication<\/a> <a href=\"https:\/\/aecniger.org\/index.php\/document-category\/transition-militaire\/\" class=\"fdk-cat fdk-cat-link\" data-cat=\"transition-militaire\">Transition militaire<\/a>\t\t\t\t\t<\/td>\n\t\t\t\t\t\t\t\t\t<td data-col=\"date\" data-label=\"Date\" data-sort=\"2007-08-08\">\n\t\t\t\t\t\t8 August 2007\t\t\t\t\t<\/td>\n\t\t\t\t\t\t\t\t\t<td data-col=\"size\" data-label=\"Size\" data-sort=\"464848\">\n\t\t\t\t\t\t454 KB\t\t\t\t\t<\/td>\n\t\t\t\t\t\t\t\t\t<td data-col=\"type\" data-label=\"Type\" data-sort=\"pdf\">\n\t\t\t\t\t\t<span class=\"fdk-badge\">PDF<\/span>\t\t\t\t\t<\/td>\n\t\t\t\t\t\t\t\t\t<td data-col=\"downloads\" data-label=\"Downloads\" data-sort=\"2\">\n\t\t\t\t\t\t2\t\t\t\t\t<\/td>\n\t\t\t\t\t\t\t\t\t<td data-col=\"link\" data-label=\"Download\" data-sort=\"\">\n\t\t\t\t\t\t<a class=\"fdk-dl fdk-dl-button\" href=\"https:\/\/aecniger.org\/index.php\/wp-json\/filedeck\/v1\/download\/450\" data-doc=\"450\" data-title=\"Le Niger \u00e0 la crois\u00e9e des chemins\"><svg class=\"fdk-dl-icon\" viewBox=\"0 0 24 24\" width=\"14\" height=\"14\" fill=\"none\" stroke=\"currentColor\" stroke-width=\"2\" stroke-linecap=\"round\" stroke-linejoin=\"round\" style=\"vertical-align:-0.15em\" focusable=\"false\" aria-hidden=\"true\"><path d=\"M21 15v4a2 2 0 0 1-2 2H5a2 2 0 0 1-2-2v-4\"\/><path d=\"m7 10 5 5 5-5\"\/><path d=\"M12 15V3\"\/><\/svg> Download<\/a>\t\t\t\t\t<\/td>\n\t\t\t\t\t\t\t<\/tr>\n\t\t\t\t\t\t<\/tbody>\n\t\t<\/table>\n\t\t\t\t<p class=\"fdk-empty\" hidden><span class=\"fdk-empty-msg\">No documents found.<\/span><\/p>\n\t\t\t\t\n\t\t\t<nav class=\"fdk-pagination\" aria-label=\"Document library pagination\"><\/nav>\n\n\t\t\t\n\t\t\t\n\t\t\t\t\t\t\t\t\t\t<div class=\"fdk-modal fdk-preview-modal\" hidden>\n\t\t\t\t\t<div class=\"fdk-modal-box fdk-modal-wide\">\n\t\t\t\t\t\t<button type=\"button\" class=\"fdk-modal-close\" aria-label=\"Close\">&times;<\/button>\n\t\t\t\t\t\t<div class=\"fdk-preview-body\"><\/div>\n\t\t\t\t\t<\/div>\n\t\t\t\t<\/div>\n\t\t\t\n\t\t\t\t\t\t\t<script class=\"fdk-index\" type=\"application\/json\">\n[{\"id\":374,\"text\":\"agir en faveur du droit a l&#8217;alimentation guide d\\u2019information et d\\u2019action a l\\u2019attention des acteurs de la societe civile sahelienne\\nauteurs\\nsaidou arji\\nmoussa tchangari\\nrelecture\\nabdourahamane ousmane\\nbadie hima\\ngraphisme de couverture\\nwilfrid mama\\noctobre 2008 alimentation publication alimentation pdf_agir_en_faveur_du_droit_a_l_alimentation.pdf pdf\",\"cats\":[\"alimentation\",\"publication\"],\"tags\":[\"alimentation\"],\"facets\":{},\"title\":\"Agir en faveur du droit \\u00e0 l&#8217;alimentation\",\"cat\":\"Alimentation\",\"type\":\"PDF\",\"size\":\"859 KB\",\"date\":\"5 August 2026\",\"thumb\":\"https:\\\/\\\/aecniger.org\\\/wp-content\\\/uploads\\\/2026\\\/07\\\/Agir-en-faveur-du-droit-a-l-alimentation-Copie.jpg\"},{\"id\":483,\"text\":\"remaniement du gouvernement : rien a attendre !  journal journal journal-alternative_409.pdf pdf\",\"cats\":[\"journal\"],\"tags\":[\"journal\"],\"facets\":{},\"title\":\"REMANIEMENT DU GOUVERNEMENT : Rien \\u00e0 attendre !\",\"cat\":\"Journal\",\"type\":\"PDF\",\"size\":\"370 KB\",\"date\":\"9 July 2013\",\"thumb\":\"https:\\\/\\\/aecniger.org\\\/wp-content\\\/uploads\\\/2026\\\/08\\\/journal-num-409-212x300.jpg\"},{\"id\":425,\"text\":\"introduire le genre dans les processus budgetaires locaux depuis 2006, l\\u2019associa@on alterna@ve espaces citoyens travaille sur les processus\\nbudgetaires na@onaux et locaux avec l\\u2019ambi@on de contribuer, par le biais de l\\u2019analyse et du suivi budgetaires, a la realisa@on des droits economiques, sociaux et culturels consacres par les instruments juridiques interna@onaux, regionaux et\\nna@onaux. le present guide a ete ini@e dans le cadre du projet \\u00ab promo2on de la\\npar2cipa2on citoyenne des femmes aux processus budgetaires locaux au niger \\u00bb,\\nfinance par le fonds des na@ons unies pour la democra@e (fnud). budget genre publication budget genre pdf_introduire_le_genre_dans_les_processus_budgetaires_locaux.pdf pdf\",\"cats\":[\"budget\",\"genre\",\"publication\"],\"tags\":[\"budget\",\"genre\"],\"facets\":{},\"title\":\"Introduire le genre dans les processus budg\\u00e9taires locaux\",\"cat\":\"Budget\",\"type\":\"PDF\",\"size\":\"3.6 MB\",\"date\":\"7 July 2013\",\"thumb\":\"https:\\\/\\\/aecniger.org\\\/wp-content\\\/uploads\\\/2026\\\/08\\\/Introduire-le-genre-dans-les-processus-budgetaires-locaux-au-Niger-300x300.jpg\"},{\"id\":479,\"text\":\"attentats a agadez et arlit : le prix d\\u2019un discours belliqueux !  journal journal journal-alternative_408.pdf pdf\",\"cats\":[\"journal\"],\"tags\":[\"journal\"],\"facets\":{},\"title\":\"ATTENTATS \\u00c0 AGADEZ ET ARLIT : Le prix d\\u2019un discours belliqueux !\",\"cat\":\"Journal\",\"type\":\"PDF\",\"size\":\"606 KB\",\"date\":\"30 May 2013\",\"thumb\":\"https:\\\/\\\/aecniger.org\\\/wp-content\\\/uploads\\\/2026\\\/08\\\/journal-num-408-210x300.jpg\"},{\"id\":429,\"text\":\"le droit a l&#8217;alimentation a l&#8217;epreuve des crises alimentaires au cours de l\\u2019annee 2012, le niger a enregistre, pour la troisieme fois en l\\u2019espace d\\u2019une decennie, une crise alimentaire affectant une proportion de la population\\nsuperieure a trois (3) millions de personnes. les resultats de l\\u2019enquete sur la vulne-\\nrabilite des menages a l\\u2019insecurite alimentaire, conduite en novembre 2011 par le\\ncc\\\/sap et l\\u2019ins, indiquaient que 34,9% des menages, soit 5 458 871 personnes,\\netaient dans une situation d\\u2019insecurite alimentaire, dont 8,5% (1 324 435 personnes) en insecurite alimentaire severe et 26,4% (4 134 436 personnes) en insecurite\\nalimentaire moderee.  alimentation droit a l'alimentation publication crise alimentaire droit a l'alimentation pdf_le_droit_a_l_alimentation_a_l_epreuve_des_crises_alimentaires.pdf pdf\",\"cats\":[\"alimentation\",\"droit-a-lalimentation\",\"publication\"],\"tags\":[\"crise-alimentaire\",\"droit-a-lalimentation\"],\"facets\":{},\"title\":\"Le Droit \\u00e0 l&#8217;alimentation \\u00e0 l&#8217;\\u00e9preuve des crises alimentaires\",\"cat\":\"Alimentation\",\"type\":\"PDF\",\"size\":\"1.2 MB\",\"date\":\"7 May 2013\",\"thumb\":\"https:\\\/\\\/aecniger.org\\\/wp-content\\\/uploads\\\/2026\\\/08\\\/Droit_Alimentation_a_L_Epreuve_des_Crises-230x300.jpg\"},{\"id\":473,\"text\":\"gestion des inondations : le gouvernement navigue a vue  journal journal journal-alternative_400.pdf pdf\",\"cats\":[\"journal\"],\"tags\":[\"journal\"],\"facets\":{},\"title\":\"GESTION DES INONDATIONS : Le gouvernement navigue \\u00e0 vue\",\"cat\":\"Journal\",\"type\":\"PDF\",\"size\":\"393 KB\",\"date\":\"31 August 2012\",\"thumb\":\"https:\\\/\\\/aecniger.org\\\/wp-content\\\/uploads\\\/2026\\\/08\\\/journal-num-400-214x300.jpg\"},{\"id\":452,\"text\":\"prevenir et gerer les crises alimentaires au niger apres un processus consultatif engage en 2007, les ministres en charge de l\\u2019agriculture et\\nde l\\u2019alimentation des pays membres de la cedeao, de la mauritanie et du tchad ont adopte,\\nle 17 novembre 2011, la charte pour la prevention et la gestion des crises alimentaires. cette\\ncharte est une version revisee de la charte de l\\u2019aide alimentaire adoptee en 1990 par les pays\\nmembres du cilss et les donateurs membres du club du sahel. elle est un code de conduite\\nengageant les gouvernements, les organisations inter-gouvernementales, les organisations de\\nla societe civile et les partenaires techniques et financiers engages dans la prevention et la\\ngestion des crises alimentaires. crise alimentaire publication crise alimentaire pdf_prevenir_et_gerer_les_crises_alimentaires_au_niger.pdf pdf\",\"cats\":[\"crise-alimentaire\",\"publication\"],\"tags\":[\"crise-alimentaire\"],\"facets\":{},\"title\":\"Pr\\u00e9venir et g\\u00e9rer les crises alimentaires au Niger\",\"cat\":\"Crise alimentaire\",\"type\":\"PDF\",\"size\":\"556 KB\",\"date\":\"8 August 2012\",\"thumb\":\"https:\\\/\\\/aecniger.org\\\/wp-content\\\/uploads\\\/2026\\\/08\\\/Preveneir_et_gerer_les_Crises_alimentaires-au-Niger-230x300.jpg\"},{\"id\":402,\"text\":\"flambees des prix des denrees alimentaires quelles mesures concretes pour proteger les\\npopulations vulnerables ?\\nraport de synthese de la journee de reflexion organisee par : aec, anddh, aren, mooriben, timidria alimentation publication prix pdf_flambees_des_prix_des_denrees_alimentaires.pdf pdf\",\"cats\":[\"alimentation\",\"publication\"],\"tags\":[\"prix\"],\"facets\":{},\"title\":\"Flamb\\u00e9es des prix des denr\\u00e9es alimentaires\",\"cat\":\"Alimentation\",\"type\":\"PDF\",\"size\":\"384 KB\",\"date\":\"16 October 2011\",\"thumb\":\"https:\\\/\\\/aecniger.org\\\/wp-content\\\/uploads\\\/2026\\\/08\\\/Flambee-prix-denrees-alimentaires-212x300.jpg\"},{\"id\":414,\"text\":\"gratuite des soins de sante dans la communaute urbaine de niamey le niger, ou plus de 60 % de la population vit en dessous du\\nseuil de pauvrete a adopte en avril 2006 une politique\\nd\\u2019exemption ciblee de paiement dite \\u00ab gratuite des soins \\u00bb au\\nprofit des enfants de 0 a 5 ans, des femmes pour la cesarienne, les consultations prenatales, le depistage et la prise\\nen charge de certains cancers feminins.  publication sante niamey sante soins pdf_gratuite_des_soins_de_sante_dans_la_communaute_urbaine_de_niamey.pdf pdf\",\"cats\":[\"publication\",\"sante\"],\"tags\":[\"niamey\",\"sante\",\"soins\"],\"facets\":{},\"title\":\"Gratuit\\u00e9 des soins de sant\\u00e9 dans la Communaut\\u00e9 urbaine de Niamey\",\"cat\":\"Publication\",\"type\":\"PDF\",\"size\":\"1.7 MB\",\"date\":\"7 March 2011\",\"thumb\":\"https:\\\/\\\/aecniger.org\\\/wp-content\\\/uploads\\\/2026\\\/08\\\/Gratuite-soins-de-sante-dans-la-communaute-urbaine-de-Niamey-200x300.jpg\"},{\"id\":393,\"text\":\"combattre la faim au sahel rapport de synthese du forum thematique :\\ndroit a l\\u2019alimentation et souverainete alimentaire, octobre - 2010\\n\\nle present rapport de synthese a ete realise par une equipe composee notamment de :\\nmr. chaibou boubacar, mme mounkaila aichatou seyni et mme abdoulaye mariama diallo. alimentation publication sahel alimentation faim sahel pdf_combattre_la_faim_au_sahel.pdf pdf\",\"cats\":[\"alimentation\",\"publication\",\"sahel\"],\"tags\":[\"alimentation\",\"faim\",\"sahel\"],\"facets\":{},\"title\":\"Combattre la faim au Sahel\",\"cat\":\"Alimentation\",\"type\":\"PDF\",\"size\":\"1.2 MB\",\"date\":\"6 October 2010\",\"thumb\":\"https:\\\/\\\/aecniger.org\\\/wp-content\\\/uploads\\\/2026\\\/07\\\/Combattre-la-faim-au-Sahel-Copie-227x300.jpg\"},{\"id\":433,\"text\":\"le droit a l&#8217;eau potable au niger selon un rapport conjoint oms\\\/unicef publie en 2010, pres de 900 millions de personnes a\\ntravers le monde n\\u2019ont pas acces a une eau potable, et pres de 2,6 milliards n\\u2019ont pas acces\\na un assainissement ameliore. la majorite de ces personnes vivent dans les pays du tiers monde ; et l\\u2019afrique subsaharienne concentre a elle seule un tiers (37%) des personnes privees d\\u2019eau potable. droit a l'eau potable publication droit a l'eau potable pdf_le_droit_a_l_eaupotable_au_niger.pdf pdf\",\"cats\":[\"droit-a-leau-potable\",\"publication\"],\"tags\":[\"droit-a-leau-potable\"],\"facets\":{},\"title\":\"Le Droit \\u00e0 l&#8217;eau potable au Niger\",\"cat\":\"Droit \\u00e0 l'eau potable\",\"type\":\"PDF\",\"size\":\"603 KB\",\"date\":\"7 August 2010\",\"thumb\":\"https:\\\/\\\/aecniger.org\\\/wp-content\\\/uploads\\\/2026\\\/08\\\/Droit-a-lEau-potable-au-Niger-230x300.jpg\"},{\"id\":455,\"text\":\"rapport journees de reflexion sur la transition \\u00abtransition vers la democratie au niger :\\nanalyses et propositions pour batir un veritable\\netat de droit et realiser des avancees\\ndemocratiques\\u00bb\\nrapport de synthese des journees de reflexion\\norganisees par l\\u2019anddh et alternative espaces citoyens\\nhotel tenere, niamey les 13 et 14 mars 2010 democratie etat de droit politique publication transition militaire democratie etat de droit transition pdf_rapport_journees_de_reflexion_sur_la_transition.pdf pdf\",\"cats\":[\"democratie\",\"etat-de-droit\",\"politique\",\"publication\",\"transition-militaire\"],\"tags\":[\"democratie\",\"etat-de-droit\",\"transition\"],\"facets\":{},\"title\":\"Rapport Journ\\u00e9es de R\\u00e9flexion sur la Transition\",\"cat\":\"D\\u00e9mocratie\",\"type\":\"PDF\",\"size\":\"242 KB\",\"date\":\"15 March 2010\",\"thumb\":\"https:\\\/\\\/aecniger.org\\\/wp-content\\\/uploads\\\/2026\\\/08\\\/Transition-vers-la-democratie-au-Niger-217x300.jpg\"},{\"id\":447,\"text\":\"le droit a la sante au niger la presente etude est le fruit de plusieurs contributions. que soient remerciees ici\\ntoutes les personnes qui, a un degre ou a un autre, ont soit fourni la documentation\\nnecessaire, rare dansce domaine, soit apporte des amendements fort pertinents. en\\nparticulier, nous tenons a remercier tous les representants des organisations de la\\nsociete civile qui, nonobstant la surcharge de leurs activites, ont notamment pris\\nune part active a la collecte des donnees. a cet egard, nous tenons a remercier tout\\nsingulierement :\\nabdo lawaly (aec)\\nabdou yahouza (aren)\\namina tchemogo (aec)\\nbalkissa hamidou (aec)\\nelhadj idi abdou (aec)\\nibrahim diori (aec)\\ndaweye nana fassouma (susas)\\nmariama chipkaou (snen)\\nramatou diarra (mapadev)\\nune mention speciale doit etre faite a oxfam novib, notre partenaire dans le\\ncadre de ce travail sur le suivi et l'analyse budgetaire.\\nont contribue a la redaction de ce rapport :\\nmoussa tchangari\\nhassane boukar\\nmoussa salifou\\nsouley adji\\nabdourahamane ousmane\\n_____________\\ndecembre 2009 droit a la sante publication sante droit a la sante pdf_le_droit_a_la_sante_au_niger.pdf pdf\",\"cats\":[\"droit-a-la-sante\",\"publication\",\"sante\"],\"tags\":[\"droit-a-la-sante\"],\"facets\":{},\"title\":\"Le Droit \\u00e0 la Sant\\u00e9 au Niger\",\"cat\":\"Droit \\u00e0 la Sant\\u00e9\",\"type\":\"PDF\",\"size\":\"730 KB\",\"date\":\"8 December 2009\",\"thumb\":\"https:\\\/\\\/aecniger.org\\\/wp-content\\\/uploads\\\/2026\\\/08\\\/Droit-a-la-Sante-au-Niger-230x300.jpg\"},{\"id\":395,\"text\":\"constitutional referendum in niger 2009 \\u201cconstitutional referendum in niger: political stakes and\\nimpacts on the preservation of the democratic framework\\u201d\\nsynthesis report of the day of reflection organized by\\nalternative citizen spaces\\nhotel tenere, niamey, 31 may 2009\\nreporters:\\nalbert chaibou, hamadou boulama tcherno et a.t. moussa tchangari constitution politique publication politique referendum pdf_constitutional_referendum_in_niger_2009.pdf pdf\",\"cats\":[\"constitution\",\"politique\",\"publication\"],\"tags\":[\"politique\",\"referendum\"],\"facets\":{},\"title\":\"Constitutional referendum in Niger 2009\",\"cat\":\"Constitution\",\"type\":\"PDF\",\"size\":\"182 KB\",\"date\":\"31 May 2009\",\"thumb\":\"https:\\\/\\\/aecniger.org\\\/wp-content\\\/uploads\\\/2026\\\/08\\\/Constitutional-referendum-in-Niger-212x300.jpg\"},{\"id\":458,\"text\":\"referendum constitutionnel au niger &#8211; 2009 \\u00abreferendum constitutionnel au niger :\\nenjeux politiques et impacts sur la\\npreservation du cadre democratique\\u00bb\\nrapport de synthese de la journee de reflexion\\norganisee par alternative espaces citoyens\\nhotel tenere, niamey le 31 mai 2009 constitution publication referendum referendum pdf_referendum_constitutuionnel_au_niger_2009.pdf pdf\",\"cats\":[\"constitution\",\"publication\",\"referendum\"],\"tags\":[\"referendum\"],\"facets\":{},\"title\":\"Referendum Constitutionnel au Niger &#8211; 2009\",\"cat\":\"Constitution\",\"type\":\"PDF\",\"size\":\"191 KB\",\"date\":\"31 May 2009\",\"thumb\":\"https:\\\/\\\/aecniger.org\\\/wp-content\\\/uploads\\\/2026\\\/08\\\/Referendum-Constitutuionnel-au-Niger-212x300.jpg\"},{\"id\":399,\"text\":\"equite genre dans les politiques et le financement de l\\u2019education au niger quarante sept (47) ans apres son accession a l\\u2019independance, le niger fait toujours partie des pays les pauvres du\\nmonde. le revenu par tete a enregistre une baisse tendancielle de 53% entre 1975 et 2002 ; et, entre 1997 et\\n2002, il est passe de 390 dollars us a 180 dollars. sur une population education genre publication financement genre politique pdf_equite_genre_dans_les_politiques_et_le_financement_de_l_education_au_niger.pdf pdf\",\"cats\":[\"education\",\"genre\",\"publication\"],\"tags\":[\"financement\",\"genre\",\"politique\"],\"facets\":{},\"title\":\"\\u00c9quit\\u00e9 genre dans les politiques et le financement de l\\u2019\\u00c9ducation au Niger\",\"cat\":\"Education\",\"type\":\"PDF\",\"size\":\"594 KB\",\"date\":\"6 August 2008\",\"thumb\":\"https:\\\/\\\/aecniger.org\\\/wp-content\\\/uploads\\\/2026\\\/08\\\/Equite-genre-dans-les-politiques-et-financements-de-lEducation-au-Niger-212x300.jpg\"},{\"id\":443,\"text\":\"le droit a l\\u2019education au niger la presente etude est le fruit de plusieurs contributions. que soient remerciees ici toutes les personnes qui, a un degre ou a un autre, ont soit fourni la documentation necessaire, rare dans ce domaine, soit apporte des amendements fort pertinents.\\n\\nen particulier, nous tenons a remercier tous les representants des organisations de la societe civile qui, nonobstant la surcharge de leurs activites, ont notamment pris une part active a la collecte des donnees. a cet egard, nous tenons a remercier tout singulierement :\\namina tchemogo (aec)\\nabdo lawaly (aec)\\nehadj idi abdou (aec)\\nmamane moussa (synatreen)\\nmadame daweye nana fassouma (susas)\\noumarou idayatou (rosen)\\nalbert chaibou (aec)\\nyahaya abdou (rndd)\\ndiallo yacouba (rotab)\\nhamadou boulama (aec)\\nsoumana maiga (synaceb)\\nune mention speciale doit etre faite a oxfam novib, notre partenaire dans le cadre de ce\\ntravail sur le suivi et l'analyse budgetaire.\\nont contribue a la redaction de ce rapport :\\nmoussa tchangari\\nhassane boukar\\nsouley adji\\nabdourahamane ousmane\\nmamane sani adamou\\nmoutari mahamane ousmane\\n_____________\\navril 2008 droit a l'education education publication droit a l'education education pdf_le_droit_a_l_education_au_niger.pdf pdf\",\"cats\":[\"droit-a-leducation\",\"education\",\"publication\"],\"tags\":[\"droit-a-leducation\",\"education\"],\"facets\":{},\"title\":\"Le droit \\u00e0 l\\u2019\\u00c9ducation au Niger\",\"cat\":\"Droit \\u00e0 l'\\u00e9ducation\",\"type\":\"PDF\",\"size\":\"752 KB\",\"date\":\"8 April 2008\",\"thumb\":\"https:\\\/\\\/aecniger.org\\\/wp-content\\\/uploads\\\/2026\\\/08\\\/Droit-a-lEducation-au-Niger-230x300.jpg\"},{\"id\":461,\"text\":\"reflexion sur le conflit arme dans le nord du niger \\u00abconflit arme dans le nord du niger : analyse des\\nenjeux geopolitiques et impacts sur le cadre\\ndemocratique\\u00bb\\nrapport de synthese de la journee de reflexion\\norganisee par l\\u2019anddh et alternative espaces citoyens\\nhotel tenere, niamey le 11 aout 2007 conflit arme publication conflit arme pdf_reflexion_sur_le_conflit_arme_dans_le_nord_du_niger.pdf pdf\",\"cats\":[\"conflit-arme\",\"publication\"],\"tags\":[\"conflit-arme\"],\"facets\":{},\"title\":\"R\\u00e9flexion sur le conflit arm\\u00e9 dans le Nord du Niger\",\"cat\":\"Conflit arm\\u00e9\",\"type\":\"PDF\",\"size\":\"161 KB\",\"date\":\"12 August 2007\",\"thumb\":\"https:\\\/\\\/aecniger.org\\\/wp-content\\\/uploads\\\/2026\\\/08\\\/Conflit-arme-dans-le-nord-du-Niger-218x300.jpg\"},{\"id\":450,\"text\":\"le niger a la croisee des chemins ce rapport est une synthese des communications et des propos tenus par les participants a la\\njournee de reflexion du 11 aout 2007 sur le theme : \\u00ab conflit arme dans le nord du niger :\\nanalyse des enjeux geopolitiques et impacts sur le cadre democratique \\u00bb. les opinions qui y\\nsont exprimees ne refletent pas necessairement la vision et la position de alternative espaces\\ncitoyens et de l\\u2019association nigerienne de defense des droits de l\\u2019homme (anddh).\\nle present rapport s\\u2019efforce de rendre compte des idees forces qui ont ete exprimees au cours\\nde cette reflexion collective. certains participants trouveront certainement qu\\u2019il ne rend pas\\ncompte de toutes les idees qu\\u2019ils ont exprimees ; d\\u2019autres trouveront peut-etre que leurs idees ont ete rendues par des mots qui ne sont pas les leurs. nous demandons leur comprehension. conflit arme coup d\\u2019etat politique publication transition militaire conflit arme coup d\\u2019etat constitutionnel transition militaire pdf_le_niger_a_la_croisee_des_chemins.pdf pdf\",\"cats\":[\"conflit-arme\",\"coup-detat\",\"politique\",\"publication\",\"transition-militaire\"],\"tags\":[\"conflit-arme\",\"coup-detat-constitutionnel\",\"transition-militaire\"],\"facets\":{},\"title\":\"Le Niger \\u00e0 la crois\\u00e9e des chemins\",\"cat\":\"Conflit arm\\u00e9\",\"type\":\"PDF\",\"size\":\"454 KB\",\"date\":\"8 August 2007\",\"thumb\":\"https:\\\/\\\/aecniger.org\\\/wp-content\\\/uploads\\\/2026\\\/07\\\/Le-Niger-a-la-croisee-231x300.jpg\"}]\n<\/script>\n\t\t\t\t\t<\/div>\n\t\t<\/div>\n\t\t\t\t\t\t<\/div>\n\t\t\t\t<div class=\"elementor-element elementor-element-ced914c elementor-widget elementor-widget-shortcode\" data-id=\"ced914c\" data-element_type=\"widget\" data-e-type=\"widget\" data-widget_type=\"shortcode.default\">\n\t\t\t\t\t\t\t<div class=\"elementor-shortcode\">\t\t<div class=\"filedeck\" id=\"fdk-9180cb92-cbf8-4c4c-9593-627d6d97713d\"\n\t\t\t\t\t\tdata-preset=\"match-theme\" \t\t\tdata-per-page=\"15\"\n\t\t\tdata-layout=\"grid\"\n\t\t\tdata-fdk-ga=\"0\"\n\t\t\tdata-hovercard=\"1\"\n\t\t\tdata-loadmore=\"0\"\n\t\t\tdata-leads=\"0\"\n\t\t\t\t\t\t\t\t\t\t\t\t\t\t\t\t\t\t\t\t\tdata-empty-filtered=\"No documents match your search.\"\n\t\t\tdata-count-one=\"1 document\"\n\t\t\tdata-count-all=\"%d documents\"\n\t\t\tdata-count-some=\"%1$s of %2$s\"\n\t\t\t>\n\n\t\t\t\n\t\t\t<div class=\"fdk-controls\">\n\t\t\t\t<span class=\"fdk-search-field\">\n\t\t\t\t\t<svg class=\"fdk-search-icon\" viewBox=\"0 0 24 24\" width=\"15\" height=\"15\" fill=\"none\" stroke=\"currentColor\" stroke-width=\"2\" stroke-linecap=\"round\" stroke-linejoin=\"round\" focusable=\"false\" aria-hidden=\"true\"><circle cx=\"11\" cy=\"11\" r=\"8\"\/><path d=\"m21 21-4.35-4.35\"\/><\/svg>\n\t\t\t\t\t<input type=\"search\" class=\"fdk-search\"\n\t\t\t\t\t\tplaceholder=\"Search documents\u2026\"\n\t\t\t\t\t\taria-label=\"Search documents\" \/>\n\t\t\t\t\t<span class=\"fdk-search-spin\" aria-hidden=\"true\"><\/span>\n\t\t\t\t<\/span>\n\t\t\t\t\t\t\t\t\t\t\t<select class=\"fdk-filter-cat\" aria-label=\"Filter by category\">\n\t\t\t<option value=\"\">All categories<\/option>\n\t\t\t\t\t\t\t<option value=\"alimentation\">Alimentation<\/option>\n\t\t\t\t\t\t\t<option value=\"budget\">Budget<\/option>\n\t\t\t\t\t\t\t<option value=\"conflit-arme\">Conflit arm\u00e9<\/option>\n\t\t\t\t\t\t\t<option value=\"constitution\">Constitution<\/option>\n\t\t\t\t\t\t\t<option value=\"coup-detat\">Coup d\u2019\u00c9tat<\/option>\n\t\t\t\t\t\t\t<option value=\"crise-alimentaire\">Crise alimentaire<\/option>\n\t\t\t\t\t\t\t<option value=\"droit-a-lalimentation\">Droit \u00e0 l&#039;alimentation<\/option>\n\t\t\t\t\t\t\t<option value=\"droit-a-leau-potable\">Droit \u00e0 l&#039;eau potable<\/option>\n\t\t\t\t\t\t\t<option value=\"droit-a-leducation\">Droit \u00e0 l&#039;\u00e9ducation<\/option>\n\t\t\t\t\t\t\t<option value=\"droit-a-la-sante\">Droit \u00e0 la Sant\u00e9<\/option>\n\t\t\t\t\t\t\t<option value=\"democratie\">D\u00e9mocratie<\/option>\n\t\t\t\t\t\t\t<option value=\"education\">Education<\/option>\n\t\t\t\t\t\t\t<option value=\"etat-de-droit\">Etat de droit<\/option>\n\t\t\t\t\t\t\t<option value=\"genre\">Genre<\/option>\n\t\t\t\t\t\t\t<option value=\"politique\">Politique<\/option>\n\t\t\t\t\t\t\t<option value=\"publication\">Publication<\/option>\n\t\t\t\t\t\t\t<option value=\"referendum\">Referendum<\/option>\n\t\t\t\t\t\t\t<option value=\"sahel\">Sahel<\/option>\n\t\t\t\t\t\t\t<option value=\"sante\">Sant\u00e9<\/option>\n\t\t\t\t\t\t\t<option value=\"transition-militaire\">Transition militaire<\/option>\n\t\t\t\t\t<\/select>\n\t\t\t\t\t\t\t\t\t<select class=\"fdk-filter-tag\" aria-label=\"Filter by tag\">\n\t\t\t<option value=\"\">All tags<\/option>\n\t\t\t\t\t\t\t<option value=\"alimentation\">Alimentation<\/option>\n\t\t\t\t\t\t\t<option value=\"budget\">Budget<\/option>\n\t\t\t\t\t\t\t<option value=\"conflit-arme\">Conflit arm\u00e9<\/option>\n\t\t\t\t\t\t\t<option value=\"coup-detat-constitutionnel\">Coup d\u2019\u00c9tat constitutionnel<\/option>\n\t\t\t\t\t\t\t<option value=\"crise-alimentaire\">Crise alimentaire<\/option>\n\t\t\t\t\t\t\t<option value=\"droit-a-lalimentation\">Droit \u00e0 l&#039;alimentation<\/option>\n\t\t\t\t\t\t\t<option value=\"droit-a-leau-potable\">Droit \u00e0 l&#039;eau potable<\/option>\n\t\t\t\t\t\t\t<option value=\"droit-a-leducation\">Droit \u00e0 l&#039;\u00e9ducation<\/option>\n\t\t\t\t\t\t\t<option value=\"droit-a-la-sante\">Droit \u00e0 la Sant\u00e9<\/option>\n\t\t\t\t\t\t\t<option value=\"democratie\">D\u00e9mocratie<\/option>\n\t\t\t\t\t\t\t<option value=\"education\">Education<\/option>\n\t\t\t\t\t\t\t<option value=\"etat-de-droit\">Etat de droit<\/option>\n\t\t\t\t\t\t\t<option value=\"faim\">Faim<\/option>\n\t\t\t\t\t\t\t<option value=\"financement\">Financement<\/option>\n\t\t\t\t\t\t\t<option value=\"genre\">Genre<\/option>\n\t\t\t\t\t\t\t<option value=\"niamey\">Niamey<\/option>\n\t\t\t\t\t\t\t<option value=\"politique\">Politique<\/option>\n\t\t\t\t\t\t\t<option value=\"prix\">Prix<\/option>\n\t\t\t\t\t\t\t<option value=\"referendum\">R\u00e9f\u00e9rendum<\/option>\n\t\t\t\t\t\t\t<option value=\"sahel\">Sahel<\/option>\n\t\t\t\t\t\t\t<option value=\"sante\">Sant\u00e9<\/option>\n\t\t\t\t\t\t\t<option value=\"soins\">Soins<\/option>\n\t\t\t\t\t\t\t<option value=\"transition\">Transition<\/option>\n\t\t\t\t\t\t\t<option value=\"transition-militaire\">Transition militaire<\/option>\n\t\t\t\t\t<\/select>\n\t\t\t\t\t\t\t\t\t\t\t\t\t\t\t\t\t\t\t<span class=\"fdk-count\" aria-live=\"polite\"><\/span>\n\t\t\t<\/div>\n\n\t\t\t\n\t\t\t\t\t<div class=\"fdk-cards fdk-grid\">\n\t\t\t\t\t\t\t\t\t\t<div class=\"fdk-card\" data-id=\"374\"\n\t\t\t\t\tdata-cats=\"alimentation publication\"\n\t\t\t\t\tdata-tags=\"alimentation\">\n\t\t\t\t\t\t\t\t\t\t\t<div class=\"fdk-card-image\"><img loading=\"lazy\" decoding=\"async\" width=\"140\" height=\"182\" data-src=\"https:\/\/aecniger.org\/wp-content\/uploads\/2026\/07\/Agir-en-faveur-du-droit-a-l-alimentation-Copie.jpg\" src=\"\/\/www.w3.org\/2000\/svg&apos; width=&apos;10&apos; height=&apos;10&apos;\/%3E\" class=\"wpnd-mhpro-lazy lazyload fdk-tile-thumb wp-post-image\" alt=\"\" loading=\"lazy\" \/><\/div>\n\t\t\t\t\t\t\t\t\t\t<h3 class=\"fdk-card-title\">\n\t\t\t\t\t\t\t\t\t\t\t\tAgir en faveur du droit \u00e0 l&#8217;alimentation\t\t\t\t\t<\/h3>\n\t\t\t\t\t\t\t\t\t\t<p class=\"fdk-card-meta\">\n\t\t\t\t\t\t\t\t\t\t\t\t\t<span class=\"fdk-badge\">PDF<\/span>\n\t\t\t\t\t\t\t\t\t\t\t\t\t\t\t\t\t\t\t<span>859 KB<\/span>\n\t\t\t\t\t\t\t\t\t\t\t<\/p>\n\t\t\t\t\t<div class=\"fdk-card-actions\">\n\t\t\t\t\t\t<a class=\"fdk-dl fdk-dl-button\" href=\"https:\/\/aecniger.org\/index.php\/wp-json\/filedeck\/v1\/download\/374\" data-doc=\"374\" data-title=\"Agir en faveur du droit \u00e0 l&#8217;alimentation\"><svg class=\"fdk-dl-icon\" viewBox=\"0 0 24 24\" width=\"14\" height=\"14\" fill=\"none\" stroke=\"currentColor\" stroke-width=\"2\" stroke-linecap=\"round\" stroke-linejoin=\"round\" style=\"vertical-align:-0.15em\" focusable=\"false\" aria-hidden=\"true\"><path d=\"M21 15v4a2 2 0 0 1-2 2H5a2 2 0 0 1-2-2v-4\"\/><path d=\"m7 10 5 5 5-5\"\/><path d=\"M12 15V3\"\/><\/svg> Download<\/a>\t\t\t\t\t<\/div>\n\t\t\t\t<\/div>\n\t\t\t\t\t\t\t<div class=\"fdk-card\" data-id=\"425\"\n\t\t\t\t\tdata-cats=\"budget genre publication\"\n\t\t\t\t\tdata-tags=\"budget genre\">\n\t\t\t\t\t\t\t\t\t\t\t<div class=\"fdk-card-image\"><img loading=\"lazy\" decoding=\"async\" width=\"300\" height=\"300\" data-src=\"https:\/\/aecniger.org\/wp-content\/uploads\/2026\/08\/Introduire-le-genre-dans-les-processus-budgetaires-locaux-au-Niger-300x300.jpg\" src=\"\/\/www.w3.org\/2000\/svg&apos; width=&apos;10&apos; height=&apos;10&apos;\/%3E\" class=\"wpnd-mhpro-lazy lazyload fdk-tile-thumb wp-post-image\" alt=\"\" loading=\"lazy\" \/><\/div>\n\t\t\t\t\t\t\t\t\t\t<h3 class=\"fdk-card-title\">\n\t\t\t\t\t\t\t\t\t\t\t\tIntroduire le genre dans les processus budg\u00e9taires locaux\t\t\t\t\t<\/h3>\n\t\t\t\t\t\t\t\t\t\t<p class=\"fdk-card-meta\">\n\t\t\t\t\t\t\t\t\t\t\t\t\t<span class=\"fdk-badge\">PDF<\/span>\n\t\t\t\t\t\t\t\t\t\t\t\t\t\t\t\t\t\t\t<span>3.6 MB<\/span>\n\t\t\t\t\t\t\t\t\t\t\t<\/p>\n\t\t\t\t\t<div class=\"fdk-card-actions\">\n\t\t\t\t\t\t<a class=\"fdk-dl fdk-dl-button\" href=\"https:\/\/aecniger.org\/index.php\/wp-json\/filedeck\/v1\/download\/425\" data-doc=\"425\" data-title=\"Introduire le genre dans les processus budg\u00e9taires locaux\"><svg class=\"fdk-dl-icon\" viewBox=\"0 0 24 24\" width=\"14\" height=\"14\" fill=\"none\" stroke=\"currentColor\" stroke-width=\"2\" stroke-linecap=\"round\" stroke-linejoin=\"round\" style=\"vertical-align:-0.15em\" focusable=\"false\" aria-hidden=\"true\"><path d=\"M21 15v4a2 2 0 0 1-2 2H5a2 2 0 0 1-2-2v-4\"\/><path d=\"m7 10 5 5 5-5\"\/><path d=\"M12 15V3\"\/><\/svg> Download<\/a>\t\t\t\t\t<\/div>\n\t\t\t\t<\/div>\n\t\t\t\t\t\t\t<div class=\"fdk-card\" data-id=\"429\"\n\t\t\t\t\tdata-cats=\"alimentation droit-a-lalimentation publication\"\n\t\t\t\t\tdata-tags=\"crise-alimentaire droit-a-lalimentation\">\n\t\t\t\t\t\t\t\t\t\t\t<div class=\"fdk-card-image\"><img loading=\"lazy\" decoding=\"async\" width=\"230\" height=\"300\" data-src=\"https:\/\/aecniger.org\/wp-content\/uploads\/2026\/08\/Droit_Alimentation_a_L_Epreuve_des_Crises-230x300.jpg\" src=\"\/\/www.w3.org\/2000\/svg&apos; width=&apos;10&apos; height=&apos;10&apos;\/%3E\" class=\"wpnd-mhpro-lazy lazyload fdk-tile-thumb wp-post-image\" alt=\"\" loading=\"lazy\" \/><\/div>\n\t\t\t\t\t\t\t\t\t\t<h3 class=\"fdk-card-title\">\n\t\t\t\t\t\t\t\t\t\t\t\tLe Droit \u00e0 l&#8217;alimentation \u00e0 l&#8217;\u00e9preuve des crises alimentaires\t\t\t\t\t<\/h3>\n\t\t\t\t\t\t\t\t\t\t<p class=\"fdk-card-meta\">\n\t\t\t\t\t\t\t\t\t\t\t\t\t<span class=\"fdk-badge\">PDF<\/span>\n\t\t\t\t\t\t\t\t\t\t\t\t\t\t\t\t\t\t\t<span>1.2 MB<\/span>\n\t\t\t\t\t\t\t\t\t\t\t<\/p>\n\t\t\t\t\t<div class=\"fdk-card-actions\">\n\t\t\t\t\t\t<a class=\"fdk-dl fdk-dl-button\" href=\"https:\/\/aecniger.org\/index.php\/wp-json\/filedeck\/v1\/download\/429\" data-doc=\"429\" data-title=\"Le Droit \u00e0 l&#8217;alimentation \u00e0 l&#8217;\u00e9preuve des crises alimentaires\"><svg class=\"fdk-dl-icon\" viewBox=\"0 0 24 24\" width=\"14\" height=\"14\" fill=\"none\" stroke=\"currentColor\" stroke-width=\"2\" stroke-linecap=\"round\" stroke-linejoin=\"round\" style=\"vertical-align:-0.15em\" focusable=\"false\" aria-hidden=\"true\"><path d=\"M21 15v4a2 2 0 0 1-2 2H5a2 2 0 0 1-2-2v-4\"\/><path d=\"m7 10 5 5 5-5\"\/><path d=\"M12 15V3\"\/><\/svg> Download<\/a>\t\t\t\t\t<\/div>\n\t\t\t\t<\/div>\n\t\t\t\t\t\t\t<div class=\"fdk-card\" data-id=\"452\"\n\t\t\t\t\tdata-cats=\"crise-alimentaire publication\"\n\t\t\t\t\tdata-tags=\"crise-alimentaire\">\n\t\t\t\t\t\t\t\t\t\t\t<div class=\"fdk-card-image\"><img loading=\"lazy\" decoding=\"async\" width=\"230\" height=\"300\" data-src=\"https:\/\/aecniger.org\/wp-content\/uploads\/2026\/08\/Preveneir_et_gerer_les_Crises_alimentaires-au-Niger-230x300.jpg\" src=\"\/\/www.w3.org\/2000\/svg&apos; width=&apos;10&apos; height=&apos;10&apos;\/%3E\" class=\"wpnd-mhpro-lazy lazyload fdk-tile-thumb wp-post-image\" alt=\"\" loading=\"lazy\" \/><\/div>\n\t\t\t\t\t\t\t\t\t\t<h3 class=\"fdk-card-title\">\n\t\t\t\t\t\t\t\t\t\t\t\tPr\u00e9venir et g\u00e9rer les crises alimentaires au Niger\t\t\t\t\t<\/h3>\n\t\t\t\t\t\t\t\t\t\t<p class=\"fdk-card-meta\">\n\t\t\t\t\t\t\t\t\t\t\t\t\t<span class=\"fdk-badge\">PDF<\/span>\n\t\t\t\t\t\t\t\t\t\t\t\t\t\t\t\t\t\t\t<span>556 KB<\/span>\n\t\t\t\t\t\t\t\t\t\t\t<\/p>\n\t\t\t\t\t<div class=\"fdk-card-actions\">\n\t\t\t\t\t\t<a class=\"fdk-dl fdk-dl-button\" href=\"https:\/\/aecniger.org\/index.php\/wp-json\/filedeck\/v1\/download\/452\" data-doc=\"452\" data-title=\"Pr\u00e9venir et g\u00e9rer les crises alimentaires au Niger\"><svg class=\"fdk-dl-icon\" viewBox=\"0 0 24 24\" width=\"14\" height=\"14\" fill=\"none\" stroke=\"currentColor\" stroke-width=\"2\" stroke-linecap=\"round\" stroke-linejoin=\"round\" style=\"vertical-align:-0.15em\" focusable=\"false\" aria-hidden=\"true\"><path d=\"M21 15v4a2 2 0 0 1-2 2H5a2 2 0 0 1-2-2v-4\"\/><path d=\"m7 10 5 5 5-5\"\/><path d=\"M12 15V3\"\/><\/svg> Download<\/a>\t\t\t\t\t<\/div>\n\t\t\t\t<\/div>\n\t\t\t\t\t\t\t<div class=\"fdk-card\" data-id=\"402\"\n\t\t\t\t\tdata-cats=\"alimentation publication\"\n\t\t\t\t\tdata-tags=\"prix\">\n\t\t\t\t\t\t\t\t\t\t\t<div class=\"fdk-card-image\"><img loading=\"lazy\" decoding=\"async\" width=\"212\" height=\"300\" data-src=\"https:\/\/aecniger.org\/wp-content\/uploads\/2026\/08\/Flambee-prix-denrees-alimentaires-212x300.jpg\" src=\"\/\/www.w3.org\/2000\/svg&apos; width=&apos;10&apos; height=&apos;10&apos;\/%3E\" class=\"wpnd-mhpro-lazy lazyload fdk-tile-thumb wp-post-image\" alt=\"\" loading=\"lazy\" \/><\/div>\n\t\t\t\t\t\t\t\t\t\t<h3 class=\"fdk-card-title\">\n\t\t\t\t\t\t\t\t\t\t\t\tFlamb\u00e9es des prix des denr\u00e9es alimentaires\t\t\t\t\t<\/h3>\n\t\t\t\t\t\t\t\t\t\t<p class=\"fdk-card-meta\">\n\t\t\t\t\t\t\t\t\t\t\t\t\t<span class=\"fdk-badge\">PDF<\/span>\n\t\t\t\t\t\t\t\t\t\t\t\t\t\t\t\t\t\t\t<span>384 KB<\/span>\n\t\t\t\t\t\t\t\t\t\t\t<\/p>\n\t\t\t\t\t<div class=\"fdk-card-actions\">\n\t\t\t\t\t\t<a class=\"fdk-dl fdk-dl-button\" href=\"https:\/\/aecniger.org\/index.php\/wp-json\/filedeck\/v1\/download\/402\" data-doc=\"402\" data-title=\"Flamb\u00e9es des prix des denr\u00e9es alimentaires\"><svg class=\"fdk-dl-icon\" viewBox=\"0 0 24 24\" width=\"14\" height=\"14\" fill=\"none\" stroke=\"currentColor\" stroke-width=\"2\" stroke-linecap=\"round\" stroke-linejoin=\"round\" style=\"vertical-align:-0.15em\" focusable=\"false\" aria-hidden=\"true\"><path d=\"M21 15v4a2 2 0 0 1-2 2H5a2 2 0 0 1-2-2v-4\"\/><path d=\"m7 10 5 5 5-5\"\/><path d=\"M12 15V3\"\/><\/svg> Download<\/a>\t\t\t\t\t<\/div>\n\t\t\t\t<\/div>\n\t\t\t\t\t\t\t<div class=\"fdk-card\" data-id=\"414\"\n\t\t\t\t\tdata-cats=\"publication sante\"\n\t\t\t\t\tdata-tags=\"niamey sante soins\">\n\t\t\t\t\t\t\t\t\t\t\t<div class=\"fdk-card-image\"><img loading=\"lazy\" decoding=\"async\" width=\"200\" height=\"300\" data-src=\"https:\/\/aecniger.org\/wp-content\/uploads\/2026\/08\/Gratuite-soins-de-sante-dans-la-communaute-urbaine-de-Niamey-200x300.jpg\" src=\"\/\/www.w3.org\/2000\/svg&apos; width=&apos;10&apos; height=&apos;10&apos;\/%3E\" class=\"wpnd-mhpro-lazy lazyload fdk-tile-thumb wp-post-image\" alt=\"\" loading=\"lazy\" \/><\/div>\n\t\t\t\t\t\t\t\t\t\t<h3 class=\"fdk-card-title\">\n\t\t\t\t\t\t\t\t\t\t\t\tGratuit\u00e9 des soins de sant\u00e9 dans la Communaut\u00e9 urbaine de Niamey\t\t\t\t\t<\/h3>\n\t\t\t\t\t\t\t\t\t\t<p class=\"fdk-card-meta\">\n\t\t\t\t\t\t\t\t\t\t\t\t\t<span class=\"fdk-badge\">PDF<\/span>\n\t\t\t\t\t\t\t\t\t\t\t\t\t\t\t\t\t\t\t<span>1.7 MB<\/span>\n\t\t\t\t\t\t\t\t\t\t\t<\/p>\n\t\t\t\t\t<div class=\"fdk-card-actions\">\n\t\t\t\t\t\t<a class=\"fdk-dl fdk-dl-button\" href=\"https:\/\/aecniger.org\/index.php\/wp-json\/filedeck\/v1\/download\/414\" data-doc=\"414\" data-title=\"Gratuit\u00e9 des soins de sant\u00e9 dans la Communaut\u00e9 urbaine de Niamey\"><svg class=\"fdk-dl-icon\" viewBox=\"0 0 24 24\" width=\"14\" height=\"14\" fill=\"none\" stroke=\"currentColor\" stroke-width=\"2\" stroke-linecap=\"round\" stroke-linejoin=\"round\" style=\"vertical-align:-0.15em\" focusable=\"false\" aria-hidden=\"true\"><path d=\"M21 15v4a2 2 0 0 1-2 2H5a2 2 0 0 1-2-2v-4\"\/><path d=\"m7 10 5 5 5-5\"\/><path d=\"M12 15V3\"\/><\/svg> Download<\/a>\t\t\t\t\t<\/div>\n\t\t\t\t<\/div>\n\t\t\t\t\t\t\t<div class=\"fdk-card\" data-id=\"393\"\n\t\t\t\t\tdata-cats=\"alimentation publication sahel\"\n\t\t\t\t\tdata-tags=\"alimentation faim sahel\">\n\t\t\t\t\t\t\t\t\t\t\t<div class=\"fdk-card-image\"><img loading=\"lazy\" decoding=\"async\" width=\"227\" height=\"300\" data-src=\"https:\/\/aecniger.org\/wp-content\/uploads\/2026\/07\/Combattre-la-faim-au-Sahel-Copie-227x300.jpg\" src=\"\/\/www.w3.org\/2000\/svg&apos; width=&apos;10&apos; height=&apos;10&apos;\/%3E\" class=\"wpnd-mhpro-lazy lazyload fdk-tile-thumb wp-post-image\" alt=\"\" loading=\"lazy\" \/><\/div>\n\t\t\t\t\t\t\t\t\t\t<h3 class=\"fdk-card-title\">\n\t\t\t\t\t\t\t\t\t\t\t\tCombattre la faim au Sahel\t\t\t\t\t<\/h3>\n\t\t\t\t\t\t\t\t\t\t<p class=\"fdk-card-meta\">\n\t\t\t\t\t\t\t\t\t\t\t\t\t<span class=\"fdk-badge\">PDF<\/span>\n\t\t\t\t\t\t\t\t\t\t\t\t\t\t\t\t\t\t\t<span>1.2 MB<\/span>\n\t\t\t\t\t\t\t\t\t\t\t<\/p>\n\t\t\t\t\t<div class=\"fdk-card-actions\">\n\t\t\t\t\t\t<a class=\"fdk-dl fdk-dl-button\" href=\"https:\/\/aecniger.org\/index.php\/wp-json\/filedeck\/v1\/download\/393\" data-doc=\"393\" data-title=\"Combattre la faim au Sahel\"><svg class=\"fdk-dl-icon\" viewBox=\"0 0 24 24\" width=\"14\" height=\"14\" fill=\"none\" stroke=\"currentColor\" stroke-width=\"2\" stroke-linecap=\"round\" stroke-linejoin=\"round\" style=\"vertical-align:-0.15em\" focusable=\"false\" aria-hidden=\"true\"><path d=\"M21 15v4a2 2 0 0 1-2 2H5a2 2 0 0 1-2-2v-4\"\/><path d=\"m7 10 5 5 5-5\"\/><path d=\"M12 15V3\"\/><\/svg> Download<\/a>\t\t\t\t\t<\/div>\n\t\t\t\t<\/div>\n\t\t\t\t\t\t\t<div class=\"fdk-card\" data-id=\"433\"\n\t\t\t\t\tdata-cats=\"droit-a-leau-potable publication\"\n\t\t\t\t\tdata-tags=\"droit-a-leau-potable\">\n\t\t\t\t\t\t\t\t\t\t\t<div class=\"fdk-card-image\"><img loading=\"lazy\" decoding=\"async\" width=\"230\" height=\"300\" data-src=\"https:\/\/aecniger.org\/wp-content\/uploads\/2026\/08\/Droit-a-lEau-potable-au-Niger-230x300.jpg\" src=\"\/\/www.w3.org\/2000\/svg&apos; width=&apos;10&apos; height=&apos;10&apos;\/%3E\" class=\"wpnd-mhpro-lazy lazyload fdk-tile-thumb wp-post-image\" alt=\"\" loading=\"lazy\" \/><\/div>\n\t\t\t\t\t\t\t\t\t\t<h3 class=\"fdk-card-title\">\n\t\t\t\t\t\t\t\t\t\t\t\tLe Droit \u00e0 l&#8217;eau potable au Niger\t\t\t\t\t<\/h3>\n\t\t\t\t\t\t\t\t\t\t<p class=\"fdk-card-meta\">\n\t\t\t\t\t\t\t\t\t\t\t\t\t<span class=\"fdk-badge\">PDF<\/span>\n\t\t\t\t\t\t\t\t\t\t\t\t\t\t\t\t\t\t\t<span>603 KB<\/span>\n\t\t\t\t\t\t\t\t\t\t\t<\/p>\n\t\t\t\t\t<div class=\"fdk-card-actions\">\n\t\t\t\t\t\t<a class=\"fdk-dl fdk-dl-button\" href=\"https:\/\/aecniger.org\/index.php\/wp-json\/filedeck\/v1\/download\/433\" data-doc=\"433\" data-title=\"Le Droit \u00e0 l&#8217;eau potable au Niger\"><svg class=\"fdk-dl-icon\" viewBox=\"0 0 24 24\" width=\"14\" height=\"14\" fill=\"none\" stroke=\"currentColor\" stroke-width=\"2\" stroke-linecap=\"round\" stroke-linejoin=\"round\" style=\"vertical-align:-0.15em\" focusable=\"false\" aria-hidden=\"true\"><path d=\"M21 15v4a2 2 0 0 1-2 2H5a2 2 0 0 1-2-2v-4\"\/><path d=\"m7 10 5 5 5-5\"\/><path d=\"M12 15V3\"\/><\/svg> Download<\/a>\t\t\t\t\t<\/div>\n\t\t\t\t<\/div>\n\t\t\t\t\t\t\t<div class=\"fdk-card\" data-id=\"455\"\n\t\t\t\t\tdata-cats=\"democratie etat-de-droit politique publication transition-militaire\"\n\t\t\t\t\tdata-tags=\"democratie etat-de-droit transition\">\n\t\t\t\t\t\t\t\t\t\t\t<div class=\"fdk-card-image\"><img loading=\"lazy\" decoding=\"async\" width=\"217\" height=\"300\" data-src=\"https:\/\/aecniger.org\/wp-content\/uploads\/2026\/08\/Transition-vers-la-democratie-au-Niger-217x300.jpg\" src=\"\/\/www.w3.org\/2000\/svg&apos; width=&apos;10&apos; height=&apos;10&apos;\/%3E\" class=\"wpnd-mhpro-lazy lazyload fdk-tile-thumb wp-post-image\" alt=\"\" loading=\"lazy\" \/><\/div>\n\t\t\t\t\t\t\t\t\t\t<h3 class=\"fdk-card-title\">\n\t\t\t\t\t\t\t\t\t\t\t\tRapport Journ\u00e9es de R\u00e9flexion sur la Transition\t\t\t\t\t<\/h3>\n\t\t\t\t\t\t\t\t\t\t<p class=\"fdk-card-meta\">\n\t\t\t\t\t\t\t\t\t\t\t\t\t<span class=\"fdk-badge\">PDF<\/span>\n\t\t\t\t\t\t\t\t\t\t\t\t\t\t\t\t\t\t\t<span>242 KB<\/span>\n\t\t\t\t\t\t\t\t\t\t\t<\/p>\n\t\t\t\t\t<div class=\"fdk-card-actions\">\n\t\t\t\t\t\t<a class=\"fdk-dl fdk-dl-button\" href=\"https:\/\/aecniger.org\/index.php\/wp-json\/filedeck\/v1\/download\/455\" data-doc=\"455\" data-title=\"Rapport Journ\u00e9es de R\u00e9flexion sur la Transition\"><svg class=\"fdk-dl-icon\" viewBox=\"0 0 24 24\" width=\"14\" height=\"14\" fill=\"none\" stroke=\"currentColor\" stroke-width=\"2\" stroke-linecap=\"round\" stroke-linejoin=\"round\" style=\"vertical-align:-0.15em\" focusable=\"false\" aria-hidden=\"true\"><path d=\"M21 15v4a2 2 0 0 1-2 2H5a2 2 0 0 1-2-2v-4\"\/><path d=\"m7 10 5 5 5-5\"\/><path d=\"M12 15V3\"\/><\/svg> Download<\/a>\t\t\t\t\t<\/div>\n\t\t\t\t<\/div>\n\t\t\t\t\t\t\t<div class=\"fdk-card\" data-id=\"447\"\n\t\t\t\t\tdata-cats=\"droit-a-la-sante publication sante\"\n\t\t\t\t\tdata-tags=\"droit-a-la-sante\">\n\t\t\t\t\t\t\t\t\t\t\t<div class=\"fdk-card-image\"><img loading=\"lazy\" decoding=\"async\" width=\"230\" height=\"300\" data-src=\"https:\/\/aecniger.org\/wp-content\/uploads\/2026\/08\/Droit-a-la-Sante-au-Niger-230x300.jpg\" src=\"\/\/www.w3.org\/2000\/svg&apos; width=&apos;10&apos; height=&apos;10&apos;\/%3E\" class=\"wpnd-mhpro-lazy lazyload fdk-tile-thumb wp-post-image\" alt=\"\" loading=\"lazy\" \/><\/div>\n\t\t\t\t\t\t\t\t\t\t<h3 class=\"fdk-card-title\">\n\t\t\t\t\t\t\t\t\t\t\t\tLe Droit \u00e0 la Sant\u00e9 au Niger\t\t\t\t\t<\/h3>\n\t\t\t\t\t\t\t\t\t\t<p class=\"fdk-card-meta\">\n\t\t\t\t\t\t\t\t\t\t\t\t\t<span class=\"fdk-badge\">PDF<\/span>\n\t\t\t\t\t\t\t\t\t\t\t\t\t\t\t\t\t\t\t<span>730 KB<\/span>\n\t\t\t\t\t\t\t\t\t\t\t<\/p>\n\t\t\t\t\t<div class=\"fdk-card-actions\">\n\t\t\t\t\t\t<a class=\"fdk-dl fdk-dl-button\" href=\"https:\/\/aecniger.org\/index.php\/wp-json\/filedeck\/v1\/download\/447\" data-doc=\"447\" data-title=\"Le Droit \u00e0 la Sant\u00e9 au Niger\"><svg class=\"fdk-dl-icon\" viewBox=\"0 0 24 24\" width=\"14\" height=\"14\" fill=\"none\" stroke=\"currentColor\" stroke-width=\"2\" stroke-linecap=\"round\" stroke-linejoin=\"round\" style=\"vertical-align:-0.15em\" focusable=\"false\" aria-hidden=\"true\"><path d=\"M21 15v4a2 2 0 0 1-2 2H5a2 2 0 0 1-2-2v-4\"\/><path d=\"m7 10 5 5 5-5\"\/><path d=\"M12 15V3\"\/><\/svg> Download<\/a>\t\t\t\t\t<\/div>\n\t\t\t\t<\/div>\n\t\t\t\t\t\t\t<div class=\"fdk-card\" data-id=\"395\"\n\t\t\t\t\tdata-cats=\"constitution politique publication\"\n\t\t\t\t\tdata-tags=\"politique referendum\">\n\t\t\t\t\t\t\t\t\t\t\t<div class=\"fdk-card-image\"><img loading=\"lazy\" decoding=\"async\" width=\"212\" height=\"300\" data-src=\"https:\/\/aecniger.org\/wp-content\/uploads\/2026\/08\/Constitutional-referendum-in-Niger-212x300.jpg\" src=\"\/\/www.w3.org\/2000\/svg&apos; width=&apos;10&apos; height=&apos;10&apos;\/%3E\" class=\"wpnd-mhpro-lazy lazyload fdk-tile-thumb wp-post-image\" alt=\"\" loading=\"lazy\" \/><\/div>\n\t\t\t\t\t\t\t\t\t\t<h3 class=\"fdk-card-title\">\n\t\t\t\t\t\t\t\t\t\t\t\tConstitutional referendum in Niger 2009\t\t\t\t\t<\/h3>\n\t\t\t\t\t\t\t\t\t\t<p class=\"fdk-card-meta\">\n\t\t\t\t\t\t\t\t\t\t\t\t\t<span class=\"fdk-badge\">PDF<\/span>\n\t\t\t\t\t\t\t\t\t\t\t\t\t\t\t\t\t\t\t<span>182 KB<\/span>\n\t\t\t\t\t\t\t\t\t\t\t<\/p>\n\t\t\t\t\t<div class=\"fdk-card-actions\">\n\t\t\t\t\t\t<a class=\"fdk-dl fdk-dl-button\" href=\"https:\/\/aecniger.org\/index.php\/wp-json\/filedeck\/v1\/download\/395\" data-doc=\"395\" data-title=\"Constitutional referendum in Niger 2009\"><svg class=\"fdk-dl-icon\" viewBox=\"0 0 24 24\" width=\"14\" height=\"14\" fill=\"none\" stroke=\"currentColor\" stroke-width=\"2\" stroke-linecap=\"round\" stroke-linejoin=\"round\" style=\"vertical-align:-0.15em\" focusable=\"false\" aria-hidden=\"true\"><path d=\"M21 15v4a2 2 0 0 1-2 2H5a2 2 0 0 1-2-2v-4\"\/><path d=\"m7 10 5 5 5-5\"\/><path d=\"M12 15V3\"\/><\/svg> Download<\/a>\t\t\t\t\t<\/div>\n\t\t\t\t<\/div>\n\t\t\t\t\t\t\t<div class=\"fdk-card\" data-id=\"458\"\n\t\t\t\t\tdata-cats=\"constitution publication referendum\"\n\t\t\t\t\tdata-tags=\"referendum\">\n\t\t\t\t\t\t\t\t\t\t\t<div class=\"fdk-card-image\"><img loading=\"lazy\" decoding=\"async\" width=\"212\" height=\"300\" data-src=\"https:\/\/aecniger.org\/wp-content\/uploads\/2026\/08\/Referendum-Constitutuionnel-au-Niger-212x300.jpg\" src=\"\/\/www.w3.org\/2000\/svg&apos; width=&apos;10&apos; height=&apos;10&apos;\/%3E\" class=\"wpnd-mhpro-lazy lazyload fdk-tile-thumb wp-post-image\" alt=\"\" loading=\"lazy\" \/><\/div>\n\t\t\t\t\t\t\t\t\t\t<h3 class=\"fdk-card-title\">\n\t\t\t\t\t\t\t\t\t\t\t\tReferendum Constitutionnel au Niger &#8211; 2009\t\t\t\t\t<\/h3>\n\t\t\t\t\t\t\t\t\t\t<p class=\"fdk-card-meta\">\n\t\t\t\t\t\t\t\t\t\t\t\t\t<span class=\"fdk-badge\">PDF<\/span>\n\t\t\t\t\t\t\t\t\t\t\t\t\t\t\t\t\t\t\t<span>191 KB<\/span>\n\t\t\t\t\t\t\t\t\t\t\t<\/p>\n\t\t\t\t\t<div class=\"fdk-card-actions\">\n\t\t\t\t\t\t<a class=\"fdk-dl fdk-dl-button\" href=\"https:\/\/aecniger.org\/index.php\/wp-json\/filedeck\/v1\/download\/458\" data-doc=\"458\" data-title=\"Referendum Constitutionnel au Niger &#8211; 2009\"><svg class=\"fdk-dl-icon\" viewBox=\"0 0 24 24\" width=\"14\" height=\"14\" fill=\"none\" stroke=\"currentColor\" stroke-width=\"2\" stroke-linecap=\"round\" stroke-linejoin=\"round\" style=\"vertical-align:-0.15em\" focusable=\"false\" aria-hidden=\"true\"><path d=\"M21 15v4a2 2 0 0 1-2 2H5a2 2 0 0 1-2-2v-4\"\/><path d=\"m7 10 5 5 5-5\"\/><path d=\"M12 15V3\"\/><\/svg> Download<\/a>\t\t\t\t\t<\/div>\n\t\t\t\t<\/div>\n\t\t\t\t\t\t\t<div class=\"fdk-card\" data-id=\"399\"\n\t\t\t\t\tdata-cats=\"education genre publication\"\n\t\t\t\t\tdata-tags=\"financement genre politique\">\n\t\t\t\t\t\t\t\t\t\t\t<div class=\"fdk-card-image\"><img loading=\"lazy\" decoding=\"async\" width=\"212\" height=\"300\" data-src=\"https:\/\/aecniger.org\/wp-content\/uploads\/2026\/08\/Equite-genre-dans-les-politiques-et-financements-de-lEducation-au-Niger-212x300.jpg\" src=\"\/\/www.w3.org\/2000\/svg&apos; width=&apos;10&apos; height=&apos;10&apos;\/%3E\" class=\"wpnd-mhpro-lazy lazyload fdk-tile-thumb wp-post-image\" alt=\"\" loading=\"lazy\" \/><\/div>\n\t\t\t\t\t\t\t\t\t\t<h3 class=\"fdk-card-title\">\n\t\t\t\t\t\t\t\t\t\t\t\t\u00c9quit\u00e9 genre dans les politiques et le financement de l\u2019\u00c9ducation au Niger\t\t\t\t\t<\/h3>\n\t\t\t\t\t\t\t\t\t\t<p class=\"fdk-card-meta\">\n\t\t\t\t\t\t\t\t\t\t\t\t\t<span class=\"fdk-badge\">PDF<\/span>\n\t\t\t\t\t\t\t\t\t\t\t\t\t\t\t\t\t\t\t<span>594 KB<\/span>\n\t\t\t\t\t\t\t\t\t\t\t<\/p>\n\t\t\t\t\t<div class=\"fdk-card-actions\">\n\t\t\t\t\t\t<a class=\"fdk-dl fdk-dl-button\" href=\"https:\/\/aecniger.org\/index.php\/wp-json\/filedeck\/v1\/download\/399\" data-doc=\"399\" data-title=\"\u00c9quit\u00e9 genre dans les politiques et le financement de l\u2019\u00c9ducation au Niger\"><svg class=\"fdk-dl-icon\" viewBox=\"0 0 24 24\" width=\"14\" height=\"14\" fill=\"none\" stroke=\"currentColor\" stroke-width=\"2\" stroke-linecap=\"round\" stroke-linejoin=\"round\" style=\"vertical-align:-0.15em\" focusable=\"false\" aria-hidden=\"true\"><path d=\"M21 15v4a2 2 0 0 1-2 2H5a2 2 0 0 1-2-2v-4\"\/><path d=\"m7 10 5 5 5-5\"\/><path d=\"M12 15V3\"\/><\/svg> Download<\/a>\t\t\t\t\t<\/div>\n\t\t\t\t<\/div>\n\t\t\t\t\t\t\t<div class=\"fdk-card\" data-id=\"443\"\n\t\t\t\t\tdata-cats=\"droit-a-leducation education publication\"\n\t\t\t\t\tdata-tags=\"droit-a-leducation education\">\n\t\t\t\t\t\t\t\t\t\t\t<div class=\"fdk-card-image\"><img loading=\"lazy\" decoding=\"async\" width=\"230\" height=\"300\" data-src=\"https:\/\/aecniger.org\/wp-content\/uploads\/2026\/08\/Droit-a-lEducation-au-Niger-230x300.jpg\" src=\"\/\/www.w3.org\/2000\/svg&apos; width=&apos;10&apos; height=&apos;10&apos;\/%3E\" class=\"wpnd-mhpro-lazy lazyload fdk-tile-thumb wp-post-image\" alt=\"\" loading=\"lazy\" \/><\/div>\n\t\t\t\t\t\t\t\t\t\t<h3 class=\"fdk-card-title\">\n\t\t\t\t\t\t\t\t\t\t\t\tLe droit \u00e0 l\u2019\u00c9ducation au Niger\t\t\t\t\t<\/h3>\n\t\t\t\t\t\t\t\t\t\t<p class=\"fdk-card-meta\">\n\t\t\t\t\t\t\t\t\t\t\t\t\t<span class=\"fdk-badge\">PDF<\/span>\n\t\t\t\t\t\t\t\t\t\t\t\t\t\t\t\t\t\t\t<span>752 KB<\/span>\n\t\t\t\t\t\t\t\t\t\t\t<\/p>\n\t\t\t\t\t<div class=\"fdk-card-actions\">\n\t\t\t\t\t\t<a class=\"fdk-dl fdk-dl-button\" href=\"https:\/\/aecniger.org\/index.php\/wp-json\/filedeck\/v1\/download\/443\" data-doc=\"443\" data-title=\"Le droit \u00e0 l\u2019\u00c9ducation au Niger\"><svg class=\"fdk-dl-icon\" viewBox=\"0 0 24 24\" width=\"14\" height=\"14\" fill=\"none\" stroke=\"currentColor\" stroke-width=\"2\" stroke-linecap=\"round\" stroke-linejoin=\"round\" style=\"vertical-align:-0.15em\" focusable=\"false\" aria-hidden=\"true\"><path d=\"M21 15v4a2 2 0 0 1-2 2H5a2 2 0 0 1-2-2v-4\"\/><path d=\"m7 10 5 5 5-5\"\/><path d=\"M12 15V3\"\/><\/svg> Download<\/a>\t\t\t\t\t<\/div>\n\t\t\t\t<\/div>\n\t\t\t\t\t\t\t<div class=\"fdk-card\" data-id=\"461\"\n\t\t\t\t\tdata-cats=\"conflit-arme publication\"\n\t\t\t\t\tdata-tags=\"conflit-arme\">\n\t\t\t\t\t\t\t\t\t\t\t<div class=\"fdk-card-image\"><img loading=\"lazy\" decoding=\"async\" width=\"218\" height=\"300\" data-src=\"https:\/\/aecniger.org\/wp-content\/uploads\/2026\/08\/Conflit-arme-dans-le-nord-du-Niger-218x300.jpg\" src=\"\/\/www.w3.org\/2000\/svg&apos; width=&apos;10&apos; height=&apos;10&apos;\/%3E\" class=\"wpnd-mhpro-lazy lazyload fdk-tile-thumb wp-post-image\" alt=\"\" loading=\"lazy\" \/><\/div>\n\t\t\t\t\t\t\t\t\t\t<h3 class=\"fdk-card-title\">\n\t\t\t\t\t\t\t\t\t\t\t\tR\u00e9flexion sur le conflit arm\u00e9 dans le Nord du Niger\t\t\t\t\t<\/h3>\n\t\t\t\t\t\t\t\t\t\t<p class=\"fdk-card-meta\">\n\t\t\t\t\t\t\t\t\t\t\t\t\t<span class=\"fdk-badge\">PDF<\/span>\n\t\t\t\t\t\t\t\t\t\t\t\t\t\t\t\t\t\t\t<span>161 KB<\/span>\n\t\t\t\t\t\t\t\t\t\t\t<\/p>\n\t\t\t\t\t<div class=\"fdk-card-actions\">\n\t\t\t\t\t\t<a class=\"fdk-dl fdk-dl-button\" href=\"https:\/\/aecniger.org\/index.php\/wp-json\/filedeck\/v1\/download\/461\" data-doc=\"461\" data-title=\"R\u00e9flexion sur le conflit arm\u00e9 dans le Nord du Niger\"><svg class=\"fdk-dl-icon\" viewBox=\"0 0 24 24\" width=\"14\" height=\"14\" fill=\"none\" stroke=\"currentColor\" stroke-width=\"2\" stroke-linecap=\"round\" stroke-linejoin=\"round\" style=\"vertical-align:-0.15em\" focusable=\"false\" aria-hidden=\"true\"><path d=\"M21 15v4a2 2 0 0 1-2 2H5a2 2 0 0 1-2-2v-4\"\/><path d=\"m7 10 5 5 5-5\"\/><path d=\"M12 15V3\"\/><\/svg> Download<\/a>\t\t\t\t\t<\/div>\n\t\t\t\t<\/div>\n\t\t\t\t\t\t\t<div class=\"fdk-card\" data-id=\"450\"\n\t\t\t\t\tdata-cats=\"conflit-arme coup-detat politique publication transition-militaire\"\n\t\t\t\t\tdata-tags=\"conflit-arme coup-detat-constitutionnel transition-militaire\">\n\t\t\t\t\t\t\t\t\t\t\t<div class=\"fdk-card-image\"><img loading=\"lazy\" decoding=\"async\" width=\"231\" height=\"300\" data-src=\"https:\/\/aecniger.org\/wp-content\/uploads\/2026\/07\/Le-Niger-a-la-croisee-231x300.jpg\" src=\"\/\/www.w3.org\/2000\/svg&apos; width=&apos;10&apos; height=&apos;10&apos;\/%3E\" class=\"wpnd-mhpro-lazy lazyload fdk-tile-thumb wp-post-image\" alt=\"\" loading=\"lazy\" \/><\/div>\n\t\t\t\t\t\t\t\t\t\t<h3 class=\"fdk-card-title\">\n\t\t\t\t\t\t\t\t\t\t\t\tLe Niger \u00e0 la crois\u00e9e des chemins\t\t\t\t\t<\/h3>\n\t\t\t\t\t\t\t\t\t\t<p class=\"fdk-card-meta\">\n\t\t\t\t\t\t\t\t\t\t\t\t\t<span class=\"fdk-badge\">PDF<\/span>\n\t\t\t\t\t\t\t\t\t\t\t\t\t\t\t\t\t\t\t<span>454 KB<\/span>\n\t\t\t\t\t\t\t\t\t\t\t<\/p>\n\t\t\t\t\t<div class=\"fdk-card-actions\">\n\t\t\t\t\t\t<a class=\"fdk-dl fdk-dl-button\" href=\"https:\/\/aecniger.org\/index.php\/wp-json\/filedeck\/v1\/download\/450\" data-doc=\"450\" data-title=\"Le Niger \u00e0 la crois\u00e9e des chemins\"><svg class=\"fdk-dl-icon\" viewBox=\"0 0 24 24\" width=\"14\" height=\"14\" fill=\"none\" stroke=\"currentColor\" stroke-width=\"2\" stroke-linecap=\"round\" stroke-linejoin=\"round\" style=\"vertical-align:-0.15em\" focusable=\"false\" aria-hidden=\"true\"><path d=\"M21 15v4a2 2 0 0 1-2 2H5a2 2 0 0 1-2-2v-4\"\/><path d=\"m7 10 5 5 5-5\"\/><path d=\"M12 15V3\"\/><\/svg> Download<\/a>\t\t\t\t\t<\/div>\n\t\t\t\t<\/div>\n\t\t\t\t\t\t\t<\/div>\n\t\t\t\t<p class=\"fdk-empty\" hidden><span class=\"fdk-empty-msg\">No documents found.<\/span><\/p>\n\t\t\t\t\n\t\t\t<nav class=\"fdk-pagination\" aria-label=\"Document library pagination\"><\/nav>\n\n\t\t\t\n\t\t\t\n\t\t\t\t\t\t\t\t\t\t<div class=\"fdk-modal fdk-preview-modal\" hidden>\n\t\t\t\t\t<div class=\"fdk-modal-box fdk-modal-wide\">\n\t\t\t\t\t\t<button type=\"button\" class=\"fdk-modal-close\" aria-label=\"Close\">&times;<\/button>\n\t\t\t\t\t\t<div class=\"fdk-preview-body\"><\/div>\n\t\t\t\t\t<\/div>\n\t\t\t\t<\/div>\n\t\t\t\n\t\t\t\t\t\t\t<script class=\"fdk-index\" type=\"application\/json\">\n[{\"id\":374,\"text\":\"agir en faveur du droit a l&#8217;alimentation guide d\\u2019information et d\\u2019action a l\\u2019attention des acteurs de la societe civile sahelienne\\nauteurs\\nsaidou arji\\nmoussa tchangari\\nrelecture\\nabdourahamane ousmane\\nbadie hima\\ngraphisme de couverture\\nwilfrid mama\\noctobre 2008 alimentation publication alimentation pdf_agir_en_faveur_du_droit_a_l_alimentation.pdf pdf\",\"cats\":[\"alimentation\",\"publication\"],\"tags\":[\"alimentation\"],\"facets\":{},\"title\":\"Agir en faveur du droit \\u00e0 l&#8217;alimentation\",\"cat\":\"Alimentation\",\"type\":\"PDF\",\"size\":\"859 KB\",\"date\":\"5 August 2026\",\"thumb\":\"https:\\\/\\\/aecniger.org\\\/wp-content\\\/uploads\\\/2026\\\/07\\\/Agir-en-faveur-du-droit-a-l-alimentation-Copie.jpg\"},{\"id\":425,\"text\":\"introduire le genre dans les processus budgetaires locaux depuis 2006, l\\u2019associa@on alterna@ve espaces citoyens travaille sur les processus\\nbudgetaires na@onaux et locaux avec l\\u2019ambi@on de contribuer, par le biais de l\\u2019analyse et du suivi budgetaires, a la realisa@on des droits economiques, sociaux et culturels consacres par les instruments juridiques interna@onaux, regionaux et\\nna@onaux. le present guide a ete ini@e dans le cadre du projet \\u00ab promo2on de la\\npar2cipa2on citoyenne des femmes aux processus budgetaires locaux au niger \\u00bb,\\nfinance par le fonds des na@ons unies pour la democra@e (fnud). budget genre publication budget genre pdf_introduire_le_genre_dans_les_processus_budgetaires_locaux.pdf pdf\",\"cats\":[\"budget\",\"genre\",\"publication\"],\"tags\":[\"budget\",\"genre\"],\"facets\":{},\"title\":\"Introduire le genre dans les processus budg\\u00e9taires locaux\",\"cat\":\"Budget\",\"type\":\"PDF\",\"size\":\"3.6 MB\",\"date\":\"7 July 2013\",\"thumb\":\"https:\\\/\\\/aecniger.org\\\/wp-content\\\/uploads\\\/2026\\\/08\\\/Introduire-le-genre-dans-les-processus-budgetaires-locaux-au-Niger-300x300.jpg\"},{\"id\":429,\"text\":\"le droit a l&#8217;alimentation a l&#8217;epreuve des crises alimentaires au cours de l\\u2019annee 2012, le niger a enregistre, pour la troisieme fois en l\\u2019espace d\\u2019une decennie, une crise alimentaire affectant une proportion de la population\\nsuperieure a trois (3) millions de personnes. les resultats de l\\u2019enquete sur la vulne-\\nrabilite des menages a l\\u2019insecurite alimentaire, conduite en novembre 2011 par le\\ncc\\\/sap et l\\u2019ins, indiquaient que 34,9% des menages, soit 5 458 871 personnes,\\netaient dans une situation d\\u2019insecurite alimentaire, dont 8,5% (1 324 435 personnes) en insecurite alimentaire severe et 26,4% (4 134 436 personnes) en insecurite\\nalimentaire moderee.  alimentation droit a l'alimentation publication crise alimentaire droit a l'alimentation pdf_le_droit_a_l_alimentation_a_l_epreuve_des_crises_alimentaires.pdf pdf\",\"cats\":[\"alimentation\",\"droit-a-lalimentation\",\"publication\"],\"tags\":[\"crise-alimentaire\",\"droit-a-lalimentation\"],\"facets\":{},\"title\":\"Le Droit \\u00e0 l&#8217;alimentation \\u00e0 l&#8217;\\u00e9preuve des crises alimentaires\",\"cat\":\"Alimentation\",\"type\":\"PDF\",\"size\":\"1.2 MB\",\"date\":\"7 May 2013\",\"thumb\":\"https:\\\/\\\/aecniger.org\\\/wp-content\\\/uploads\\\/2026\\\/08\\\/Droit_Alimentation_a_L_Epreuve_des_Crises-230x300.jpg\"},{\"id\":452,\"text\":\"prevenir et gerer les crises alimentaires au niger apres un processus consultatif engage en 2007, les ministres en charge de l\\u2019agriculture et\\nde l\\u2019alimentation des pays membres de la cedeao, de la mauritanie et du tchad ont adopte,\\nle 17 novembre 2011, la charte pour la prevention et la gestion des crises alimentaires. cette\\ncharte est une version revisee de la charte de l\\u2019aide alimentaire adoptee en 1990 par les pays\\nmembres du cilss et les donateurs membres du club du sahel. elle est un code de conduite\\nengageant les gouvernements, les organisations inter-gouvernementales, les organisations de\\nla societe civile et les partenaires techniques et financiers engages dans la prevention et la\\ngestion des crises alimentaires. crise alimentaire publication crise alimentaire pdf_prevenir_et_gerer_les_crises_alimentaires_au_niger.pdf pdf\",\"cats\":[\"crise-alimentaire\",\"publication\"],\"tags\":[\"crise-alimentaire\"],\"facets\":{},\"title\":\"Pr\\u00e9venir et g\\u00e9rer les crises alimentaires au Niger\",\"cat\":\"Crise alimentaire\",\"type\":\"PDF\",\"size\":\"556 KB\",\"date\":\"8 August 2012\",\"thumb\":\"https:\\\/\\\/aecniger.org\\\/wp-content\\\/uploads\\\/2026\\\/08\\\/Preveneir_et_gerer_les_Crises_alimentaires-au-Niger-230x300.jpg\"},{\"id\":402,\"text\":\"flambees des prix des denrees alimentaires quelles mesures concretes pour proteger les\\npopulations vulnerables ?\\nraport de synthese de la journee de reflexion organisee par : aec, anddh, aren, mooriben, timidria alimentation publication prix pdf_flambees_des_prix_des_denrees_alimentaires.pdf pdf\",\"cats\":[\"alimentation\",\"publication\"],\"tags\":[\"prix\"],\"facets\":{},\"title\":\"Flamb\\u00e9es des prix des denr\\u00e9es alimentaires\",\"cat\":\"Alimentation\",\"type\":\"PDF\",\"size\":\"384 KB\",\"date\":\"16 October 2011\",\"thumb\":\"https:\\\/\\\/aecniger.org\\\/wp-content\\\/uploads\\\/2026\\\/08\\\/Flambee-prix-denrees-alimentaires-212x300.jpg\"},{\"id\":414,\"text\":\"gratuite des soins de sante dans la communaute urbaine de niamey le niger, ou plus de 60 % de la population vit en dessous du\\nseuil de pauvrete a adopte en avril 2006 une politique\\nd\\u2019exemption ciblee de paiement dite \\u00ab gratuite des soins \\u00bb au\\nprofit des enfants de 0 a 5 ans, des femmes pour la cesarienne, les consultations prenatales, le depistage et la prise\\nen charge de certains cancers feminins.  publication sante niamey sante soins pdf_gratuite_des_soins_de_sante_dans_la_communaute_urbaine_de_niamey.pdf pdf\",\"cats\":[\"publication\",\"sante\"],\"tags\":[\"niamey\",\"sante\",\"soins\"],\"facets\":{},\"title\":\"Gratuit\\u00e9 des soins de sant\\u00e9 dans la Communaut\\u00e9 urbaine de Niamey\",\"cat\":\"Publication\",\"type\":\"PDF\",\"size\":\"1.7 MB\",\"date\":\"7 March 2011\",\"thumb\":\"https:\\\/\\\/aecniger.org\\\/wp-content\\\/uploads\\\/2026\\\/08\\\/Gratuite-soins-de-sante-dans-la-communaute-urbaine-de-Niamey-200x300.jpg\"},{\"id\":393,\"text\":\"combattre la faim au sahel rapport de synthese du forum thematique :\\ndroit a l\\u2019alimentation et souverainete alimentaire, octobre - 2010\\n\\nle present rapport de synthese a ete realise par une equipe composee notamment de :\\nmr. chaibou boubacar, mme mounkaila aichatou seyni et mme abdoulaye mariama diallo. alimentation publication sahel alimentation faim sahel pdf_combattre_la_faim_au_sahel.pdf pdf\",\"cats\":[\"alimentation\",\"publication\",\"sahel\"],\"tags\":[\"alimentation\",\"faim\",\"sahel\"],\"facets\":{},\"title\":\"Combattre la faim au Sahel\",\"cat\":\"Alimentation\",\"type\":\"PDF\",\"size\":\"1.2 MB\",\"date\":\"6 October 2010\",\"thumb\":\"https:\\\/\\\/aecniger.org\\\/wp-content\\\/uploads\\\/2026\\\/07\\\/Combattre-la-faim-au-Sahel-Copie-227x300.jpg\"},{\"id\":433,\"text\":\"le droit a l&#8217;eau potable au niger selon un rapport conjoint oms\\\/unicef publie en 2010, pres de 900 millions de personnes a\\ntravers le monde n\\u2019ont pas acces a une eau potable, et pres de 2,6 milliards n\\u2019ont pas acces\\na un assainissement ameliore. la majorite de ces personnes vivent dans les pays du tiers monde ; et l\\u2019afrique subsaharienne concentre a elle seule un tiers (37%) des personnes privees d\\u2019eau potable. droit a l'eau potable publication droit a l'eau potable pdf_le_droit_a_l_eaupotable_au_niger.pdf pdf\",\"cats\":[\"droit-a-leau-potable\",\"publication\"],\"tags\":[\"droit-a-leau-potable\"],\"facets\":{},\"title\":\"Le Droit \\u00e0 l&#8217;eau potable au Niger\",\"cat\":\"Droit \\u00e0 l'eau potable\",\"type\":\"PDF\",\"size\":\"603 KB\",\"date\":\"7 August 2010\",\"thumb\":\"https:\\\/\\\/aecniger.org\\\/wp-content\\\/uploads\\\/2026\\\/08\\\/Droit-a-lEau-potable-au-Niger-230x300.jpg\"},{\"id\":455,\"text\":\"rapport journees de reflexion sur la transition \\u00abtransition vers la democratie au niger :\\nanalyses et propositions pour batir un veritable\\netat de droit et realiser des avancees\\ndemocratiques\\u00bb\\nrapport de synthese des journees de reflexion\\norganisees par l\\u2019anddh et alternative espaces citoyens\\nhotel tenere, niamey les 13 et 14 mars 2010 democratie etat de droit politique publication transition militaire democratie etat de droit transition pdf_rapport_journees_de_reflexion_sur_la_transition.pdf pdf\",\"cats\":[\"democratie\",\"etat-de-droit\",\"politique\",\"publication\",\"transition-militaire\"],\"tags\":[\"democratie\",\"etat-de-droit\",\"transition\"],\"facets\":{},\"title\":\"Rapport Journ\\u00e9es de R\\u00e9flexion sur la Transition\",\"cat\":\"D\\u00e9mocratie\",\"type\":\"PDF\",\"size\":\"242 KB\",\"date\":\"15 March 2010\",\"thumb\":\"https:\\\/\\\/aecniger.org\\\/wp-content\\\/uploads\\\/2026\\\/08\\\/Transition-vers-la-democratie-au-Niger-217x300.jpg\"},{\"id\":447,\"text\":\"le droit a la sante au niger la presente etude est le fruit de plusieurs contributions. que soient remerciees ici\\ntoutes les personnes qui, a un degre ou a un autre, ont soit fourni la documentation\\nnecessaire, rare dansce domaine, soit apporte des amendements fort pertinents. en\\nparticulier, nous tenons a remercier tous les representants des organisations de la\\nsociete civile qui, nonobstant la surcharge de leurs activites, ont notamment pris\\nune part active a la collecte des donnees. a cet egard, nous tenons a remercier tout\\nsingulierement :\\nabdo lawaly (aec)\\nabdou yahouza (aren)\\namina tchemogo (aec)\\nbalkissa hamidou (aec)\\nelhadj idi abdou (aec)\\nibrahim diori (aec)\\ndaweye nana fassouma (susas)\\nmariama chipkaou (snen)\\nramatou diarra (mapadev)\\nune mention speciale doit etre faite a oxfam novib, notre partenaire dans le\\ncadre de ce travail sur le suivi et l'analyse budgetaire.\\nont contribue a la redaction de ce rapport :\\nmoussa tchangari\\nhassane boukar\\nmoussa salifou\\nsouley adji\\nabdourahamane ousmane\\n_____________\\ndecembre 2009 droit a la sante publication sante droit a la sante pdf_le_droit_a_la_sante_au_niger.pdf pdf\",\"cats\":[\"droit-a-la-sante\",\"publication\",\"sante\"],\"tags\":[\"droit-a-la-sante\"],\"facets\":{},\"title\":\"Le Droit \\u00e0 la Sant\\u00e9 au Niger\",\"cat\":\"Droit \\u00e0 la Sant\\u00e9\",\"type\":\"PDF\",\"size\":\"730 KB\",\"date\":\"8 December 2009\",\"thumb\":\"https:\\\/\\\/aecniger.org\\\/wp-content\\\/uploads\\\/2026\\\/08\\\/Droit-a-la-Sante-au-Niger-230x300.jpg\"},{\"id\":395,\"text\":\"constitutional referendum in niger 2009 \\u201cconstitutional referendum in niger: political stakes and\\nimpacts on the preservation of the democratic framework\\u201d\\nsynthesis report of the day of reflection organized by\\nalternative citizen spaces\\nhotel tenere, niamey, 31 may 2009\\nreporters:\\nalbert chaibou, hamadou boulama tcherno et a.t. moussa tchangari constitution politique publication politique referendum pdf_constitutional_referendum_in_niger_2009.pdf pdf\",\"cats\":[\"constitution\",\"politique\",\"publication\"],\"tags\":[\"politique\",\"referendum\"],\"facets\":{},\"title\":\"Constitutional referendum in Niger 2009\",\"cat\":\"Constitution\",\"type\":\"PDF\",\"size\":\"182 KB\",\"date\":\"31 May 2009\",\"thumb\":\"https:\\\/\\\/aecniger.org\\\/wp-content\\\/uploads\\\/2026\\\/08\\\/Constitutional-referendum-in-Niger-212x300.jpg\"},{\"id\":458,\"text\":\"referendum constitutionnel au niger &#8211; 2009 \\u00abreferendum constitutionnel au niger :\\nenjeux politiques et impacts sur la\\npreservation du cadre democratique\\u00bb\\nrapport de synthese de la journee de reflexion\\norganisee par alternative espaces citoyens\\nhotel tenere, niamey le 31 mai 2009 constitution publication referendum referendum pdf_referendum_constitutuionnel_au_niger_2009.pdf pdf\",\"cats\":[\"constitution\",\"publication\",\"referendum\"],\"tags\":[\"referendum\"],\"facets\":{},\"title\":\"Referendum Constitutionnel au Niger &#8211; 2009\",\"cat\":\"Constitution\",\"type\":\"PDF\",\"size\":\"191 KB\",\"date\":\"31 May 2009\",\"thumb\":\"https:\\\/\\\/aecniger.org\\\/wp-content\\\/uploads\\\/2026\\\/08\\\/Referendum-Constitutuionnel-au-Niger-212x300.jpg\"},{\"id\":399,\"text\":\"equite genre dans les politiques et le financement de l\\u2019education au niger quarante sept (47) ans apres son accession a l\\u2019independance, le niger fait toujours partie des pays les pauvres du\\nmonde. le revenu par tete a enregistre une baisse tendancielle de 53% entre 1975 et 2002 ; et, entre 1997 et\\n2002, il est passe de 390 dollars us a 180 dollars. sur une population education genre publication financement genre politique pdf_equite_genre_dans_les_politiques_et_le_financement_de_l_education_au_niger.pdf pdf\",\"cats\":[\"education\",\"genre\",\"publication\"],\"tags\":[\"financement\",\"genre\",\"politique\"],\"facets\":{},\"title\":\"\\u00c9quit\\u00e9 genre dans les politiques et le financement de l\\u2019\\u00c9ducation au Niger\",\"cat\":\"Education\",\"type\":\"PDF\",\"size\":\"594 KB\",\"date\":\"6 August 2008\",\"thumb\":\"https:\\\/\\\/aecniger.org\\\/wp-content\\\/uploads\\\/2026\\\/08\\\/Equite-genre-dans-les-politiques-et-financements-de-lEducation-au-Niger-212x300.jpg\"},{\"id\":443,\"text\":\"le droit a l\\u2019education au niger la presente etude est le fruit de plusieurs contributions. que soient remerciees ici toutes les personnes qui, a un degre ou a un autre, ont soit fourni la documentation necessaire, rare dans ce domaine, soit apporte des amendements fort pertinents.\\n\\nen particulier, nous tenons a remercier tous les representants des organisations de la societe civile qui, nonobstant la surcharge de leurs activites, ont notamment pris une part active a la collecte des donnees. a cet egard, nous tenons a remercier tout singulierement :\\namina tchemogo (aec)\\nabdo lawaly (aec)\\nehadj idi abdou (aec)\\nmamane moussa (synatreen)\\nmadame daweye nana fassouma (susas)\\noumarou idayatou (rosen)\\nalbert chaibou (aec)\\nyahaya abdou (rndd)\\ndiallo yacouba (rotab)\\nhamadou boulama (aec)\\nsoumana maiga (synaceb)\\nune mention speciale doit etre faite a oxfam novib, notre partenaire dans le cadre de ce\\ntravail sur le suivi et l'analyse budgetaire.\\nont contribue a la redaction de ce rapport :\\nmoussa tchangari\\nhassane boukar\\nsouley adji\\nabdourahamane ousmane\\nmamane sani adamou\\nmoutari mahamane ousmane\\n_____________\\navril 2008 droit a l'education education publication droit a l'education education pdf_le_droit_a_l_education_au_niger.pdf pdf\",\"cats\":[\"droit-a-leducation\",\"education\",\"publication\"],\"tags\":[\"droit-a-leducation\",\"education\"],\"facets\":{},\"title\":\"Le droit \\u00e0 l\\u2019\\u00c9ducation au Niger\",\"cat\":\"Droit \\u00e0 l'\\u00e9ducation\",\"type\":\"PDF\",\"size\":\"752 KB\",\"date\":\"8 April 2008\",\"thumb\":\"https:\\\/\\\/aecniger.org\\\/wp-content\\\/uploads\\\/2026\\\/08\\\/Droit-a-lEducation-au-Niger-230x300.jpg\"},{\"id\":461,\"text\":\"reflexion sur le conflit arme dans le nord du niger \\u00abconflit arme dans le nord du niger : analyse des\\nenjeux geopolitiques et impacts sur le cadre\\ndemocratique\\u00bb\\nrapport de synthese de la journee de reflexion\\norganisee par l\\u2019anddh et alternative espaces citoyens\\nhotel tenere, niamey le 11 aout 2007 conflit arme publication conflit arme pdf_reflexion_sur_le_conflit_arme_dans_le_nord_du_niger.pdf pdf\",\"cats\":[\"conflit-arme\",\"publication\"],\"tags\":[\"conflit-arme\"],\"facets\":{},\"title\":\"R\\u00e9flexion sur le conflit arm\\u00e9 dans le Nord du Niger\",\"cat\":\"Conflit arm\\u00e9\",\"type\":\"PDF\",\"size\":\"161 KB\",\"date\":\"12 August 2007\",\"thumb\":\"https:\\\/\\\/aecniger.org\\\/wp-content\\\/uploads\\\/2026\\\/08\\\/Conflit-arme-dans-le-nord-du-Niger-218x300.jpg\"},{\"id\":450,\"text\":\"le niger a la croisee des chemins ce rapport est une synthese des communications et des propos tenus par les participants a la\\njournee de reflexion du 11 aout 2007 sur le theme : \\u00ab conflit arme dans le nord du niger :\\nanalyse des enjeux geopolitiques et impacts sur le cadre democratique \\u00bb. les opinions qui y\\nsont exprimees ne refletent pas necessairement la vision et la position de alternative espaces\\ncitoyens et de l\\u2019association nigerienne de defense des droits de l\\u2019homme (anddh).\\nle present rapport s\\u2019efforce de rendre compte des idees forces qui ont ete exprimees au cours\\nde cette reflexion collective. certains participants trouveront certainement qu\\u2019il ne rend pas\\ncompte de toutes les idees qu\\u2019ils ont exprimees ; d\\u2019autres trouveront peut-etre que leurs idees ont ete rendues par des mots qui ne sont pas les leurs. nous demandons leur comprehension. conflit arme coup d\\u2019etat politique publication transition militaire conflit arme coup d\\u2019etat constitutionnel transition militaire pdf_le_niger_a_la_croisee_des_chemins.pdf pdf\",\"cats\":[\"conflit-arme\",\"coup-detat\",\"politique\",\"publication\",\"transition-militaire\"],\"tags\":[\"conflit-arme\",\"coup-detat-constitutionnel\",\"transition-militaire\"],\"facets\":{},\"title\":\"Le Niger \\u00e0 la crois\\u00e9e des chemins\",\"cat\":\"Conflit arm\\u00e9\",\"type\":\"PDF\",\"size\":\"454 KB\",\"date\":\"8 August 2007\",\"thumb\":\"https:\\\/\\\/aecniger.org\\\/wp-content\\\/uploads\\\/2026\\\/07\\\/Le-Niger-a-la-croisee-231x300.jpg\"}]\n<\/script>\n\t\t\t\t\t<\/div>\n\t\t<\/div>\n\t\t\t\t\t\t<\/div>\n\t\t\t\t\t<\/div>\n\t\t\t\t<\/div>\n\t\t\t\t<\/div>\n\t\t","protected":false},"excerpt":{"rendered":"<p>Nos publications<\/p>\n","protected":false},"author":1,"featured_media":0,"parent":0,"menu_order":0,"comment_status":"closed","ping_status":"closed","template":"","meta":{"ocean_front_end_style_editor":"no","ocean_post_layout":"","ocean_both_sidebars_style":"","ocean_both_sidebars_content_width":0,"ocean_both_sidebars_sidebars_width":0,"ocean_sidebar":"","ocean_second_sidebar":"","ocean_disable_margins":"enable","ocean_add_body_class":"","ocean_shortcode_before_top_bar":"","ocean_shortcode_after_top_bar":"","ocean_shortcode_before_header":"","ocean_shortcode_after_header":"","ocean_has_shortcode":"","ocean_shortcode_after_title":"","ocean_shortcode_before_footer_widgets":"","ocean_shortcode_after_footer_widgets":"","ocean_shortcode_before_footer_bottom":"","ocean_shortcode_after_footer_bottom":"","ocean_display_top_bar":"default","ocean_display_header":"default","ocean_header_style":"","ocean_center_header_left_menu":"","ocean_custom_header_template":"","ocean_custom_logo":0,"ocean_custom_retina_logo":0,"ocean_custom_logo_max_width":0,"ocean_custom_logo_tablet_max_width":0,"ocean_custom_logo_mobile_max_width":0,"ocean_custom_logo_max_height":0,"ocean_custom_logo_tablet_max_height":0,"ocean_custom_logo_mobile_max_height":0,"ocean_header_custom_menu":"","ocean_menu_typo_font_family":"","ocean_menu_typo_font_subset":"","ocean_menu_typo_font_size":0,"ocean_menu_typo_font_size_tablet":0,"ocean_menu_typo_font_size_mobile":0,"ocean_menu_typo_font_size_unit":"px","ocean_menu_typo_font_weight":"","ocean_menu_typo_font_weight_tablet":"","ocean_menu_typo_font_weight_mobile":"","ocean_menu_typo_transform":"","ocean_menu_typo_transform_tablet":"","ocean_menu_typo_transform_mobile":"","ocean_menu_typo_line_height":0,"ocean_menu_typo_line_height_tablet":0,"ocean_menu_typo_line_height_mobile":0,"ocean_menu_typo_line_height_unit":"","ocean_menu_typo_spacing":0,"ocean_menu_typo_spacing_tablet":0,"ocean_menu_typo_spacing_mobile":0,"ocean_menu_typo_spacing_unit":"","ocean_menu_link_color":"","ocean_menu_link_color_hover":"","ocean_menu_link_color_active":"","ocean_menu_link_background":"","ocean_menu_link_hover_background":"","ocean_menu_link_active_background":"","ocean_menu_social_links_bg":"","ocean_menu_social_hover_links_bg":"","ocean_menu_social_links_color":"","ocean_menu_social_hover_links_color":"","ocean_disable_title":"default","ocean_disable_heading":"default","ocean_post_title":"","ocean_post_subheading":"","ocean_post_title_style":"","ocean_post_title_background_color":"","ocean_post_title_background":0,"ocean_post_title_bg_image_position":"","ocean_post_title_bg_image_attachment":"","ocean_post_title_bg_image_repeat":"","ocean_post_title_bg_image_size":"","ocean_post_title_height":0,"ocean_post_title_bg_overlay":0.5,"ocean_post_title_bg_overlay_color":"","ocean_disable_breadcrumbs":"default","ocean_breadcrumbs_color":"","ocean_breadcrumbs_separator_color":"","ocean_breadcrumbs_links_color":"","ocean_breadcrumbs_links_hover_color":"","ocean_display_footer_widgets":"default","ocean_display_footer_bottom":"default","ocean_custom_footer_template":"","footnotes":""},"class_list":["post-305","page","type-page","status-publish","hentry","entry"],"yoast_head":"<!-- This site is optimized with the Yoast SEO plugin v28.4 - https:\/\/yoast.com\/product\/yoast-seo-wordpress\/ -->\n<title>publications - Alternative Espaces Citoyens<\/title>\n<meta name=\"robots\" content=\"index, follow, max-snippet:-1, max-image-preview:large, max-video-preview:-1\" \/>\n<link rel=\"canonical\" href=\"https:\/\/aecniger.org\/index.php\/publications\/\" \/>\n<meta property=\"og:locale\" content=\"en_US\" \/>\n<meta property=\"og:type\" content=\"article\" \/>\n<meta property=\"og:title\" content=\"publications - Alternative Espaces Citoyens\" \/>\n<meta property=\"og:description\" content=\"Nos publications\" \/>\n<meta property=\"og:url\" content=\"https:\/\/aecniger.org\/index.php\/publications\/\" \/>\n<meta property=\"og:site_name\" content=\"Alternative Espaces Citoyens\" \/>\n<meta property=\"article:modified_time\" content=\"2026-09-03T12:52:59+00:00\" \/>\n<meta name=\"twitter:card\" content=\"summary_large_image\" \/>\n<script type=\"application\/ld+json\" class=\"yoast-schema-graph\">{\"@context\":\"https:\\\/\\\/schema.org\",\"@graph\":[{\"@type\":\"WebPage\",\"@id\":\"https:\\\/\\\/aecniger.org\\\/index.php\\\/publications\\\/\",\"url\":\"https:\\\/\\\/aecniger.org\\\/index.php\\\/publications\\\/\",\"name\":\"publications - Alternative Espaces Citoyens\",\"isPartOf\":{\"@id\":\"https:\\\/\\\/aecniger.org\\\/#website\"},\"datePublished\":\"2026-08-04T11:48:42+00:00\",\"dateModified\":\"2026-09-03T12:52:59+00:00\",\"breadcrumb\":{\"@id\":\"https:\\\/\\\/aecniger.org\\\/index.php\\\/publications\\\/#breadcrumb\"},\"inLanguage\":\"en-US\",\"potentialAction\":[{\"@type\":\"ReadAction\",\"target\":[\"https:\\\/\\\/aecniger.org\\\/index.php\\\/publications\\\/\"]}]},{\"@type\":\"BreadcrumbList\",\"@id\":\"https:\\\/\\\/aecniger.org\\\/index.php\\\/publications\\\/#breadcrumb\",\"itemListElement\":[{\"@type\":\"ListItem\",\"position\":1,\"name\":\"Home\",\"item\":\"https:\\\/\\\/aecniger.org\\\/\"},{\"@type\":\"ListItem\",\"position\":2,\"name\":\"publications\"}]},{\"@type\":\"WebSite\",\"@id\":\"https:\\\/\\\/aecniger.org\\\/#website\",\"url\":\"https:\\\/\\\/aecniger.org\\\/\",\"name\":\"Alternative Espaces Citoyens\",\"description\":\"Ouvrir les portes de l&#039;avenir\",\"potentialAction\":[{\"@type\":\"SearchAction\",\"target\":{\"@type\":\"EntryPoint\",\"urlTemplate\":\"https:\\\/\\\/aecniger.org\\\/?s={search_term_string}\"},\"query-input\":{\"@type\":\"PropertyValueSpecification\",\"valueRequired\":true,\"valueName\":\"search_term_string\"}}],\"inLanguage\":\"en-US\"}]}<\/script>\n<!-- \/ Yoast SEO plugin. -->","yoast_head_json":{"title":"publications - Alternative Espaces Citoyens","robots":{"index":"index","follow":"follow","max-snippet":"max-snippet:-1","max-image-preview":"max-image-preview:large","max-video-preview":"max-video-preview:-1"},"canonical":"https:\/\/aecniger.org\/index.php\/publications\/","og_locale":"en_US","og_type":"article","og_title":"publications - Alternative Espaces Citoyens","og_description":"Nos publications","og_url":"https:\/\/aecniger.org\/index.php\/publications\/","og_site_name":"Alternative Espaces Citoyens","article_modified_time":"2026-09-03T12:52:59+00:00","twitter_card":"summary_large_image","schema":{"@context":"https:\/\/schema.org","@graph":[{"@type":"WebPage","@id":"https:\/\/aecniger.org\/index.php\/publications\/","url":"https:\/\/aecniger.org\/index.php\/publications\/","name":"publications - Alternative Espaces Citoyens","isPartOf":{"@id":"https:\/\/aecniger.org\/#website"},"datePublished":"2026-08-04T11:48:42+00:00","dateModified":"2026-09-03T12:52:59+00:00","breadcrumb":{"@id":"https:\/\/aecniger.org\/index.php\/publications\/#breadcrumb"},"inLanguage":"en-US","potentialAction":[{"@type":"ReadAction","target":["https:\/\/aecniger.org\/index.php\/publications\/"]}]},{"@type":"BreadcrumbList","@id":"https:\/\/aecniger.org\/index.php\/publications\/#breadcrumb","itemListElement":[{"@type":"ListItem","position":1,"name":"Home","item":"https:\/\/aecniger.org\/"},{"@type":"ListItem","position":2,"name":"publications"}]},{"@type":"WebSite","@id":"https:\/\/aecniger.org\/#website","url":"https:\/\/aecniger.org\/","name":"Alternative Espaces Citoyens","description":"Ouvrir les portes de l&#039;avenir","potentialAction":[{"@type":"SearchAction","target":{"@type":"EntryPoint","urlTemplate":"https:\/\/aecniger.org\/?s={search_term_string}"},"query-input":{"@type":"PropertyValueSpecification","valueRequired":true,"valueName":"search_term_string"}}],"inLanguage":"en-US"}]}},"_links":{"self":[{"href":"https:\/\/aecniger.org\/index.php\/wp-json\/wp\/v2\/pages\/305","targetHints":{"allow":["GET"]}}],"collection":[{"href":"https:\/\/aecniger.org\/index.php\/wp-json\/wp\/v2\/pages"}],"about":[{"href":"https:\/\/aecniger.org\/index.php\/wp-json\/wp\/v2\/types\/page"}],"author":[{"embeddable":true,"href":"https:\/\/aecniger.org\/index.php\/wp-json\/wp\/v2\/users\/1"}],"replies":[{"embeddable":true,"href":"https:\/\/aecniger.org\/index.php\/wp-json\/wp\/v2\/comments?post=305"}],"version-history":[{"count":61,"href":"https:\/\/aecniger.org\/index.php\/wp-json\/wp\/v2\/pages\/305\/revisions"}],"predecessor-version":[{"id":626,"href":"https:\/\/aecniger.org\/index.php\/wp-json\/wp\/v2\/pages\/305\/revisions\/626"}],"wp:attachment":[{"href":"https:\/\/aecniger.org\/index.php\/wp-json\/wp\/v2\/media?parent=305"}],"curies":[{"name":"wp","href":"https:\/\/api.w.org\/{rel}","templated":true}]}}