{"id":145,"date":"2026-07-30T18:13:08","date_gmt":"2026-07-30T16:13:08","guid":{"rendered":"https:\/\/aecniger.org\/?page_id=145"},"modified":"2026-09-03T14:50:52","modified_gmt":"2026-09-03T12:50:52","slug":"a-propos","status":"publish","type":"page","link":"https:\/\/aecniger.org\/index.php\/a-propos\/","title":{"rendered":"A propos"},"content":{"rendered":"\t\t<div data-elementor-type=\"wp-page\" data-elementor-id=\"145\" class=\"elementor elementor-145\">\n\t\t\t\t<div class=\"elementor-element elementor-element-fde70e7 e-flex e-con-boxed e-con e-parent\" data-id=\"fde70e7\" data-element_type=\"container\" data-e-type=\"container\">\n\t\t\t\t\t<div class=\"e-con-inner\">\n\t\t\t\t<div class=\"elementor-element elementor-element-2251521 elementor-widget-divider--view-line_text elementor-widget-divider--element-align-left elementor-widget-divider--separator-type-pattern elementor-widget-divider--no-spacing elementor-widget elementor-widget-divider\" data-id=\"2251521\" data-element_type=\"widget\" data-e-type=\"widget\" data-widget_type=\"divider.default\">\n\t\t\t\t\t\t\t<div class=\"elementor-divider\" style=\"--divider-pattern-url: url(&quot;data:image\/svg+xml,%3Csvg xmlns=&#039;http:\/\/www.w3.org\/2000\/svg&#039; preserveAspectRatio=&#039;none&#039; overflow=&#039;visible&#039; height=&#039;100%&#039; viewBox=&#039;0 0 24 24&#039; fill=&#039;black&#039; stroke=&#039;none&#039;%3E%3Cpath d=&#039;M24,8v12H0V8H24z M24,4v1H0V4H24z&#039;\/%3E%3C\/svg%3E&quot;);\">\n\t\t\t<span class=\"elementor-divider-separator\">\n\t\t\t\t\t\t\t<span class=\"elementor-divider__text elementor-divider__element\">\n\t\t\t\tA propos\t\t\t\t<\/span>\n\t\t\t\t\t\t<\/span>\n\t\t<\/div>\n\t\t\t\t\t\t<\/div>\n\t\t\t\t\t<\/div>\n\t\t\t\t<\/div>\n\t\t<div class=\"elementor-element elementor-element-ee58f69 e-flex e-con-boxed e-con e-parent\" data-id=\"ee58f69\" data-element_type=\"container\" data-e-type=\"container\">\n\t\t\t\t\t<div class=\"e-con-inner\">\n\t\t\t\t<div class=\"elementor-element elementor-element-2110a0b elementor-widget elementor-widget-n-accordion\" data-id=\"2110a0b\" data-element_type=\"widget\" data-e-type=\"widget\" data-settings=\"{&quot;default_state&quot;:&quot;expanded&quot;,&quot;max_items_expended&quot;:&quot;one&quot;,&quot;n_accordion_animation_duration&quot;:{&quot;unit&quot;:&quot;ms&quot;,&quot;size&quot;:400,&quot;sizes&quot;:[]}}\" data-widget_type=\"nested-accordion.default\">\n\t\t\t\t\t\t\t<div class=\"e-n-accordion\" aria-label=\"Accordion. Open links with Enter or Space, close with Escape, and navigate with Arrow Keys\">\n\t\t\t\t\t\t<details id=\"e-n-accordion-item-3460\" class=\"e-n-accordion-item\" open>\n\t\t\t\t<summary class=\"e-n-accordion-item-title\" data-accordion-index=\"1\" tabindex=\"0\" aria-expanded=\"true\" aria-controls=\"e-n-accordion-item-3460\" >\n\t\t\t\t\t<span class='e-n-accordion-item-title-header'><div class=\"e-n-accordion-item-title-text\"> Qui sommes-nous ? <\/div><\/span>\n\t\t\t\t\t\t\t<span class='e-n-accordion-item-title-icon'>\n\t\t\t<span class='e-opened' ><svg aria-hidden=\"true\" class=\"e-font-icon-svg e-fas-minus\" viewBox=\"0 0 448 512\" xmlns=\"http:\/\/www.w3.org\/2000\/svg\"><path d=\"M416 208H32c-17.67 0-32 14.33-32 32v32c0 17.67 14.33 32 32 32h384c17.67 0 32-14.33 32-32v-32c0-17.67-14.33-32-32-32z\"><\/path><\/svg><\/span>\n\t\t\t<span class='e-closed'><svg aria-hidden=\"true\" class=\"e-font-icon-svg e-fas-plus\" viewBox=\"0 0 448 512\" xmlns=\"http:\/\/www.w3.org\/2000\/svg\"><path d=\"M416 208H272V64c0-17.67-14.33-32-32-32h-32c-17.67 0-32 14.33-32 32v144H32c-17.67 0-32 14.33-32 32v32c0 17.67 14.33 32 32 32h144v144c0 17.67 14.33 32 32 32h32c17.67 0 32-14.33 32-32V304h144c17.67 0 32-14.33 32-32v-32c0-17.67-14.33-32-32-32z\"><\/path><\/svg><\/span>\n\t\t<\/span>\n\n\t\t\t\t\t\t<\/summary>\n\t\t\t\t<div role=\"region\" aria-labelledby=\"e-n-accordion-item-3460\" class=\"elementor-element elementor-element-ed9cf72 e-con-full e-flex e-con e-child\" data-id=\"ed9cf72\" data-element_type=\"container\" data-e-type=\"container\" data-settings=\"{&quot;background_background&quot;:&quot;classic&quot;}\">\n\t\t\t\t<div class=\"elementor-element elementor-element-6fc8b0f elementor-widget elementor-widget-text-editor\" data-id=\"6fc8b0f\" data-element_type=\"widget\" data-e-type=\"widget\" data-widget_type=\"text-editor.default\">\n\t\t\t\t\t\t\t\t\t<p>Cr\u00e9\u00e9 en septembre 1994, \u00e0 l\u2019initiative d\u2019un groupe d\u2019intellectuels progressistes, Alternatives Espaces Citoyens est une association apolitique \u00e0 but non lucratif, dont la mission est\u00a0&#8220;<em><strong>d\u2019\u0153uvrer \u00e0 l\u2019av\u00e8nement d\u2019une soci\u00e9t\u00e9 fond\u00e9e sur l\u2019\u00e9galit\u00e9 des droits humains et des sexes, soucieuse de la pr\u00e9servation de l\u2019environnement et de la promotion de la jeunesse, et valorisant la solidarit\u00e9 entre les peuples<\/strong><\/em>&#8220;. <br \/>L&#8217;association travaille dans le domaine de l\u2019\u00e9ducation \u00e0 la citoyennet\u00e9, \u00e0 travers notamment sa radio bas\u00e9e \u00e0 Niamey. L\u2019organisation utilise \u00e9galement d\u2019autres moyens tels que les documentaires vid\u00e9os, le th\u00e9\u00e2tre de rue, les conf\u00e9rences publiques, pour promouvoir les valeurs d\u00e9mocratiques au sein de la population.<\/p>\t\t\t\t\t\t\t\t<\/div>\n\t\t\t\t<\/div>\n\t\t\t\t\t<\/details>\n\t\t\t\t\t\t<details id=\"e-n-accordion-item-3461\" class=\"e-n-accordion-item\" >\n\t\t\t\t<summary class=\"e-n-accordion-item-title\" data-accordion-index=\"2\" tabindex=\"-1\" aria-expanded=\"false\" aria-controls=\"e-n-accordion-item-3461\" >\n\t\t\t\t\t<span class='e-n-accordion-item-title-header'><div class=\"e-n-accordion-item-title-text\"> Nos objectifs <\/div><\/span>\n\t\t\t\t\t\t\t<span class='e-n-accordion-item-title-icon'>\n\t\t\t<span class='e-opened' ><svg aria-hidden=\"true\" class=\"e-font-icon-svg e-fas-minus\" viewBox=\"0 0 448 512\" xmlns=\"http:\/\/www.w3.org\/2000\/svg\"><path d=\"M416 208H32c-17.67 0-32 14.33-32 32v32c0 17.67 14.33 32 32 32h384c17.67 0 32-14.33 32-32v-32c0-17.67-14.33-32-32-32z\"><\/path><\/svg><\/span>\n\t\t\t<span class='e-closed'><svg aria-hidden=\"true\" class=\"e-font-icon-svg e-fas-plus\" viewBox=\"0 0 448 512\" xmlns=\"http:\/\/www.w3.org\/2000\/svg\"><path d=\"M416 208H272V64c0-17.67-14.33-32-32-32h-32c-17.67 0-32 14.33-32 32v144H32c-17.67 0-32 14.33-32 32v32c0 17.67 14.33 32 32 32h144v144c0 17.67 14.33 32 32 32h32c17.67 0 32-14.33 32-32V304h144c17.67 0 32-14.33 32-32v-32c0-17.67-14.33-32-32-32z\"><\/path><\/svg><\/span>\n\t\t<\/span>\n\n\t\t\t\t\t\t<\/summary>\n\t\t\t\t<div role=\"region\" aria-labelledby=\"e-n-accordion-item-3461\" class=\"elementor-element elementor-element-1a332c2 e-con-full e-flex e-con e-child\" data-id=\"1a332c2\" data-element_type=\"container\" data-e-type=\"container\" data-settings=\"{&quot;background_background&quot;:&quot;classic&quot;}\">\n\t\t\t\t<div class=\"elementor-element elementor-element-e0e6ff5 elementor-widget elementor-widget-text-editor\" data-id=\"e0e6ff5\" data-element_type=\"widget\" data-e-type=\"widget\" data-widget_type=\"text-editor.default\">\n\t\t\t\t\t\t\t\t\t<p><span class=\"fontstyle0\"><strong>Les objectifs de l\u2019association sont les suivants :<\/strong> <\/span><\/p><p><span class=\"fontstyle0\"><strong>(i) &#8211;<\/strong> promouvoir, d\u00e9fendre et contribuer \u00e0 <\/span><span class=\"fontstyle0\">l\u2019effectivit\u00e9 des droits humains fondamentaux et des libert\u00e9s individuelles et collectives ;<\/span><\/p><p><span class=\"fontstyle0\"><strong>(ii) &#8211;<\/strong> construire des espaces de r\u00e9sistance, de convergence des mouvements sociaux et de <\/span><span class=\"fontstyle0\">formulation d\u2019alternatives aux politiques n\u00e9olib\u00e9rales ; <\/span><\/p><p><strong>(iii) &#8211;<\/strong> d\u00e9velopper des initiatives de <span class=\"fontstyle0\">contr\u00f4le citoyen de l\u2019action publique aux niveaux national et local;<\/span><\/p><p><strong>(iv) &#8211;<\/strong> promouvoir les <span class=\"fontstyle0\">droits, la participation citoyenne et l\u2019autonomisation des jeunes, des femmes et d\u2019autres\u00a0<\/span><span class=\"fontstyle0\">groupes vuln\u00e9rables ; <\/span><\/p><p><strong>(v)<\/strong> &#8211; contribuer \u00e0 l\u2019am\u00e9lioration de l\u2019environnement et \u00e0 la protecti<span class=\"fontstyle0\">on des biens communs, en particulier l\u2019eau, les for\u00eats, les terres et le patrimoine g\u00e9n\u00e9ti<\/span><span class=\"fontstyle0\">que ; <\/span><\/p><p><strong>(vi)<\/strong> &#8211; promouvoir l\u2019acc\u00e8s, le d\u00e9veloppement et l&#8217;utilisation innovante des m\u00e9dias et <span class=\"fontstyle0\">des technologies de l&#8217;information et de la communication.<\/span><\/p><p><strong>Alternatives Espaces Citoyens fonde son action sur cinq (5) principes cardinaux, \u00e0 savoir :<\/strong><\/p><ol><li>Le rejet de tout particularisme ethnique, r\u00e9gional, religieux, et de toute forme de sectarisme politique et id\u00e9ologique ;<\/li><li>L\u2019 ind\u00e9pendance et le refus de toute ali\u00e9nation de ses objectifs ;<\/li><li>L\u2019engagement constant aux c\u00f4t\u00e9s des groupes sociaux vuln\u00e9rables et d\u00e9favoris\u00e9s ;<\/li><li>Le soutien \u00e0 toute action concourant \u00e0 la pr\u00e9servation du service public ;<\/li><li>L\u2019ouverture \u00e0 toutes les personnes physiques et morales poursuivant les m\u00eames objectifs, dans un esprit de partenariat.<\/li><\/ol>\t\t\t\t\t\t\t\t<\/div>\n\t\t\t\t<\/div>\n\t\t\t\t\t<\/details>\n\t\t\t\t\t<\/div>\n\t\t\t\t\t\t<\/div>\n\t\t\t\t\t<\/div>\n\t\t\t\t<\/div>\n\t\t\t\t<\/div>\n\t\t","protected":false},"excerpt":{"rendered":"<p>A propos Qui sommes-nous ? Cr\u00e9\u00e9 en septembre 1994, \u00e0 l\u2019initiative d\u2019un groupe d\u2019intellectuels progressistes, Alternatives Espaces Citoyens est une association apolitique \u00e0 but non lucratif, dont la mission est\u00a0&#8220;d\u2019\u0153uvrer \u00e0 l\u2019av\u00e8nement d\u2019une soci\u00e9t\u00e9 fond\u00e9e sur l\u2019\u00e9galit\u00e9 des droits humains et des sexes, soucieuse de la pr\u00e9servation de l\u2019environnement et de la promotion de la [&hellip;]<\/p>\n","protected":false},"author":1,"featured_media":0,"parent":0,"menu_order":0,"comment_status":"closed","ping_status":"closed","template":"","meta":{"ocean_front_end_style_editor":"no","ocean_post_layout":"","ocean_both_sidebars_style":"","ocean_both_sidebars_content_width":0,"ocean_both_sidebars_sidebars_width":0,"ocean_sidebar":"","ocean_second_sidebar":"","ocean_disable_margins":"enable","ocean_add_body_class":"","ocean_shortcode_before_top_bar":"","ocean_shortcode_after_top_bar":"","ocean_shortcode_before_header":"","ocean_shortcode_after_header":"","ocean_has_shortcode":"","ocean_shortcode_after_title":"","ocean_shortcode_before_footer_widgets":"","ocean_shortcode_after_footer_widgets":"","ocean_shortcode_before_footer_bottom":"","ocean_shortcode_after_footer_bottom":"","ocean_display_top_bar":"default","ocean_display_header":"default","ocean_header_style":"","ocean_center_header_left_menu":"","ocean_custom_header_template":"","ocean_custom_logo":0,"ocean_custom_retina_logo":0,"ocean_custom_logo_max_width":0,"ocean_custom_logo_tablet_max_width":0,"ocean_custom_logo_mobile_max_width":0,"ocean_custom_logo_max_height":0,"ocean_custom_logo_tablet_max_height":0,"ocean_custom_logo_mobile_max_height":0,"ocean_header_custom_menu":"","ocean_menu_typo_font_family":"","ocean_menu_typo_font_subset":"","ocean_menu_typo_font_size":0,"ocean_menu_typo_font_size_tablet":0,"ocean_menu_typo_font_size_mobile":0,"ocean_menu_typo_font_size_unit":"px","ocean_menu_typo_font_weight":"","ocean_menu_typo_font_weight_tablet":"","ocean_menu_typo_font_weight_mobile":"","ocean_menu_typo_transform":"","ocean_menu_typo_transform_tablet":"","ocean_menu_typo_transform_mobile":"","ocean_menu_typo_line_height":0,"ocean_menu_typo_line_height_tablet":0,"ocean_menu_typo_line_height_mobile":0,"ocean_menu_typo_line_height_unit":"","ocean_menu_typo_spacing":0,"ocean_menu_typo_spacing_tablet":0,"ocean_menu_typo_spacing_mobile":0,"ocean_menu_typo_spacing_unit":"","ocean_menu_link_color":"","ocean_menu_link_color_hover":"","ocean_menu_link_color_active":"","ocean_menu_link_background":"","ocean_menu_link_hover_background":"","ocean_menu_link_active_background":"","ocean_menu_social_links_bg":"","ocean_menu_social_hover_links_bg":"","ocean_menu_social_links_color":"","ocean_menu_social_hover_links_color":"","ocean_disable_title":"default","ocean_disable_heading":"default","ocean_post_title":"","ocean_post_subheading":"","ocean_post_title_style":"","ocean_post_title_background_color":"","ocean_post_title_background":0,"ocean_post_title_bg_image_position":"","ocean_post_title_bg_image_attachment":"","ocean_post_title_bg_image_repeat":"","ocean_post_title_bg_image_size":"","ocean_post_title_height":0,"ocean_post_title_bg_overlay":0.5,"ocean_post_title_bg_overlay_color":"","ocean_disable_breadcrumbs":"default","ocean_breadcrumbs_color":"","ocean_breadcrumbs_separator_color":"","ocean_breadcrumbs_links_color":"","ocean_breadcrumbs_links_hover_color":"","ocean_display_footer_widgets":"default","ocean_display_footer_bottom":"default","ocean_custom_footer_template":"","footnotes":""},"class_list":["post-145","page","type-page","status-publish","hentry","entry"],"yoast_head":"<!-- This site is optimized with the Yoast SEO plugin v28.4 - https:\/\/yoast.com\/product\/yoast-seo-wordpress\/ -->\n<title>A propos - Alternative Espaces Citoyens<\/title>\n<meta name=\"robots\" content=\"index, follow, max-snippet:-1, max-image-preview:large, max-video-preview:-1\" \/>\n<link rel=\"canonical\" href=\"https:\/\/aecniger.org\/index.php\/a-propos\/\" \/>\n<meta property=\"og:locale\" content=\"en_US\" \/>\n<meta property=\"og:type\" content=\"article\" \/>\n<meta property=\"og:title\" content=\"A propos - Alternative Espaces Citoyens\" \/>\n<meta property=\"og:description\" content=\"A propos Qui sommes-nous ? Cr\u00e9\u00e9 en septembre 1994, \u00e0 l\u2019initiative d\u2019un groupe d\u2019intellectuels progressistes, Alternatives Espaces Citoyens est une association apolitique \u00e0 but non lucratif, dont la mission est\u00a0&#8220;d\u2019\u0153uvrer \u00e0 l\u2019av\u00e8nement d\u2019une soci\u00e9t\u00e9 fond\u00e9e sur l\u2019\u00e9galit\u00e9 des droits humains et des sexes, soucieuse de la pr\u00e9servation de l\u2019environnement et de la promotion de la [&hellip;]\" \/>\n<meta property=\"og:url\" content=\"https:\/\/aecniger.org\/index.php\/a-propos\/\" \/>\n<meta property=\"og:site_name\" content=\"Alternative Espaces Citoyens\" \/>\n<meta property=\"article:modified_time\" content=\"2026-09-03T12:50:52+00:00\" \/>\n<meta name=\"twitter:card\" content=\"summary_large_image\" \/>\n<meta name=\"twitter:label1\" content=\"Est. reading time\" \/>\n\t<meta name=\"twitter:data1\" content=\"2 minutes\" \/>\n<script type=\"application\/ld+json\" class=\"yoast-schema-graph\">{\"@context\":\"https:\\\/\\\/schema.org\",\"@graph\":[{\"@type\":\"WebPage\",\"@id\":\"https:\\\/\\\/aecniger.org\\\/index.php\\\/a-propos\\\/\",\"url\":\"https:\\\/\\\/aecniger.org\\\/index.php\\\/a-propos\\\/\",\"name\":\"A propos - Alternative Espaces Citoyens\",\"isPartOf\":{\"@id\":\"https:\\\/\\\/aecniger.org\\\/#website\"},\"datePublished\":\"2026-07-30T16:13:08+00:00\",\"dateModified\":\"2026-09-03T12:50:52+00:00\",\"breadcrumb\":{\"@id\":\"https:\\\/\\\/aecniger.org\\\/index.php\\\/a-propos\\\/#breadcrumb\"},\"inLanguage\":\"en-US\",\"potentialAction\":[{\"@type\":\"ReadAction\",\"target\":[\"https:\\\/\\\/aecniger.org\\\/index.php\\\/a-propos\\\/\"]}]},{\"@type\":\"BreadcrumbList\",\"@id\":\"https:\\\/\\\/aecniger.org\\\/index.php\\\/a-propos\\\/#breadcrumb\",\"itemListElement\":[{\"@type\":\"ListItem\",\"position\":1,\"name\":\"Home\",\"item\":\"https:\\\/\\\/aecniger.org\\\/\"},{\"@type\":\"ListItem\",\"position\":2,\"name\":\"A propos\"}]},{\"@type\":\"WebSite\",\"@id\":\"https:\\\/\\\/aecniger.org\\\/#website\",\"url\":\"https:\\\/\\\/aecniger.org\\\/\",\"name\":\"Alternative Espaces Citoyens\",\"description\":\"Ouvrir les portes de l&#039;avenir\",\"potentialAction\":[{\"@type\":\"SearchAction\",\"target\":{\"@type\":\"EntryPoint\",\"urlTemplate\":\"https:\\\/\\\/aecniger.org\\\/?s={search_term_string}\"},\"query-input\":{\"@type\":\"PropertyValueSpecification\",\"valueRequired\":true,\"valueName\":\"search_term_string\"}}],\"inLanguage\":\"en-US\"}]}<\/script>\n<!-- \/ Yoast SEO plugin. -->","yoast_head_json":{"title":"A propos - Alternative Espaces Citoyens","robots":{"index":"index","follow":"follow","max-snippet":"max-snippet:-1","max-image-preview":"max-image-preview:large","max-video-preview":"max-video-preview:-1"},"canonical":"https:\/\/aecniger.org\/index.php\/a-propos\/","og_locale":"en_US","og_type":"article","og_title":"A propos - Alternative Espaces Citoyens","og_description":"A propos Qui sommes-nous ? Cr\u00e9\u00e9 en septembre 1994, \u00e0 l\u2019initiative d\u2019un groupe d\u2019intellectuels progressistes, Alternatives Espaces Citoyens est une association apolitique \u00e0 but non lucratif, dont la mission est\u00a0&#8220;d\u2019\u0153uvrer \u00e0 l\u2019av\u00e8nement d\u2019une soci\u00e9t\u00e9 fond\u00e9e sur l\u2019\u00e9galit\u00e9 des droits humains et des sexes, soucieuse de la pr\u00e9servation de l\u2019environnement et de la promotion de la [&hellip;]","og_url":"https:\/\/aecniger.org\/index.php\/a-propos\/","og_site_name":"Alternative Espaces Citoyens","article_modified_time":"2026-09-03T12:50:52+00:00","twitter_card":"summary_large_image","twitter_misc":{"Est. reading time":"2 minutes"},"schema":{"@context":"https:\/\/schema.org","@graph":[{"@type":"WebPage","@id":"https:\/\/aecniger.org\/index.php\/a-propos\/","url":"https:\/\/aecniger.org\/index.php\/a-propos\/","name":"A propos - Alternative Espaces Citoyens","isPartOf":{"@id":"https:\/\/aecniger.org\/#website"},"datePublished":"2026-07-30T16:13:08+00:00","dateModified":"2026-09-03T12:50:52+00:00","breadcrumb":{"@id":"https:\/\/aecniger.org\/index.php\/a-propos\/#breadcrumb"},"inLanguage":"en-US","potentialAction":[{"@type":"ReadAction","target":["https:\/\/aecniger.org\/index.php\/a-propos\/"]}]},{"@type":"BreadcrumbList","@id":"https:\/\/aecniger.org\/index.php\/a-propos\/#breadcrumb","itemListElement":[{"@type":"ListItem","position":1,"name":"Home","item":"https:\/\/aecniger.org\/"},{"@type":"ListItem","position":2,"name":"A propos"}]},{"@type":"WebSite","@id":"https:\/\/aecniger.org\/#website","url":"https:\/\/aecniger.org\/","name":"Alternative Espaces Citoyens","description":"Ouvrir les portes de l&#039;avenir","potentialAction":[{"@type":"SearchAction","target":{"@type":"EntryPoint","urlTemplate":"https:\/\/aecniger.org\/?s={search_term_string}"},"query-input":{"@type":"PropertyValueSpecification","valueRequired":true,"valueName":"search_term_string"}}],"inLanguage":"en-US"}]}},"_links":{"self":[{"href":"https:\/\/aecniger.org\/index.php\/wp-json\/wp\/v2\/pages\/145","targetHints":{"allow":["GET"]}}],"collection":[{"href":"https:\/\/aecniger.org\/index.php\/wp-json\/wp\/v2\/pages"}],"about":[{"href":"https:\/\/aecniger.org\/index.php\/wp-json\/wp\/v2\/types\/page"}],"author":[{"embeddable":true,"href":"https:\/\/aecniger.org\/index.php\/wp-json\/wp\/v2\/users\/1"}],"replies":[{"embeddable":true,"href":"https:\/\/aecniger.org\/index.php\/wp-json\/wp\/v2\/comments?post=145"}],"version-history":[{"count":34,"href":"https:\/\/aecniger.org\/index.php\/wp-json\/wp\/v2\/pages\/145\/revisions"}],"predecessor-version":[{"id":623,"href":"https:\/\/aecniger.org\/index.php\/wp-json\/wp\/v2\/pages\/145\/revisions\/623"}],"wp:attachment":[{"href":"https:\/\/aecniger.org\/index.php\/wp-json\/wp\/v2\/media?parent=145"}],"curies":[{"name":"wp","href":"https:\/\/api.w.org\/{rel}","templated":true}]}}