{"id":447,"date":"2009-12-08T13:55:00","date_gmt":"2009-12-08T12:55:00","guid":{"rendered":"https:\/\/aecniger.org\/?post_type=filedeck_document&#038;p=447"},"modified":"2026-08-10T16:28:22","modified_gmt":"2026-08-10T14:28:22","slug":"le-droit-a-la-sante-au-niger","status":"publish","type":"filedeck_document","link":"https:\/\/aecniger.org\/index.php\/document\/le-droit-a-la-sante-au-niger\/","title":{"rendered":"Le Droit \u00e0 la Sant\u00e9 au Niger"},"content":{"rendered":"","protected":false},"excerpt":{"rendered":"<p>La pr\u00e9sente \u00e9tude est le fruit de plusieurs contributions. Que soient remerci\u00e9es ici<br \/>\ntoutes les personnes qui, \u00e0 un degr\u00e9 ou \u00e0 un autre, ont soit fourni la documentation<br \/>\nn\u00e9cessaire, rare dansce domaine, soit apport\u00e9 des amendements fort pertinents. En<br \/>\nparticulier, nous tenons \u00e0 remercier tous les repr\u00e9sentants des organisations de la<br \/>\nsoci\u00e9t\u00e9 civile qui, nonobstant la surcharge de leurs activit\u00e9s, ont notamment pris<br \/>\nune part active \u00e0 la collecte des donn\u00e9es. A cet \u00e9gard, nous tenons \u00e0 remercier tout<br \/>\nsinguli\u00e8rement :<br \/>\nAbdo Lawaly (AEC)<br \/>\nAbdou Yahouza (AREN)<br \/>\nAmina Tchemogo (AEC)<br \/>\nBalkissa Hamidou (AEC)<br \/>\nElhadj Idi Abdou (AEC)<br \/>\nIbrahim Diori (AEC)<br \/>\nDaweye Nana Fassouma (SUSAS)<br \/>\nMariama Chipkaou (SNEN)<br \/>\nRamatou Diarra (MAPADEV)<br \/>\nUne mention sp\u00e9ciale doit \u00eatre faite \u00e0 OXFAM NOVIB, notre partenaire dans le<br \/>\ncadre de ce travail sur le suivi et l&#8217;analyse budg\u00e9taire.<br \/>\nOnt contribu\u00e9 \u00e0 la r\u00e9daction de ce rapport :<br \/>\nMoussa Tchangari<br \/>\nHassane Boukar<br \/>\nMoussa Salifou<br \/>\nSouley Adji<br \/>\nAbdourahamane Ousmane<br \/>\n_____________<br \/>\nD\u00e9cembre 2009<\/p>\n","protected":false},"author":1,"featured_media":448,"template":"","filedeck_category":[54,74,38],"filedeck_tag":[53],"class_list":["post-447","filedeck_document","type-filedeck_document","status-publish","has-post-thumbnail","hentry","filedeck_category-droit-a-la-sante","filedeck_category-publication","filedeck_category-sante","filedeck_tag-droit-a-la-sante","entry","has-media"],"yoast_head":"<!-- This site is optimized with the Yoast SEO plugin v28.4 - https:\/\/yoast.com\/product\/yoast-seo-wordpress\/ -->\n<title>Le Droit \u00e0 la Sant\u00e9 au Niger - Alternative Espaces Citoyens<\/title>\n<meta name=\"robots\" content=\"index, follow, max-snippet:-1, max-image-preview:large, max-video-preview:-1\" \/>\n<link rel=\"canonical\" href=\"https:\/\/aecniger.org\/index.php\/document\/le-droit-a-la-sante-au-niger\/\" \/>\n<meta property=\"og:locale\" content=\"en_US\" \/>\n<meta property=\"og:type\" content=\"article\" \/>\n<meta property=\"og:title\" content=\"Le Droit \u00e0 la Sant\u00e9 au Niger - Alternative Espaces Citoyens\" \/>\n<meta property=\"og:description\" content=\"La pr\u00e9sente \u00e9tude est le fruit de plusieurs contributions. Que soient remerci\u00e9es ici toutes les personnes qui, \u00e0 un degr\u00e9 ou \u00e0 un autre, ont soit fourni la documentation n\u00e9cessaire, rare dansce domaine, soit apport\u00e9 des amendements fort pertinents. En particulier, nous tenons \u00e0 remercier tous les repr\u00e9sentants des organisations de la soci\u00e9t\u00e9 civile qui, nonobstant la surcharge de leurs activit\u00e9s, ont notamment pris une part active \u00e0 la collecte des donn\u00e9es. A cet \u00e9gard, nous tenons \u00e0 remercier tout singuli\u00e8rement : Abdo Lawaly (AEC) Abdou Yahouza (AREN) Amina Tchemogo (AEC) Balkissa Hamidou (AEC) Elhadj Idi Abdou (AEC) Ibrahim Diori (AEC) Daweye Nana Fassouma (SUSAS) Mariama Chipkaou (SNEN) Ramatou Diarra (MAPADEV) Une mention sp\u00e9ciale doit \u00eatre faite \u00e0 OXFAM NOVIB, notre partenaire dans le cadre de ce travail sur le suivi et l&#039;analyse budg\u00e9taire. Ont contribu\u00e9 \u00e0 la r\u00e9daction de ce rapport : Moussa Tchangari Hassane Boukar Moussa Salifou Souley Adji Abdourahamane Ousmane _____________ D\u00e9cembre 2009\" \/>\n<meta property=\"og:url\" content=\"https:\/\/aecniger.org\/index.php\/document\/le-droit-a-la-sante-au-niger\/\" \/>\n<meta property=\"og:site_name\" content=\"Alternative Espaces Citoyens\" \/>\n<meta property=\"article:modified_time\" content=\"2026-08-10T14:28:22+00:00\" \/>\n<meta property=\"og:image\" content=\"https:\/\/aecniger.org\/wp-content\/uploads\/2026\/08\/Droit-a-la-Sante-au-Niger.jpg\" \/>\n\t<meta property=\"og:image:width\" content=\"608\" \/>\n\t<meta property=\"og:image:height\" content=\"792\" \/>\n\t<meta property=\"og:image:type\" content=\"image\/jpeg\" \/>\n<meta name=\"twitter:card\" content=\"summary_large_image\" \/>\n<meta name=\"twitter:label1\" content=\"Est. reading time\" \/>\n\t<meta name=\"twitter:data1\" content=\"1 minute\" \/>\n<script type=\"application\/ld+json\" class=\"yoast-schema-graph\">{\"@context\":\"https:\\\/\\\/schema.org\",\"@graph\":[{\"@type\":\"WebPage\",\"@id\":\"https:\\\/\\\/aecniger.org\\\/index.php\\\/document\\\/le-droit-a-la-sante-au-niger\\\/\",\"url\":\"https:\\\/\\\/aecniger.org\\\/index.php\\\/document\\\/le-droit-a-la-sante-au-niger\\\/\",\"name\":\"Le Droit \u00e0 la Sant\u00e9 au Niger - Alternative Espaces Citoyens\",\"isPartOf\":{\"@id\":\"https:\\\/\\\/aecniger.org\\\/#website\"},\"primaryImageOfPage\":{\"@id\":\"https:\\\/\\\/aecniger.org\\\/index.php\\\/document\\\/le-droit-a-la-sante-au-niger\\\/#primaryimage\"},\"image\":{\"@id\":\"https:\\\/\\\/aecniger.org\\\/index.php\\\/document\\\/le-droit-a-la-sante-au-niger\\\/#primaryimage\"},\"thumbnailUrl\":\"https:\\\/\\\/aecniger.org\\\/wp-content\\\/uploads\\\/2026\\\/08\\\/Droit-a-la-Sante-au-Niger.jpg\",\"datePublished\":\"2009-12-08T12:55:00+00:00\",\"dateModified\":\"2026-08-10T14:28:22+00:00\",\"breadcrumb\":{\"@id\":\"https:\\\/\\\/aecniger.org\\\/index.php\\\/document\\\/le-droit-a-la-sante-au-niger\\\/#breadcrumb\"},\"inLanguage\":\"en-US\",\"potentialAction\":[{\"@type\":\"ReadAction\",\"target\":[\"https:\\\/\\\/aecniger.org\\\/index.php\\\/document\\\/le-droit-a-la-sante-au-niger\\\/\"]}]},{\"@type\":\"ImageObject\",\"inLanguage\":\"en-US\",\"@id\":\"https:\\\/\\\/aecniger.org\\\/index.php\\\/document\\\/le-droit-a-la-sante-au-niger\\\/#primaryimage\",\"url\":\"https:\\\/\\\/aecniger.org\\\/wp-content\\\/uploads\\\/2026\\\/08\\\/Droit-a-la-Sante-au-Niger.jpg\",\"contentUrl\":\"https:\\\/\\\/aecniger.org\\\/wp-content\\\/uploads\\\/2026\\\/08\\\/Droit-a-la-Sante-au-Niger.jpg\",\"width\":608,\"height\":792},{\"@type\":\"BreadcrumbList\",\"@id\":\"https:\\\/\\\/aecniger.org\\\/index.php\\\/document\\\/le-droit-a-la-sante-au-niger\\\/#breadcrumb\",\"itemListElement\":[{\"@type\":\"ListItem\",\"position\":1,\"name\":\"Home\",\"item\":\"https:\\\/\\\/aecniger.org\\\/\"},{\"@type\":\"ListItem\",\"position\":2,\"name\":\"Le Droit \u00e0 la Sant\u00e9 au Niger\"}]},{\"@type\":\"WebSite\",\"@id\":\"https:\\\/\\\/aecniger.org\\\/#website\",\"url\":\"https:\\\/\\\/aecniger.org\\\/\",\"name\":\"Alternative Espaces Citoyens\",\"description\":\"Ouvrir les portes de l&#039;avenir\",\"potentialAction\":[{\"@type\":\"SearchAction\",\"target\":{\"@type\":\"EntryPoint\",\"urlTemplate\":\"https:\\\/\\\/aecniger.org\\\/?s={search_term_string}\"},\"query-input\":{\"@type\":\"PropertyValueSpecification\",\"valueRequired\":true,\"valueName\":\"search_term_string\"}}],\"inLanguage\":\"en-US\"}]}<\/script>\n<!-- \/ Yoast SEO plugin. -->","yoast_head_json":{"title":"Le Droit \u00e0 la Sant\u00e9 au Niger - Alternative Espaces Citoyens","robots":{"index":"index","follow":"follow","max-snippet":"max-snippet:-1","max-image-preview":"max-image-preview:large","max-video-preview":"max-video-preview:-1"},"canonical":"https:\/\/aecniger.org\/index.php\/document\/le-droit-a-la-sante-au-niger\/","og_locale":"en_US","og_type":"article","og_title":"Le Droit \u00e0 la Sant\u00e9 au Niger - Alternative Espaces Citoyens","og_description":"La pr\u00e9sente \u00e9tude est le fruit de plusieurs contributions. Que soient remerci\u00e9es ici toutes les personnes qui, \u00e0 un degr\u00e9 ou \u00e0 un autre, ont soit fourni la documentation n\u00e9cessaire, rare dansce domaine, soit apport\u00e9 des amendements fort pertinents. En particulier, nous tenons \u00e0 remercier tous les repr\u00e9sentants des organisations de la soci\u00e9t\u00e9 civile qui, nonobstant la surcharge de leurs activit\u00e9s, ont notamment pris une part active \u00e0 la collecte des donn\u00e9es. A cet \u00e9gard, nous tenons \u00e0 remercier tout singuli\u00e8rement : Abdo Lawaly (AEC) Abdou Yahouza (AREN) Amina Tchemogo (AEC) Balkissa Hamidou (AEC) Elhadj Idi Abdou (AEC) Ibrahim Diori (AEC) Daweye Nana Fassouma (SUSAS) Mariama Chipkaou (SNEN) Ramatou Diarra (MAPADEV) Une mention sp\u00e9ciale doit \u00eatre faite \u00e0 OXFAM NOVIB, notre partenaire dans le cadre de ce travail sur le suivi et l'analyse budg\u00e9taire. Ont contribu\u00e9 \u00e0 la r\u00e9daction de ce rapport : Moussa Tchangari Hassane Boukar Moussa Salifou Souley Adji Abdourahamane Ousmane _____________ D\u00e9cembre 2009","og_url":"https:\/\/aecniger.org\/index.php\/document\/le-droit-a-la-sante-au-niger\/","og_site_name":"Alternative Espaces Citoyens","article_modified_time":"2026-08-10T14:28:22+00:00","og_image":[{"width":608,"height":792,"url":"https:\/\/aecniger.org\/wp-content\/uploads\/2026\/08\/Droit-a-la-Sante-au-Niger.jpg","type":"image\/jpeg"}],"twitter_card":"summary_large_image","twitter_misc":{"Est. reading time":"1 minute"},"schema":{"@context":"https:\/\/schema.org","@graph":[{"@type":"WebPage","@id":"https:\/\/aecniger.org\/index.php\/document\/le-droit-a-la-sante-au-niger\/","url":"https:\/\/aecniger.org\/index.php\/document\/le-droit-a-la-sante-au-niger\/","name":"Le Droit \u00e0 la Sant\u00e9 au Niger - Alternative Espaces Citoyens","isPartOf":{"@id":"https:\/\/aecniger.org\/#website"},"primaryImageOfPage":{"@id":"https:\/\/aecniger.org\/index.php\/document\/le-droit-a-la-sante-au-niger\/#primaryimage"},"image":{"@id":"https:\/\/aecniger.org\/index.php\/document\/le-droit-a-la-sante-au-niger\/#primaryimage"},"thumbnailUrl":"https:\/\/aecniger.org\/wp-content\/uploads\/2026\/08\/Droit-a-la-Sante-au-Niger.jpg","datePublished":"2009-12-08T12:55:00+00:00","dateModified":"2026-08-10T14:28:22+00:00","breadcrumb":{"@id":"https:\/\/aecniger.org\/index.php\/document\/le-droit-a-la-sante-au-niger\/#breadcrumb"},"inLanguage":"en-US","potentialAction":[{"@type":"ReadAction","target":["https:\/\/aecniger.org\/index.php\/document\/le-droit-a-la-sante-au-niger\/"]}]},{"@type":"ImageObject","inLanguage":"en-US","@id":"https:\/\/aecniger.org\/index.php\/document\/le-droit-a-la-sante-au-niger\/#primaryimage","url":"https:\/\/aecniger.org\/wp-content\/uploads\/2026\/08\/Droit-a-la-Sante-au-Niger.jpg","contentUrl":"https:\/\/aecniger.org\/wp-content\/uploads\/2026\/08\/Droit-a-la-Sante-au-Niger.jpg","width":608,"height":792},{"@type":"BreadcrumbList","@id":"https:\/\/aecniger.org\/index.php\/document\/le-droit-a-la-sante-au-niger\/#breadcrumb","itemListElement":[{"@type":"ListItem","position":1,"name":"Home","item":"https:\/\/aecniger.org\/"},{"@type":"ListItem","position":2,"name":"Le Droit \u00e0 la Sant\u00e9 au Niger"}]},{"@type":"WebSite","@id":"https:\/\/aecniger.org\/#website","url":"https:\/\/aecniger.org\/","name":"Alternative Espaces Citoyens","description":"Ouvrir les portes de l&#039;avenir","potentialAction":[{"@type":"SearchAction","target":{"@type":"EntryPoint","urlTemplate":"https:\/\/aecniger.org\/?s={search_term_string}"},"query-input":{"@type":"PropertyValueSpecification","valueRequired":true,"valueName":"search_term_string"}}],"inLanguage":"en-US"}]}},"_links":{"self":[{"href":"https:\/\/aecniger.org\/index.php\/wp-json\/wp\/v2\/filedeck_document\/447","targetHints":{"allow":["GET"]}}],"collection":[{"href":"https:\/\/aecniger.org\/index.php\/wp-json\/wp\/v2\/filedeck_document"}],"about":[{"href":"https:\/\/aecniger.org\/index.php\/wp-json\/wp\/v2\/types\/filedeck_document"}],"author":[{"embeddable":true,"href":"https:\/\/aecniger.org\/index.php\/wp-json\/wp\/v2\/users\/1"}],"wp:featuredmedia":[{"embeddable":true,"href":"https:\/\/aecniger.org\/index.php\/wp-json\/wp\/v2\/media\/448"}],"wp:attachment":[{"href":"https:\/\/aecniger.org\/index.php\/wp-json\/wp\/v2\/media?parent=447"}],"wp:term":[{"taxonomy":"filedeck_category","embeddable":true,"href":"https:\/\/aecniger.org\/index.php\/wp-json\/wp\/v2\/filedeck_category?post=447"},{"taxonomy":"filedeck_tag","embeddable":true,"href":"https:\/\/aecniger.org\/index.php\/wp-json\/wp\/v2\/filedeck_tag?post=447"}],"curies":[{"name":"wp","href":"https:\/\/api.w.org\/{rel}","templated":true}]}}