{"id":429,"date":"2013-05-07T13:12:00","date_gmt":"2013-05-07T11:12:00","guid":{"rendered":"https:\/\/aecniger.org\/?post_type=filedeck_document&#038;p=429"},"modified":"2026-08-10T16:26:18","modified_gmt":"2026-08-10T14:26:18","slug":"le-droit-a-lalimentation-a-lepreuve-des-crises-alimentaires","status":"publish","type":"filedeck_document","link":"https:\/\/aecniger.org\/index.php\/document\/le-droit-a-lalimentation-a-lepreuve-des-crises-alimentaires\/","title":{"rendered":"Le Droit \u00e0 l&#8217;alimentation \u00e0 l&#8217;\u00e9preuve des crises alimentaires"},"content":{"rendered":"","protected":false},"excerpt":{"rendered":"<p>Au cours de l\u2019ann\u00e9e 2012, le Niger a enregistr\u00e9, pour la troisi\u00e8me fois en l\u2019espace d\u2019une d\u00e9cennie, une crise alimentaire affectant une proportion de la population<br \/>\nsup\u00e9rieure \u00e0 trois (3) millions de personnes. Les r\u00e9sultats de l\u2019enqu\u00eate sur la vuln\u00e9-<br \/>\nrabilit\u00e9 des m\u00e9nages \u00e0 l\u2019ins\u00e9curit\u00e9 alimentaire, conduite en novembre 2011 par le<br \/>\nCC\/SAP et l\u2019INS, indiquaient que 34,9% des m\u00e9nages, soit 5 458 871 personnes,<br \/>\n\u00e9taient dans une situation d\u2019ins\u00e9curit\u00e9 alimentaire, dont 8,5% (1 324 435 personnes) en ins\u00e9curit\u00e9 alimentaire s\u00e9v\u00e8re et 26,4% (4 134 436 personnes) en ins\u00e9curit\u00e9<br \/>\nalimentaire mod\u00e9r\u00e9e. <\/p>\n","protected":false},"author":1,"featured_media":430,"template":"","filedeck_category":[24,46,74],"filedeck_tag":[47,45],"class_list":["post-429","filedeck_document","type-filedeck_document","status-publish","has-post-thumbnail","hentry","filedeck_category-alimentation","filedeck_category-droit-a-lalimentation","filedeck_category-publication","filedeck_tag-crise-alimentaire","filedeck_tag-droit-a-lalimentation","entry","has-media"],"yoast_head":"<!-- This site is optimized with the Yoast SEO plugin v28.4 - https:\/\/yoast.com\/product\/yoast-seo-wordpress\/ -->\n<title>Le Droit \u00e0 l&#039;alimentation \u00e0 l&#039;\u00e9preuve des crises alimentaires - Alternative Espaces Citoyens<\/title>\n<meta name=\"robots\" content=\"index, follow, max-snippet:-1, max-image-preview:large, max-video-preview:-1\" \/>\n<link rel=\"canonical\" href=\"https:\/\/aecniger.org\/index.php\/document\/le-droit-a-lalimentation-a-lepreuve-des-crises-alimentaires\/\" \/>\n<meta property=\"og:locale\" content=\"en_US\" \/>\n<meta property=\"og:type\" content=\"article\" \/>\n<meta property=\"og:title\" content=\"Le Droit \u00e0 l&#039;alimentation \u00e0 l&#039;\u00e9preuve des crises alimentaires - Alternative Espaces Citoyens\" \/>\n<meta property=\"og:description\" content=\"Au cours de l\u2019ann\u00e9e 2012, le Niger a enregistr\u00e9, pour la troisi\u00e8me fois en l\u2019espace d\u2019une d\u00e9cennie, une crise alimentaire affectant une proportion de la population sup\u00e9rieure \u00e0 trois (3) millions de personnes. Les r\u00e9sultats de l\u2019enqu\u00eate sur la vuln\u00e9- rabilit\u00e9 des m\u00e9nages \u00e0 l\u2019ins\u00e9curit\u00e9 alimentaire, conduite en novembre 2011 par le CC\/SAP et l\u2019INS, indiquaient que 34,9% des m\u00e9nages, soit 5 458 871 personnes, \u00e9taient dans une situation d\u2019ins\u00e9curit\u00e9 alimentaire, dont 8,5% (1 324 435 personnes) en ins\u00e9curit\u00e9 alimentaire s\u00e9v\u00e8re et 26,4% (4 134 436 personnes) en ins\u00e9curit\u00e9 alimentaire mod\u00e9r\u00e9e.\" \/>\n<meta property=\"og:url\" content=\"https:\/\/aecniger.org\/index.php\/document\/le-droit-a-lalimentation-a-lepreuve-des-crises-alimentaires\/\" \/>\n<meta property=\"og:site_name\" content=\"Alternative Espaces Citoyens\" \/>\n<meta property=\"article:modified_time\" content=\"2026-08-10T14:26:18+00:00\" \/>\n<meta property=\"og:image\" content=\"https:\/\/aecniger.org\/wp-content\/uploads\/2026\/08\/Droit_Alimentation_a_L_Epreuve_des_Crises.jpg\" \/>\n\t<meta property=\"og:image:width\" content=\"609\" \/>\n\t<meta property=\"og:image:height\" content=\"794\" \/>\n\t<meta property=\"og:image:type\" content=\"image\/jpeg\" \/>\n<meta name=\"twitter:card\" content=\"summary_large_image\" \/>\n<meta name=\"twitter:label1\" content=\"Est. reading time\" \/>\n\t<meta name=\"twitter:data1\" content=\"1 minute\" \/>\n<script type=\"application\/ld+json\" class=\"yoast-schema-graph\">{\"@context\":\"https:\\\/\\\/schema.org\",\"@graph\":[{\"@type\":\"WebPage\",\"@id\":\"https:\\\/\\\/aecniger.org\\\/index.php\\\/document\\\/le-droit-a-lalimentation-a-lepreuve-des-crises-alimentaires\\\/\",\"url\":\"https:\\\/\\\/aecniger.org\\\/index.php\\\/document\\\/le-droit-a-lalimentation-a-lepreuve-des-crises-alimentaires\\\/\",\"name\":\"Le Droit \u00e0 l'alimentation \u00e0 l'\u00e9preuve des crises alimentaires - Alternative Espaces Citoyens\",\"isPartOf\":{\"@id\":\"https:\\\/\\\/aecniger.org\\\/#website\"},\"primaryImageOfPage\":{\"@id\":\"https:\\\/\\\/aecniger.org\\\/index.php\\\/document\\\/le-droit-a-lalimentation-a-lepreuve-des-crises-alimentaires\\\/#primaryimage\"},\"image\":{\"@id\":\"https:\\\/\\\/aecniger.org\\\/index.php\\\/document\\\/le-droit-a-lalimentation-a-lepreuve-des-crises-alimentaires\\\/#primaryimage\"},\"thumbnailUrl\":\"https:\\\/\\\/aecniger.org\\\/wp-content\\\/uploads\\\/2026\\\/08\\\/Droit_Alimentation_a_L_Epreuve_des_Crises.jpg\",\"datePublished\":\"2013-05-07T11:12:00+00:00\",\"dateModified\":\"2026-08-10T14:26:18+00:00\",\"breadcrumb\":{\"@id\":\"https:\\\/\\\/aecniger.org\\\/index.php\\\/document\\\/le-droit-a-lalimentation-a-lepreuve-des-crises-alimentaires\\\/#breadcrumb\"},\"inLanguage\":\"en-US\",\"potentialAction\":[{\"@type\":\"ReadAction\",\"target\":[\"https:\\\/\\\/aecniger.org\\\/index.php\\\/document\\\/le-droit-a-lalimentation-a-lepreuve-des-crises-alimentaires\\\/\"]}]},{\"@type\":\"ImageObject\",\"inLanguage\":\"en-US\",\"@id\":\"https:\\\/\\\/aecniger.org\\\/index.php\\\/document\\\/le-droit-a-lalimentation-a-lepreuve-des-crises-alimentaires\\\/#primaryimage\",\"url\":\"https:\\\/\\\/aecniger.org\\\/wp-content\\\/uploads\\\/2026\\\/08\\\/Droit_Alimentation_a_L_Epreuve_des_Crises.jpg\",\"contentUrl\":\"https:\\\/\\\/aecniger.org\\\/wp-content\\\/uploads\\\/2026\\\/08\\\/Droit_Alimentation_a_L_Epreuve_des_Crises.jpg\",\"width\":609,\"height\":794},{\"@type\":\"BreadcrumbList\",\"@id\":\"https:\\\/\\\/aecniger.org\\\/index.php\\\/document\\\/le-droit-a-lalimentation-a-lepreuve-des-crises-alimentaires\\\/#breadcrumb\",\"itemListElement\":[{\"@type\":\"ListItem\",\"position\":1,\"name\":\"Home\",\"item\":\"https:\\\/\\\/aecniger.org\\\/\"},{\"@type\":\"ListItem\",\"position\":2,\"name\":\"Le Droit \u00e0 l&rsquo;alimentation \u00e0 l&rsquo;\u00e9preuve des crises alimentaires\"}]},{\"@type\":\"WebSite\",\"@id\":\"https:\\\/\\\/aecniger.org\\\/#website\",\"url\":\"https:\\\/\\\/aecniger.org\\\/\",\"name\":\"Alternative Espaces Citoyens\",\"description\":\"Ouvrir les portes de l&#039;avenir\",\"potentialAction\":[{\"@type\":\"SearchAction\",\"target\":{\"@type\":\"EntryPoint\",\"urlTemplate\":\"https:\\\/\\\/aecniger.org\\\/?s={search_term_string}\"},\"query-input\":{\"@type\":\"PropertyValueSpecification\",\"valueRequired\":true,\"valueName\":\"search_term_string\"}}],\"inLanguage\":\"en-US\"}]}<\/script>\n<!-- \/ Yoast SEO plugin. -->","yoast_head_json":{"title":"Le Droit \u00e0 l'alimentation \u00e0 l'\u00e9preuve des crises alimentaires - Alternative Espaces Citoyens","robots":{"index":"index","follow":"follow","max-snippet":"max-snippet:-1","max-image-preview":"max-image-preview:large","max-video-preview":"max-video-preview:-1"},"canonical":"https:\/\/aecniger.org\/index.php\/document\/le-droit-a-lalimentation-a-lepreuve-des-crises-alimentaires\/","og_locale":"en_US","og_type":"article","og_title":"Le Droit \u00e0 l'alimentation \u00e0 l'\u00e9preuve des crises alimentaires - Alternative Espaces Citoyens","og_description":"Au cours de l\u2019ann\u00e9e 2012, le Niger a enregistr\u00e9, pour la troisi\u00e8me fois en l\u2019espace d\u2019une d\u00e9cennie, une crise alimentaire affectant une proportion de la population sup\u00e9rieure \u00e0 trois (3) millions de personnes. Les r\u00e9sultats de l\u2019enqu\u00eate sur la vuln\u00e9- rabilit\u00e9 des m\u00e9nages \u00e0 l\u2019ins\u00e9curit\u00e9 alimentaire, conduite en novembre 2011 par le CC\/SAP et l\u2019INS, indiquaient que 34,9% des m\u00e9nages, soit 5 458 871 personnes, \u00e9taient dans une situation d\u2019ins\u00e9curit\u00e9 alimentaire, dont 8,5% (1 324 435 personnes) en ins\u00e9curit\u00e9 alimentaire s\u00e9v\u00e8re et 26,4% (4 134 436 personnes) en ins\u00e9curit\u00e9 alimentaire mod\u00e9r\u00e9e.","og_url":"https:\/\/aecniger.org\/index.php\/document\/le-droit-a-lalimentation-a-lepreuve-des-crises-alimentaires\/","og_site_name":"Alternative Espaces Citoyens","article_modified_time":"2026-08-10T14:26:18+00:00","og_image":[{"width":609,"height":794,"url":"https:\/\/aecniger.org\/wp-content\/uploads\/2026\/08\/Droit_Alimentation_a_L_Epreuve_des_Crises.jpg","type":"image\/jpeg"}],"twitter_card":"summary_large_image","twitter_misc":{"Est. reading time":"1 minute"},"schema":{"@context":"https:\/\/schema.org","@graph":[{"@type":"WebPage","@id":"https:\/\/aecniger.org\/index.php\/document\/le-droit-a-lalimentation-a-lepreuve-des-crises-alimentaires\/","url":"https:\/\/aecniger.org\/index.php\/document\/le-droit-a-lalimentation-a-lepreuve-des-crises-alimentaires\/","name":"Le Droit \u00e0 l'alimentation \u00e0 l'\u00e9preuve des crises alimentaires - Alternative Espaces Citoyens","isPartOf":{"@id":"https:\/\/aecniger.org\/#website"},"primaryImageOfPage":{"@id":"https:\/\/aecniger.org\/index.php\/document\/le-droit-a-lalimentation-a-lepreuve-des-crises-alimentaires\/#primaryimage"},"image":{"@id":"https:\/\/aecniger.org\/index.php\/document\/le-droit-a-lalimentation-a-lepreuve-des-crises-alimentaires\/#primaryimage"},"thumbnailUrl":"https:\/\/aecniger.org\/wp-content\/uploads\/2026\/08\/Droit_Alimentation_a_L_Epreuve_des_Crises.jpg","datePublished":"2013-05-07T11:12:00+00:00","dateModified":"2026-08-10T14:26:18+00:00","breadcrumb":{"@id":"https:\/\/aecniger.org\/index.php\/document\/le-droit-a-lalimentation-a-lepreuve-des-crises-alimentaires\/#breadcrumb"},"inLanguage":"en-US","potentialAction":[{"@type":"ReadAction","target":["https:\/\/aecniger.org\/index.php\/document\/le-droit-a-lalimentation-a-lepreuve-des-crises-alimentaires\/"]}]},{"@type":"ImageObject","inLanguage":"en-US","@id":"https:\/\/aecniger.org\/index.php\/document\/le-droit-a-lalimentation-a-lepreuve-des-crises-alimentaires\/#primaryimage","url":"https:\/\/aecniger.org\/wp-content\/uploads\/2026\/08\/Droit_Alimentation_a_L_Epreuve_des_Crises.jpg","contentUrl":"https:\/\/aecniger.org\/wp-content\/uploads\/2026\/08\/Droit_Alimentation_a_L_Epreuve_des_Crises.jpg","width":609,"height":794},{"@type":"BreadcrumbList","@id":"https:\/\/aecniger.org\/index.php\/document\/le-droit-a-lalimentation-a-lepreuve-des-crises-alimentaires\/#breadcrumb","itemListElement":[{"@type":"ListItem","position":1,"name":"Home","item":"https:\/\/aecniger.org\/"},{"@type":"ListItem","position":2,"name":"Le Droit \u00e0 l&rsquo;alimentation \u00e0 l&rsquo;\u00e9preuve des crises alimentaires"}]},{"@type":"WebSite","@id":"https:\/\/aecniger.org\/#website","url":"https:\/\/aecniger.org\/","name":"Alternative Espaces Citoyens","description":"Ouvrir les portes de l&#039;avenir","potentialAction":[{"@type":"SearchAction","target":{"@type":"EntryPoint","urlTemplate":"https:\/\/aecniger.org\/?s={search_term_string}"},"query-input":{"@type":"PropertyValueSpecification","valueRequired":true,"valueName":"search_term_string"}}],"inLanguage":"en-US"}]}},"_links":{"self":[{"href":"https:\/\/aecniger.org\/index.php\/wp-json\/wp\/v2\/filedeck_document\/429","targetHints":{"allow":["GET"]}}],"collection":[{"href":"https:\/\/aecniger.org\/index.php\/wp-json\/wp\/v2\/filedeck_document"}],"about":[{"href":"https:\/\/aecniger.org\/index.php\/wp-json\/wp\/v2\/types\/filedeck_document"}],"author":[{"embeddable":true,"href":"https:\/\/aecniger.org\/index.php\/wp-json\/wp\/v2\/users\/1"}],"wp:featuredmedia":[{"embeddable":true,"href":"https:\/\/aecniger.org\/index.php\/wp-json\/wp\/v2\/media\/430"}],"wp:attachment":[{"href":"https:\/\/aecniger.org\/index.php\/wp-json\/wp\/v2\/media?parent=429"}],"wp:term":[{"taxonomy":"filedeck_category","embeddable":true,"href":"https:\/\/aecniger.org\/index.php\/wp-json\/wp\/v2\/filedeck_category?post=429"},{"taxonomy":"filedeck_tag","embeddable":true,"href":"https:\/\/aecniger.org\/index.php\/wp-json\/wp\/v2\/filedeck_tag?post=429"}],"curies":[{"name":"wp","href":"https:\/\/api.w.org\/{rel}","templated":true}]}}