{"id":374,"date":"2026-08-05T18:45:27","date_gmt":"2026-08-05T16:45:27","guid":{"rendered":"https:\/\/aecniger.org\/?post_type=filedeck_document&#038;p=374"},"modified":"2026-08-10T16:22:56","modified_gmt":"2026-08-10T14:22:56","slug":"agir-en-faveur-du-droit-a-lalimentation","status":"publish","type":"filedeck_document","link":"https:\/\/aecniger.org\/index.php\/document\/agir-en-faveur-du-droit-a-lalimentation\/","title":{"rendered":"Agir en faveur du droit \u00e0 l&#8217;alimentation"},"content":{"rendered":"","protected":false},"excerpt":{"rendered":"<p>GUIDE D\u2019INFORMATION ET D\u2019ACTION \u00c0 L\u2019ATTENTION DES ACTEURS DE LA SOCI\u00c9T\u00c9 CIVILE SAH\u00c9LIENNE<br \/>\nAuteurs<br \/>\nSaidou Arji<br \/>\nMoussa Tchangari<br \/>\nRelecture<br \/>\nAbdourahamane Ousmane<br \/>\nBadi\u00e9 Hima<br \/>\nGraphisme de couverture<br \/>\nWilfrid Mama<br \/>\nOctobre 2008<\/p>\n","protected":false},"author":1,"featured_media":71,"template":"","filedeck_category":[24,74],"filedeck_tag":[25],"class_list":["post-374","filedeck_document","type-filedeck_document","status-publish","has-post-thumbnail","hentry","filedeck_category-alimentation","filedeck_category-publication","filedeck_tag-alimentation","entry","has-media"],"yoast_head":"<!-- This site is optimized with the Yoast SEO plugin v28.4 - https:\/\/yoast.com\/product\/yoast-seo-wordpress\/ -->\n<title>Agir en faveur du droit \u00e0 l&#039;alimentation - Alternative Espaces Citoyens<\/title>\n<meta name=\"robots\" content=\"index, follow, max-snippet:-1, max-image-preview:large, max-video-preview:-1\" \/>\n<link rel=\"canonical\" href=\"https:\/\/aecniger.org\/index.php\/document\/agir-en-faveur-du-droit-a-lalimentation\/\" \/>\n<meta property=\"og:locale\" content=\"en_US\" \/>\n<meta property=\"og:type\" content=\"article\" \/>\n<meta property=\"og:title\" content=\"Agir en faveur du droit \u00e0 l&#039;alimentation - Alternative Espaces Citoyens\" \/>\n<meta property=\"og:description\" content=\"GUIDE D\u2019INFORMATION ET D\u2019ACTION \u00c0 L\u2019ATTENTION DES ACTEURS DE LA SOCI\u00c9T\u00c9 CIVILE SAH\u00c9LIENNE Auteurs Saidou Arji Moussa Tchangari Relecture Abdourahamane Ousmane Badi\u00e9 Hima Graphisme de couverture Wilfrid Mama Octobre 2008\" \/>\n<meta property=\"og:url\" content=\"https:\/\/aecniger.org\/index.php\/document\/agir-en-faveur-du-droit-a-lalimentation\/\" \/>\n<meta property=\"og:site_name\" content=\"Alternative Espaces Citoyens\" \/>\n<meta property=\"article:modified_time\" content=\"2026-08-10T14:22:56+00:00\" \/>\n<meta property=\"og:image\" content=\"https:\/\/aecniger.org\/wp-content\/uploads\/2026\/07\/Agir-en-faveur-du-droit-a-l-alimentation-Copie.jpg\" \/>\n\t<meta property=\"og:image:width\" content=\"140\" \/>\n\t<meta property=\"og:image:height\" content=\"182\" \/>\n\t<meta property=\"og:image:type\" content=\"image\/jpeg\" \/>\n<meta name=\"twitter:card\" content=\"summary_large_image\" \/>\n<meta name=\"twitter:label1\" content=\"Est. reading time\" \/>\n\t<meta name=\"twitter:data1\" content=\"1 minute\" \/>\n<script type=\"application\/ld+json\" class=\"yoast-schema-graph\">{\"@context\":\"https:\\\/\\\/schema.org\",\"@graph\":[{\"@type\":\"WebPage\",\"@id\":\"https:\\\/\\\/aecniger.org\\\/index.php\\\/document\\\/agir-en-faveur-du-droit-a-lalimentation\\\/\",\"url\":\"https:\\\/\\\/aecniger.org\\\/index.php\\\/document\\\/agir-en-faveur-du-droit-a-lalimentation\\\/\",\"name\":\"Agir en faveur du droit \u00e0 l'alimentation - Alternative Espaces Citoyens\",\"isPartOf\":{\"@id\":\"https:\\\/\\\/aecniger.org\\\/#website\"},\"primaryImageOfPage\":{\"@id\":\"https:\\\/\\\/aecniger.org\\\/index.php\\\/document\\\/agir-en-faveur-du-droit-a-lalimentation\\\/#primaryimage\"},\"image\":{\"@id\":\"https:\\\/\\\/aecniger.org\\\/index.php\\\/document\\\/agir-en-faveur-du-droit-a-lalimentation\\\/#primaryimage\"},\"thumbnailUrl\":\"https:\\\/\\\/aecniger.org\\\/wp-content\\\/uploads\\\/2026\\\/07\\\/Agir-en-faveur-du-droit-a-l-alimentation-Copie.jpg\",\"datePublished\":\"2026-08-05T16:45:27+00:00\",\"dateModified\":\"2026-08-10T14:22:56+00:00\",\"breadcrumb\":{\"@id\":\"https:\\\/\\\/aecniger.org\\\/index.php\\\/document\\\/agir-en-faveur-du-droit-a-lalimentation\\\/#breadcrumb\"},\"inLanguage\":\"en-US\",\"potentialAction\":[{\"@type\":\"ReadAction\",\"target\":[\"https:\\\/\\\/aecniger.org\\\/index.php\\\/document\\\/agir-en-faveur-du-droit-a-lalimentation\\\/\"]}]},{\"@type\":\"ImageObject\",\"inLanguage\":\"en-US\",\"@id\":\"https:\\\/\\\/aecniger.org\\\/index.php\\\/document\\\/agir-en-faveur-du-droit-a-lalimentation\\\/#primaryimage\",\"url\":\"https:\\\/\\\/aecniger.org\\\/wp-content\\\/uploads\\\/2026\\\/07\\\/Agir-en-faveur-du-droit-a-l-alimentation-Copie.jpg\",\"contentUrl\":\"https:\\\/\\\/aecniger.org\\\/wp-content\\\/uploads\\\/2026\\\/07\\\/Agir-en-faveur-du-droit-a-l-alimentation-Copie.jpg\",\"width\":140,\"height\":182},{\"@type\":\"BreadcrumbList\",\"@id\":\"https:\\\/\\\/aecniger.org\\\/index.php\\\/document\\\/agir-en-faveur-du-droit-a-lalimentation\\\/#breadcrumb\",\"itemListElement\":[{\"@type\":\"ListItem\",\"position\":1,\"name\":\"Home\",\"item\":\"https:\\\/\\\/aecniger.org\\\/\"},{\"@type\":\"ListItem\",\"position\":2,\"name\":\"Agir en faveur du droit \u00e0 l&rsquo;alimentation\"}]},{\"@type\":\"WebSite\",\"@id\":\"https:\\\/\\\/aecniger.org\\\/#website\",\"url\":\"https:\\\/\\\/aecniger.org\\\/\",\"name\":\"Alternative Espaces Citoyens\",\"description\":\"Ouvrir les portes de l&#039;avenir\",\"potentialAction\":[{\"@type\":\"SearchAction\",\"target\":{\"@type\":\"EntryPoint\",\"urlTemplate\":\"https:\\\/\\\/aecniger.org\\\/?s={search_term_string}\"},\"query-input\":{\"@type\":\"PropertyValueSpecification\",\"valueRequired\":true,\"valueName\":\"search_term_string\"}}],\"inLanguage\":\"en-US\"}]}<\/script>\n<!-- \/ Yoast SEO plugin. -->","yoast_head_json":{"title":"Agir en faveur du droit \u00e0 l'alimentation - Alternative Espaces Citoyens","robots":{"index":"index","follow":"follow","max-snippet":"max-snippet:-1","max-image-preview":"max-image-preview:large","max-video-preview":"max-video-preview:-1"},"canonical":"https:\/\/aecniger.org\/index.php\/document\/agir-en-faveur-du-droit-a-lalimentation\/","og_locale":"en_US","og_type":"article","og_title":"Agir en faveur du droit \u00e0 l'alimentation - Alternative Espaces Citoyens","og_description":"GUIDE D\u2019INFORMATION ET D\u2019ACTION \u00c0 L\u2019ATTENTION DES ACTEURS DE LA SOCI\u00c9T\u00c9 CIVILE SAH\u00c9LIENNE Auteurs Saidou Arji Moussa Tchangari Relecture Abdourahamane Ousmane Badi\u00e9 Hima Graphisme de couverture Wilfrid Mama Octobre 2008","og_url":"https:\/\/aecniger.org\/index.php\/document\/agir-en-faveur-du-droit-a-lalimentation\/","og_site_name":"Alternative Espaces Citoyens","article_modified_time":"2026-08-10T14:22:56+00:00","og_image":[{"width":140,"height":182,"url":"https:\/\/aecniger.org\/wp-content\/uploads\/2026\/07\/Agir-en-faveur-du-droit-a-l-alimentation-Copie.jpg","type":"image\/jpeg"}],"twitter_card":"summary_large_image","twitter_misc":{"Est. reading time":"1 minute"},"schema":{"@context":"https:\/\/schema.org","@graph":[{"@type":"WebPage","@id":"https:\/\/aecniger.org\/index.php\/document\/agir-en-faveur-du-droit-a-lalimentation\/","url":"https:\/\/aecniger.org\/index.php\/document\/agir-en-faveur-du-droit-a-lalimentation\/","name":"Agir en faveur du droit \u00e0 l'alimentation - Alternative Espaces Citoyens","isPartOf":{"@id":"https:\/\/aecniger.org\/#website"},"primaryImageOfPage":{"@id":"https:\/\/aecniger.org\/index.php\/document\/agir-en-faveur-du-droit-a-lalimentation\/#primaryimage"},"image":{"@id":"https:\/\/aecniger.org\/index.php\/document\/agir-en-faveur-du-droit-a-lalimentation\/#primaryimage"},"thumbnailUrl":"https:\/\/aecniger.org\/wp-content\/uploads\/2026\/07\/Agir-en-faveur-du-droit-a-l-alimentation-Copie.jpg","datePublished":"2026-08-05T16:45:27+00:00","dateModified":"2026-08-10T14:22:56+00:00","breadcrumb":{"@id":"https:\/\/aecniger.org\/index.php\/document\/agir-en-faveur-du-droit-a-lalimentation\/#breadcrumb"},"inLanguage":"en-US","potentialAction":[{"@type":"ReadAction","target":["https:\/\/aecniger.org\/index.php\/document\/agir-en-faveur-du-droit-a-lalimentation\/"]}]},{"@type":"ImageObject","inLanguage":"en-US","@id":"https:\/\/aecniger.org\/index.php\/document\/agir-en-faveur-du-droit-a-lalimentation\/#primaryimage","url":"https:\/\/aecniger.org\/wp-content\/uploads\/2026\/07\/Agir-en-faveur-du-droit-a-l-alimentation-Copie.jpg","contentUrl":"https:\/\/aecniger.org\/wp-content\/uploads\/2026\/07\/Agir-en-faveur-du-droit-a-l-alimentation-Copie.jpg","width":140,"height":182},{"@type":"BreadcrumbList","@id":"https:\/\/aecniger.org\/index.php\/document\/agir-en-faveur-du-droit-a-lalimentation\/#breadcrumb","itemListElement":[{"@type":"ListItem","position":1,"name":"Home","item":"https:\/\/aecniger.org\/"},{"@type":"ListItem","position":2,"name":"Agir en faveur du droit \u00e0 l&rsquo;alimentation"}]},{"@type":"WebSite","@id":"https:\/\/aecniger.org\/#website","url":"https:\/\/aecniger.org\/","name":"Alternative Espaces Citoyens","description":"Ouvrir les portes de l&#039;avenir","potentialAction":[{"@type":"SearchAction","target":{"@type":"EntryPoint","urlTemplate":"https:\/\/aecniger.org\/?s={search_term_string}"},"query-input":{"@type":"PropertyValueSpecification","valueRequired":true,"valueName":"search_term_string"}}],"inLanguage":"en-US"}]}},"_links":{"self":[{"href":"https:\/\/aecniger.org\/index.php\/wp-json\/wp\/v2\/filedeck_document\/374","targetHints":{"allow":["GET"]}}],"collection":[{"href":"https:\/\/aecniger.org\/index.php\/wp-json\/wp\/v2\/filedeck_document"}],"about":[{"href":"https:\/\/aecniger.org\/index.php\/wp-json\/wp\/v2\/types\/filedeck_document"}],"author":[{"embeddable":true,"href":"https:\/\/aecniger.org\/index.php\/wp-json\/wp\/v2\/users\/1"}],"wp:featuredmedia":[{"embeddable":true,"href":"https:\/\/aecniger.org\/index.php\/wp-json\/wp\/v2\/media\/71"}],"wp:attachment":[{"href":"https:\/\/aecniger.org\/index.php\/wp-json\/wp\/v2\/media?parent=374"}],"wp:term":[{"taxonomy":"filedeck_category","embeddable":true,"href":"https:\/\/aecniger.org\/index.php\/wp-json\/wp\/v2\/filedeck_category?post=374"},{"taxonomy":"filedeck_tag","embeddable":true,"href":"https:\/\/aecniger.org\/index.php\/wp-json\/wp\/v2\/filedeck_tag?post=374"}],"curies":[{"name":"wp","href":"https:\/\/api.w.org\/{rel}","templated":true}]}}