{"version":"1.0","provider_name":"Alternative Espaces Citoyens","provider_url":"https:\/\/aecniger.org","author_name":"admin","author_url":"https:\/\/aecniger.org\/index.php\/author\/admin\/","title":"Rapport Journ\u00e9es de R\u00e9flexion sur la Transition - Alternative Espaces Citoyens","type":"rich","width":600,"height":338,"html":"<blockquote class=\"wp-embedded-content\" data-secret=\"tV740wFiKP\"><a href=\"https:\/\/aecniger.org\/index.php\/document\/rapport-journees-de-reflexion-sur-la-transition\/\">Rapport Journ\u00e9es de R\u00e9flexion sur la Transition<\/a><\/blockquote><iframe sandbox=\"allow-scripts\" security=\"restricted\" src=\"https:\/\/aecniger.org\/index.php\/document\/rapport-journees-de-reflexion-sur-la-transition\/embed\/#?secret=tV740wFiKP\" width=\"600\" height=\"338\" title=\"&#8220;Rapport Journ\u00e9es de R\u00e9flexion sur la Transition&#8221; &#8212; Alternative Espaces Citoyens\" data-secret=\"tV740wFiKP\" frameborder=\"0\" marginwidth=\"0\" marginheight=\"0\" scrolling=\"no\" class=\"wp-embedded-content\"><\/iframe><script>\n\/*! This file is auto-generated *\/\n!function(d,l){\"use strict\";l.querySelector&&d.addEventListener&&\"undefined\"!=typeof URL&&(d.wp=d.wp||{},d.wp.receiveEmbedMessage||(d.wp.receiveEmbedMessage=function(e){var t=e.data;if((t||t.secret||t.message||t.value)&&!\/[^a-zA-Z0-9]\/.test(t.secret)){for(var s,r,n,a=l.querySelectorAll('iframe[data-secret=\"'+t.secret+'\"]'),o=l.querySelectorAll('blockquote[data-secret=\"'+t.secret+'\"]'),c=new RegExp(\"^https?:$\",\"i\"),i=0;i<o.length;i++)o[i].style.display=\"none\";for(i=0;i<a.length;i++)s=a[i],e.source===s.contentWindow&&(s.removeAttribute(\"style\"),\"height\"===t.message?(1e3<(r=parseInt(t.value,10))?r=1e3:~~r<200&&(r=200),s.height=r):\"link\"===t.message&&(r=new URL(s.getAttribute(\"src\")),n=new URL(t.value),c.test(n.protocol))&&n.host===r.host&&l.activeElement===s&&(d.top.location.href=t.value))}},d.addEventListener(\"message\",d.wp.receiveEmbedMessage,!1),l.addEventListener(\"DOMContentLoaded\",function(){for(var e,t,s=l.querySelectorAll(\"iframe.wp-embedded-content\"),r=0;r<s.length;r++)(t=(e=s[r]).getAttribute(\"data-secret\"))||(t=Math.random().toString(36).substring(2,12),e.src+=\"#?secret=\"+t,e.setAttribute(\"data-secret\",t)),e.contentWindow.postMessage({message:\"ready\",secret:t},\"*\")},!1)))}(window,document);\n\/\/# sourceURL=https:\/\/aecniger.org\/wp-includes\/js\/wp-embed.min.js\n<\/script>\n","thumbnail_url":"https:\/\/aecniger.org\/wp-content\/uploads\/2026\/08\/Transition-vers-la-democratie-au-Niger.jpg","thumbnail_width":470,"thumbnail_height":649,"description":"\u00abTransition vers la d\u00e9mocratie au Niger : analyses et propositions pour b\u00e2tir un v\u00e9ritable \u00e9tat de droit et r\u00e9aliser des avanc\u00e9es d\u00e9mocratiques\u00bb Rapport de synth\u00e8se des Journ\u00e9es de r\u00e9flexion organis\u00e9es par l\u2019ANDDH et Alternative Espaces Citoyens H\u00f4tel T\u00e9n\u00e9r\u00e9, Niamey les 13 et 14 Mars 2010"}